{"id":249415,"date":"2023-03-02T09:21:10","date_gmt":"2023-03-02T09:21:10","guid":{"rendered":"https:\/\/ventje.com\/?page_id=249415"},"modified":"2023-03-24T11:08:57","modified_gmt":"2023-03-24T11:08:57","slug":"kfz-steuer-fuer-campervans","status":"publish","type":"page","link":"https:\/\/ventje.com\/de\/artikel\/kfz-steuer-fuer-campervans\/","title":{"rendered":"Kfz-Steuer f\u00fcr Campervans"},"content":{"rendered":"<p>[et_pb_section fb_built=&#8220;1&#8243; _builder_version=&#8220;4.20.0&#8243; background_image=&#8220;https:\/\/ventje.com\/wp-content\/uploads\/2023\/03\/KFC-Steuer.jpg&#8220; background_position=&#8220;top_right&#8220; background_vertical_offset=&#8220;71%&#8220; height=&#8220;450px&#8220; custom_margin=&#8220;0px||30px||false|false&#8220; custom_padding=&#8220;0px||0px||false|false&#8220; animation_style=&#8220;fade&#8220; global_colors_info=&#8220;{}&#8220;][et_pb_row make_equal=&#8220;on&#8220; _builder_version=&#8220;4.16&#8243; background_color=&#8220;rgba(0,0,0,0)&#8220; background_enable_image=&#8220;off&#8220; width=&#8220;100%&#8220; module_alignment=&#8220;center&#8220; min_height_phone=&#8220;300px&#8220; min_height_last_edited=&#8220;off|tablet&#8220; height=&#8220;500px&#8220; height_tablet=&#8220;400px&#8220; height_phone=&#8220;300px&#8220; height_last_edited=&#8220;on|phone&#8220; custom_margin=&#8220;||||false|false&#8220; custom_padding=&#8220;||||false|false&#8220; global_colors_info=&#8220;{}&#8220;][et_pb_column type=&#8220;4_4&#8243; _builder_version=&#8220;4.16&#8243; global_colors_info=&#8220;{}&#8220;][et_pb_text _builder_version=&#8220;4.20.0&#8243; text_font=&#8220;|700|||||||&#8220; header_font=&#8220;||||||||&#8220; header_text_align=&#8220;center&#8220; text_orientation=&#8220;center&#8220; background_layout=&#8220;dark&#8220; module_alignment=&#8220;center&#8220; custom_margin=&#8220;190px|0px|0px|0px|false|false&#8220; custom_margin_tablet=&#8220;190px||||false|false&#8220; custom_margin_phone=&#8220;190px||||false|false&#8220; custom_margin_last_edited=&#8220;on|desktop&#8220; custom_padding=&#8220;|0px|0px|0px|false|false&#8220; custom_padding_tablet=&#8220;25px|||0px|false|false&#8220; custom_padding_phone=&#8220;25px||||false|false&#8220; custom_padding_last_edited=&#8220;off|desktop&#8220; text_font_size_phone=&#8220;1px&#8220; text_font_size_last_edited=&#8220;off|desktop&#8220; text_line_height_last_edited=&#8220;off|desktop&#8220; header_font_size_tablet=&#8220;&#8220; header_font_size_phone=&#8220;25px&#8220; header_font_size_last_edited=&#8220;on|phone&#8220; text_text_align=&#8220;center&#8220; global_colors_info=&#8220;{}&#8220; custom_margin__hover_enabled=&#8220;off|desktop&#8220; custom_padding__hover_enabled=&#8220;off|desktop&#8220; custom_padding__hover=&#8220;|0px|0px|0px|false|false&#8220;]<\/p>\n<h1>Kfz-Steuer f\u00fcr Campervans<\/strong><\/h1>\n<p>[\/et_pb_text][\/et_pb_column][\/et_pb_row][\/et_pb_section][et_pb_section fb_built=&#8220;1&#8243; _builder_version=&#8220;4.16&#8243; custom_margin=&#8220;0px||0px||true|false&#8220; custom_padding=&#8220;0px||0px||false|false&#8220; animation_style=&#8220;fade&#8220; global_colors_info=&#8220;{}&#8220;][et_pb_row _builder_version=&#8220;4.16&#8243; background_color=&#8220;#fafafa&#8220; width=&#8220;100%&#8220; module_alignment=&#8220;center&#8220; custom_margin=&#8220;0px|0px|0px|0px|false|false&#8220; custom_padding=&#8220;0px|0px|0px|0px|false|true&#8220; global_colors_info=&#8220;{}&#8220;][et_pb_column type=&#8220;4_4&#8243; _builder_version=&#8220;4.16&#8243; global_colors_info=&#8220;{}&#8220;][et_pb_text _builder_version=&#8220;4.18.0&#8243; header_text_align=&#8220;left&#8220; header_2_font=&#8220;|700|||||||&#8220; width=&#8220;100%&#8220; module_alignment=&#8220;center&#8220; custom_margin=&#8220;30px|0px|0px|0px|false|false&#8220; custom_margin_tablet=&#8220;30px|0px|0px|0px|false|false&#8220; custom_margin_phone=&#8220;|30px|||false|false&#8220; custom_margin_last_edited=&#8220;on|phone&#8220; custom_padding=&#8220;0px|30px|15px|30px|false|false&#8220; global_colors_info=&#8220;{}&#8220;]<\/p>\n<h2><strong>Kfz-Steuer f\u00fcr Campervans<br \/><\/strong><\/h2>\n<p>Die Kraftfahrzeug(Kfz)-Steuer f\u00fcr Wohnmobile richtet sich nach dem zul\u00e4ssigen Gesamtgewicht und der Schadstoffklasse des Campervans. F\u00fcr die acht Schadstoffklassen gilt: Je h\u00f6her die Schadstoffklasse, umso niedriger ist der Steuersatz f\u00fcr dein Fahrzeug. Denn umso weniger Emissionen st\u00f6\u00dft es aus. Die Schadstoffklasse kannst du \u00fcber die Emissions-Schl\u00fcsselnummer ermitteln, die in der Zulassungsbescheinigung zu finden ist. Wichtig sind dabei die letzten beiden Ziffern.<br \/>Abh\u00e4ngig von der Schadstoffklasse berechnet sich der Steuersatz \u2013 und zwar in Schritten von 0,2 t. Je angefangene 200 kg werden f\u00fcr das Gesamtgewicht bis zu 2.000 kg je nach Schadstoffklasse zwischen 16,00 \u20ac und 40 \u20ac f\u00e4llig. F\u00fcr das Gewicht dar\u00fcber kommen 10,00 \u20ac pro angefangene 200 kg hinzu. Auf <a href=\"https:\/\/www.adac.de\/rund-ums-fahrzeug\/auto-kaufen-verkaufen\/kfz-steuer\/wohnmobil\/\">dieser<\/a> Seite findest du die Tabellen zur Ermittlung deiner Schadstoffklasse sowie zur Berechnung deines Steuersatzes gem\u00e4\u00df des zul\u00e4ssigen Gesamtgewichts.<\/p>\n<h4><strong>Wann muss Kfz-Steuer gezahlt werden? <\/strong><\/h4>\n<p>Nach der Anmeldung des Campervans bei der Zulassungsstelle erh\u00e4lt der \/ die Fahrzeugbesitzer:in innerhalb von ca. 2 Wochen per Post den Steuerbescheid mit den Angaben zur H\u00f6he der Steuer und ihrer F\u00e4lligkeit. Die Zahlung gilt immer f\u00fcr ein Jahr und muss j\u00e4hrlich zum Zulassungsdatum im Voraus f\u00fcr das Folgejahr gezahlt werden.<\/p>\n<h4><strong>Was passiert, wenn ich meine Kfz-Steuer nicht (fristgerecht) bezahle?<\/strong><\/h4>\n<p>Bei versp\u00e4teter oder nicht erfolgter Zahlung erh\u00e4ltst du zun\u00e4chst eine Mahnung. Hast du danach noch immer nicht gezahlt, schreibt das Ordnungsamt dir eine Androhung der Stilllegung deines Fahrzeugs. Reagierst du darauf nicht, wird dir das Fahren auf \u00f6ffentlichen Stra\u00dfen untersagt. Sobald du die Kfz-Steuer gezahlt hast, wird die Stilllegung aufgehoben.<\/p>\n<p>[\/et_pb_text][\/et_pb_column][\/et_pb_row][et_pb_row _builder_version=&#8220;4.20.0&#8243; width=&#8220;100%&#8220; width_tablet=&#8220;&#8220; width_phone=&#8220;&#8220; width_last_edited=&#8220;on|desktop&#8220; custom_margin=&#8220;30px|auto||auto|false|false&#8220; custom_margin_phone=&#8220;||||false|false&#8220; custom_margin_last_edited=&#8220;off|desktop&#8220; global_colors_info=&#8220;{}&#8220;][et_pb_column type=&#8220;4_4&#8243; _builder_version=&#8220;4.16&#8243; global_colors_info=&#8220;{}&#8220;][et_pb_testimonial author=&#8220;Aafke &#038; Pel&#8220; job_title=&#8220;Erfahrung lesen&#8220; url=&#8220;https:\/\/ventje.com\/de\/bei-wind-und-wetter\/&#8220; portrait_url=&#8220;https:\/\/ventje.com\/wp-content\/uploads\/2023\/01\/Albanie-april-2022.jpg&#8220; _builder_version=&#8220;4.20.0&#8243; body_text_align=&#8220;center&#8220; author_text_align=&#8220;center&#8220; background_color=&#8220;#fafafa&#8220; text_orientation=&#8220;center&#8220; link_option_url=&#8220;https:\/\/ventje.com\/de\/bei-wind-und-wetter\/&#8220; custom_css_testimonial_description=&#8220;margin-right: 140px;&#8220; custom_css_testimonial_author=&#8220;font-weight: bold;&#8220; custom_css_testimonial_meta=&#8220;color: #f3a713;&#8220; global_colors_info=&#8220;{}&#8220;]\u00dcberall, wo wir hinkommen, werden wir gefragt, ob wir unseren praktischen Ventje selbst gebaut haben. Naja nein, wir erz\u00e4hlen dann begeistert von Franks fantastischem Konzept. Nach 50 Jahren Camping mit einem Zelt passt unser Ventje perfekt zu unseren Bed\u00fcrfnissen.  Zur\u00fcck in ein Zelt? Nein, wir bleiben bei unserem Ventje![\/et_pb_testimonial][\/et_pb_column][\/et_pb_row][\/et_pb_section][et_pb_section fb_built=&#8220;1&#8243; _builder_version=&#8220;4.18.0&#8243; _module_preset=&#8220;default&#8220; custom_margin=&#8220;30px||||false|false&#8220; locked=&#8220;off&#8220; global_colors_info=&#8220;{}&#8220;][et_pb_row column_structure=&#8220;1_2,1_2&#8243; use_custom_gutter=&#8220;on&#8220; make_equal=&#8220;on&#8220; _builder_version=&#8220;4.20.0&#8243; _module_preset=&#8220;default&#8220; width=&#8220;100%&#8220; custom_margin=&#8220;||||false|false&#8220; global_colors_info=&#8220;{}&#8220;][et_pb_column type=&#8220;1_2&#8243; _builder_version=&#8220;4.20.0&#8243; _module_preset=&#8220;default&#8220; background_color=&#8220;rgba(0,0,0,0.42)&#8220; background_image=&#8220;https:\/\/ventje.com\/wp-content\/uploads\/2021\/08\/werken-scaled.jpg&#8220; background_blend=&#8220;multiply&#8220; border_width_right=&#8220;15px&#8220; border_color_right=&#8220;#FFFFFF&#8220; border_color_bottom=&#8220;#FFFFFF&#8220; border_width_right_tablet=&#8220;0px&#8220; border_width_right_phone=&#8220;0px&#8220; border_width_right_last_edited=&#8220;on|desktop&#8220; border_width_bottom_tablet=&#8220;30px&#8220; border_width_bottom_phone=&#8220;30px&#8220; border_width_bottom_last_edited=&#8220;on|tablet&#8220; global_colors_info=&#8220;{}&#8220; background__hover_enabled=&#8220;off|desktop&#8220;][et_pb_text _builder_version=&#8220;4.18.0&#8243; _module_preset=&#8220;default&#8220; background_layout=&#8220;dark&#8220; height=&#8220;550px&#8220; height_tablet=&#8220;450px&#8220; height_phone=&#8220;350px&#8220; height_last_edited=&#8220;on|phone&#8220; custom_margin=&#8220;||||false|false&#8220; custom_padding=&#8220;50px|35px|50px|35px|true|true&#8220; global_colors_info=&#8220;{}&#8220;]<\/p>\n<h1 style=\"text-align: center;\"><strong>Mobiles B\u00fcro.<br \/><\/strong><\/h1>\n<p style=\"text-align: center;\">Mit Ventje zur Arbeit &#8230; oder arbeiten im Ventje.<\/p>\n<p style=\"text-align: center;\"><strong><a href=\"https:\/\/ventje.com\/de\/innenausbau\/mobiles-buero\/\">Mehr lesen &gt;<\/a><\/strong><\/p>\n<p><strong><a href=\"https:\/\/ventje.com\/de\/innenausbau\/mobiles-buero\/\"><\/a><\/strong><\/p>\n<p>[\/et_pb_text][\/et_pb_column][et_pb_column type=&#8220;1_2&#8243; _builder_version=&#8220;4.20.0&#8243; _module_preset=&#8220;default&#8220; background_color=&#8220;rgba(0,0,0,0.42)&#8220; background_image=&#8220;https:\/\/ventje.com\/wp-content\/uploads\/2021\/08\/buitenspelen.jpg&#8220; background_blend=&#8220;multiply&#8220; border_width_left=&#8220;15px&#8220; border_color_left=&#8220;#FFFFFF&#8220; border_width_left_tablet=&#8220;0px&#8220; border_width_left_phone=&#8220;15px&#8220; border_width_left_last_edited=&#8220;on|desktop&#8220; global_colors_info=&#8220;{}&#8220; background__hover_enabled=&#8220;off|hover&#8220;][et_pb_text _builder_version=&#8220;4.18.0&#8243; _module_preset=&#8220;default&#8220; height=&#8220;550px&#8220; height_tablet=&#8220;450px&#8220; height_phone=&#8220;350px&#8220; height_last_edited=&#8220;on|desktop&#8220; custom_margin=&#8220;50px||||false|false&#8220; global_colors_info=&#8220;{}&#8220;]<\/p>\n<h1 style=\"text-align: center;\"><strong><span style=\"color: #ffffff;\">Reisespiele.<\/span><\/strong><\/h1>\n<p style=\"text-align: center;\"><span style=\"color: #ffffff;\"><span style=\"font-size: large;\">Das Beste f\u00fcr unterwegs.<br \/><\/span><\/span><\/p>\n<p style=\"text-align: center;\"><a class=\"link\" href=\"https:\/\/ventje.com\/de\/artikel\/reisespiele\/\">Mehr lesen &gt;<\/a><\/p>\n<p>[\/et_pb_text][\/et_pb_column][\/et_pb_row][\/et_pb_section][et_pb_section fb_built=&#8220;1&#8243; _builder_version=&#8220;4.18.0&#8243; custom_margin=&#8220;30px||0px||false|false&#8220; custom_padding=&#8220;0px||0px|||&#8220; global_colors_info=&#8220;{}&#8220;][et_pb_row _builder_version=&#8220;4.18.0&#8243; background_enable_color=&#8220;off&#8220; custom_margin=&#8220;|auto||auto|false|false&#8220; custom_padding=&#8220;||||false|false&#8220; global_colors_info=&#8220;{}&#8220;][et_pb_column type=&#8220;4_4&#8243; _builder_version=&#8220;4.16&#8243; global_colors_info=&#8220;{}&#8220;][et_pb_button button_url=&#8220;@ET-DC@eyJkeW5hbWljIjp0cnVlLCJjb250ZW50IjoicG9zdF9saW5rX3VybF9wYWdlIiwic2V0dGluZ3MiOnsicG9zdF9pZCI6IjE5MyJ9fQ==@&#8220; button_text=&#8220;Zur\u00fcck zur \u00dcbersicht&#8220; button_alignment=&#8220;center&#8220; button_alignment_tablet=&#8220;&#8220; button_alignment_phone=&#8220;&#8220; button_alignment_last_edited=&#8220;on|desktop&#8220; _builder_version=&#8220;4.18.0&#8243; _dynamic_attributes=&#8220;button_url&#8220; custom_button=&#8220;on&#8220; button_icon=&#8220;&#x44;||divi||400&#8243; button_icon_placement=&#8220;left&#8220; custom_margin_tablet=&#8220;||30px||false|false&#8220; custom_margin_phone=&#8220;||0px||false|false&#8220; custom_margin_last_edited=&#8220;on|tablet&#8220; custom_padding=&#8220;||||false|false&#8220; custom_padding_tablet=&#8220;||||false|false&#8220; custom_padding_phone=&#8220;||||false|false&#8220; custom_padding_last_edited=&#8220;on|desktop&#8220; hover_transition_speed_curve=&#8220;ease-in-out&#8220; custom_css_before=&#8220;||&#8220; custom_css_main_element=&#8220;width: 100%;||text-align: center;||&#8220; custom_css_after=&#8220;||&#8220; global_colors_info=&#8220;{}&#8220;][\/et_pb_button][\/et_pb_column][\/et_pb_row][\/et_pb_section]<\/p>\n","protected":false},"excerpt":{"rendered":"<p>Kfz-Steuer f\u00fcr CampervansKfz-Steuer f\u00fcr Campervans Die Kraftfahrzeug(Kfz)-Steuer f\u00fcr Wohnmobile richtet sich nach dem zul\u00e4ssigen Gesamtgewicht und der Schadstoffklasse des Campervans. F\u00fcr die acht Schadstoffklassen gilt: Je h\u00f6her die Schadstoffklasse, umso niedriger ist der Steuersatz f\u00fcr dein Fahrzeug. Denn umso weniger Emissionen st\u00f6\u00dft es aus. Die Schadstoffklasse kannst du \u00fcber die Emissions-Schl\u00fcsselnummer ermitteln, die in der [&hellip;]<\/p>\n","protected":false},"author":7,"featured_media":0,"parent":45254,"menu_order":0,"comment_status":"closed","ping_status":"closed","template":"","meta":{"_acf_changed":false,"_et_pb_use_builder":"on","_et_pb_old_content":"","_et_gb_content_width":"","footnotes":""},"class_list":["post-249415","page","type-page","status-publish","hentry"],"acf":[],"yoast_head":"<!-- This site is optimized with the Yoast SEO plugin v27.5 - https:\/\/yoast.com\/product\/yoast-seo-wordpress\/ -->\n<title>KfZ-Steuer Wohnmobil - Was ist das? - Ventje Camper<\/title>\n<meta name=\"description\" content=\"Was ist die Wohnmobil-Steuer und wann f\u00e4llt man darunter? Lies hier alles, was du \u00fcber die Kfz-Steuer f\u00fcr deinen Campervan wissen musst.\" \/>\n<meta name=\"robots\" content=\"index, follow, max-snippet:-1, max-image-preview:large, max-video-preview:-1\" \/>\n<link rel=\"canonical\" href=\"https:\/\/ventje.com\/de\/artikel\/kfz-steuer-fuer-campervans\/\" \/>\n<meta property=\"og:locale\" content=\"de_DE\" \/>\n<meta property=\"og:type\" content=\"article\" \/>\n<meta property=\"og:title\" content=\"KfZ-Steuer Wohnmobil - Was ist das? - Ventje Camper\" \/>\n<meta property=\"og:description\" content=\"Was ist die Wohnmobil-Steuer und wann f\u00e4llt man darunter? Lies hier alles, was du \u00fcber die Kfz-Steuer f\u00fcr deinen Campervan wissen musst.\" \/>\n<meta property=\"og:url\" content=\"https:\/\/ventje.com\/de\/artikel\/kfz-steuer-fuer-campervans\/\" \/>\n<meta property=\"og:site_name\" content=\"Ventje\" \/>\n<meta property=\"article:publisher\" content=\"https:\/\/www.facebook.com\/ventjecamper\/\" \/>\n<meta property=\"article:modified_time\" content=\"2023-03-24T11:08:57+00:00\" \/>\n<script type=\"application\/ld+json\" class=\"yoast-schema-graph\">{\"@context\":\"https:\\\/\\\/schema.org\",\"@graph\":[{\"@type\":\"WebPage\",\"@id\":\"https:\\\/\\\/ventje.com\\\/de\\\/artikel\\\/kfz-steuer-fuer-campervans\\\/\",\"url\":\"https:\\\/\\\/ventje.com\\\/de\\\/artikel\\\/kfz-steuer-fuer-campervans\\\/\",\"name\":\"KfZ-Steuer Wohnmobil - Was ist das? - Ventje Camper\",\"isPartOf\":{\"@id\":\"https:\\\/\\\/ventje.com\\\/de\\\/#website\"},\"datePublished\":\"2023-03-02T09:21:10+00:00\",\"dateModified\":\"2023-03-24T11:08:57+00:00\",\"description\":\"Was ist die Wohnmobil-Steuer und wann f\u00e4llt man darunter? Lies hier alles, was du \u00fcber die Kfz-Steuer f\u00fcr deinen Campervan wissen musst.\",\"breadcrumb\":{\"@id\":\"https:\\\/\\\/ventje.com\\\/de\\\/artikel\\\/kfz-steuer-fuer-campervans\\\/#breadcrumb\"},\"inLanguage\":\"de\",\"potentialAction\":[{\"@type\":\"ReadAction\",\"target\":[\"https:\\\/\\\/ventje.com\\\/de\\\/artikel\\\/kfz-steuer-fuer-campervans\\\/\"]}]},{\"@type\":\"BreadcrumbList\",\"@id\":\"https:\\\/\\\/ventje.com\\\/de\\\/artikel\\\/kfz-steuer-fuer-campervans\\\/#breadcrumb\",\"itemListElement\":[{\"@type\":\"ListItem\",\"position\":1,\"name\":\"Home\",\"item\":\"https:\\\/\\\/ventje.com\\\/de\\\/\"},{\"@type\":\"ListItem\",\"position\":2,\"name\":\"Artikel\",\"item\":\"https:\\\/\\\/ventje.com\\\/de\\\/artikel\\\/\"},{\"@type\":\"ListItem\",\"position\":3,\"name\":\"Kfz-Steuer f\u00fcr Campervans\"}]},{\"@type\":\"WebSite\",\"@id\":\"https:\\\/\\\/ventje.com\\\/de\\\/#website\",\"url\":\"https:\\\/\\\/ventje.com\\\/de\\\/\",\"name\":\"Ventje\",\"description\":\"Ultieme vrijheid staat voor de deur.\",\"publisher\":{\"@id\":\"https:\\\/\\\/ventje.com\\\/de\\\/#organization\"},\"potentialAction\":[{\"@type\":\"SearchAction\",\"target\":{\"@type\":\"EntryPoint\",\"urlTemplate\":\"https:\\\/\\\/ventje.com\\\/de\\\/?s={search_term_string}\"},\"query-input\":{\"@type\":\"PropertyValueSpecification\",\"valueRequired\":true,\"valueName\":\"search_term_string\"}}],\"inLanguage\":\"de\"},{\"@type\":\"Organization\",\"@id\":\"https:\\\/\\\/ventje.com\\\/de\\\/#organization\",\"name\":\"Ventje\",\"url\":\"https:\\\/\\\/ventje.com\\\/de\\\/\",\"logo\":{\"@type\":\"ImageObject\",\"inLanguage\":\"de\",\"@id\":\"https:\\\/\\\/ventje.com\\\/de\\\/#\\\/schema\\\/logo\\\/image\\\/\",\"url\":\"\",\"contentUrl\":\"\",\"caption\":\"Ventje\"},\"image\":{\"@id\":\"https:\\\/\\\/ventje.com\\\/de\\\/#\\\/schema\\\/logo\\\/image\\\/\"},\"sameAs\":[\"https:\\\/\\\/www.facebook.com\\\/ventjecamper\\\/\",\"https:\\\/\\\/www.instagram.com\\\/ventje_camper\\\/\"]}]}<\/script>\n<!-- \/ Yoast SEO plugin. -->","yoast_head_json":{"title":"KfZ-Steuer Wohnmobil - Was ist das? - Ventje Camper","description":"Was ist die Wohnmobil-Steuer und wann f\u00e4llt man darunter? Lies hier alles, was du \u00fcber die Kfz-Steuer f\u00fcr deinen Campervan wissen musst.","robots":{"index":"index","follow":"follow","max-snippet":"max-snippet:-1","max-image-preview":"max-image-preview:large","max-video-preview":"max-video-preview:-1"},"canonical":"https:\/\/ventje.com\/de\/artikel\/kfz-steuer-fuer-campervans\/","og_locale":"de_DE","og_type":"article","og_title":"KfZ-Steuer Wohnmobil - Was ist das? - Ventje Camper","og_description":"Was ist die Wohnmobil-Steuer und wann f\u00e4llt man darunter? Lies hier alles, was du \u00fcber die Kfz-Steuer f\u00fcr deinen Campervan wissen musst.","og_url":"https:\/\/ventje.com\/de\/artikel\/kfz-steuer-fuer-campervans\/","og_site_name":"Ventje","article_publisher":"https:\/\/www.facebook.com\/ventjecamper\/","article_modified_time":"2023-03-24T11:08:57+00:00","schema":{"@context":"https:\/\/schema.org","@graph":[{"@type":"WebPage","@id":"https:\/\/ventje.com\/de\/artikel\/kfz-steuer-fuer-campervans\/","url":"https:\/\/ventje.com\/de\/artikel\/kfz-steuer-fuer-campervans\/","name":"KfZ-Steuer Wohnmobil - Was ist das? - Ventje Camper","isPartOf":{"@id":"https:\/\/ventje.com\/de\/#website"},"datePublished":"2023-03-02T09:21:10+00:00","dateModified":"2023-03-24T11:08:57+00:00","description":"Was ist die Wohnmobil-Steuer und wann f\u00e4llt man darunter? Lies hier alles, was du \u00fcber die Kfz-Steuer f\u00fcr deinen Campervan wissen musst.","breadcrumb":{"@id":"https:\/\/ventje.com\/de\/artikel\/kfz-steuer-fuer-campervans\/#breadcrumb"},"inLanguage":"de","potentialAction":[{"@type":"ReadAction","target":["https:\/\/ventje.com\/de\/artikel\/kfz-steuer-fuer-campervans\/"]}]},{"@type":"BreadcrumbList","@id":"https:\/\/ventje.com\/de\/artikel\/kfz-steuer-fuer-campervans\/#breadcrumb","itemListElement":[{"@type":"ListItem","position":1,"name":"Home","item":"https:\/\/ventje.com\/de\/"},{"@type":"ListItem","position":2,"name":"Artikel","item":"https:\/\/ventje.com\/de\/artikel\/"},{"@type":"ListItem","position":3,"name":"Kfz-Steuer f\u00fcr Campervans"}]},{"@type":"WebSite","@id":"https:\/\/ventje.com\/de\/#website","url":"https:\/\/ventje.com\/de\/","name":"Ventje","description":"Ultieme vrijheid staat voor de deur.","publisher":{"@id":"https:\/\/ventje.com\/de\/#organization"},"potentialAction":[{"@type":"SearchAction","target":{"@type":"EntryPoint","urlTemplate":"https:\/\/ventje.com\/de\/?s={search_term_string}"},"query-input":{"@type":"PropertyValueSpecification","valueRequired":true,"valueName":"search_term_string"}}],"inLanguage":"de"},{"@type":"Organization","@id":"https:\/\/ventje.com\/de\/#organization","name":"Ventje","url":"https:\/\/ventje.com\/de\/","logo":{"@type":"ImageObject","inLanguage":"de","@id":"https:\/\/ventje.com\/de\/#\/schema\/logo\/image\/","url":"","contentUrl":"","caption":"Ventje"},"image":{"@id":"https:\/\/ventje.com\/de\/#\/schema\/logo\/image\/"},"sameAs":["https:\/\/www.facebook.com\/ventjecamper\/","https:\/\/www.instagram.com\/ventje_camper\/"]}]}},"_links":{"self":[{"href":"https:\/\/ventje.com\/de\/wp-json\/wp\/v2\/pages\/249415","targetHints":{"allow":["GET"]}}],"collection":[{"href":"https:\/\/ventje.com\/de\/wp-json\/wp\/v2\/pages"}],"about":[{"href":"https:\/\/ventje.com\/de\/wp-json\/wp\/v2\/types\/page"}],"author":[{"embeddable":true,"href":"https:\/\/ventje.com\/de\/wp-json\/wp\/v2\/users\/7"}],"replies":[{"embeddable":true,"href":"https:\/\/ventje.com\/de\/wp-json\/wp\/v2\/comments?post=249415"}],"version-history":[{"count":9,"href":"https:\/\/ventje.com\/de\/wp-json\/wp\/v2\/pages\/249415\/revisions"}],"predecessor-version":[{"id":250530,"href":"https:\/\/ventje.com\/de\/wp-json\/wp\/v2\/pages\/249415\/revisions\/250530"}],"up":[{"embeddable":true,"href":"https:\/\/ventje.com\/de\/wp-json\/wp\/v2\/pages\/45254"}],"wp:attachment":[{"href":"https:\/\/ventje.com\/de\/wp-json\/wp\/v2\/media?parent=249415"}],"curies":[{"name":"wp","href":"https:\/\/api.w.org\/{rel}","templated":true}]}}