{"id":277253,"date":"2023-06-08T09:24:31","date_gmt":"2023-06-08T07:24:31","guid":{"rendered":"https:\/\/ventje.com\/artikel\/eventje\/"},"modified":"2025-10-28T07:52:54","modified_gmt":"2025-10-28T07:52:54","slug":"eventje","status":"publish","type":"page","link":"https:\/\/ventje.com\/de\/artikel\/eventje\/","title":{"rendered":"eVentje ID. Buzz camper"},"content":{"rendered":"<p>[et_pb_section fb_built=&#8220;1&#8243; _builder_version=&#8220;4.23.1&#8243; background_enable_color=&#8220;off&#8220; use_background_color_gradient=&#8220;on&#8220; background_color_gradient_type=&#8220;elliptical&#8220; background_color_gradient_stops=&#8220;rgba(2,0,0,0.25) 0%|rgba(41,196,169,0) 60%&#8220; background_image=&#8220;https:\/\/ventje.com\/wp-content\/uploads\/2023\/09\/elektrisch-ventje-id.buzz_.webp&#8220; background_blend=&#8220;multiply&#8220; height=&#8220;450px&#8220; custom_margin=&#8220;0px||30px||false|false&#8220; custom_padding=&#8220;0px||0px||false|false&#8220; global_colors_info=&#8220;{}&#8220;][et_pb_row make_equal=&#8220;on&#8220; _builder_version=&#8220;4.23.1&#8243; background_color=&#8220;rgba(0,0,0,0)&#8220; background_enable_image=&#8220;off&#8220; width=&#8220;100%&#8220; module_alignment=&#8220;center&#8220; min_height_phone=&#8220;300px&#8220; min_height_last_edited=&#8220;off|tablet&#8220; height=&#8220;100%&#8220; height_tablet=&#8220;400px&#8220; height_phone=&#8220;300px&#8220; height_last_edited=&#8220;off|desktop&#8220; custom_margin=&#8220;||||false|false&#8220; custom_padding=&#8220;||||false|false&#8220; custom_css_main_element=&#8220;align-items:center!important;||display:flex!important;&#8220; global_colors_info=&#8220;{}&#8220;][et_pb_column type=&#8220;4_4&#8243; _builder_version=&#8220;4.16&#8243; global_colors_info=&#8220;{}&#8220;][et_pb_text _builder_version=&#8220;4.23.1&#8243; text_font=&#8220;Futura book|700|||||||&#8220; header_font=&#8220;Futura book|700|||||||&#8220; header_text_align=&#8220;center&#8220; header_2_font=&#8220;|300|||||||&#8220; header_2_font_size=&#8220;50px&#8220; vertical_offset=&#8220;-107px&#8220; text_orientation=&#8220;center&#8220; background_layout=&#8220;dark&#8220; max_width=&#8220;70%&#8220; max_width_tablet=&#8220;75%&#8220; max_width_phone=&#8220;80%&#8220; max_width_last_edited=&#8220;on|desktop&#8220; module_alignment=&#8220;center&#8220; custom_margin=&#8220;||||false|false&#8220; custom_margin_tablet=&#8220;245px||||false|false&#8220; custom_margin_phone=&#8220;260px||||false|false&#8220; custom_margin_last_edited=&#8220;off|desktop&#8220; custom_padding=&#8220;||||false|false&#8220; header_font_size_tablet=&#8220;&#8220; header_font_size_phone=&#8220;25px&#8220; header_font_size_last_edited=&#8220;on|phone&#8220; header_2_font_size_tablet=&#8220;50px&#8220; header_2_font_size_phone=&#8220;35px&#8220; header_2_font_size_last_edited=&#8220;on|phone&#8220; text_text_align=&#8220;center&#8220; global_colors_info=&#8220;{}&#8220; custom_margin__hover_enabled=&#8220;off|desktop&#8220; custom_padding__hover_enabled=&#8220;off|desktop&#8220; custom_padding__hover=&#8220;|0px|0px|0px|false|false&#8220;]<\/p>\n<h1>Elektrischer Campervan eVentje<\/h1>\n<h2>Ikonischer elektrischer Campervan.<\/h2>\n<p>[\/et_pb_text][et_pb_button button_url=&#8220;@ET-DC@eyJkeW5hbWljIjp0cnVlLCJjb250ZW50IjoicG9zdF9saW5rX3VybF9wYWdlIiwic2V0dGluZ3MiOnsicG9zdF9pZCI6IjE1OTU1In19@&#8220; button_text=&#8220;Vereinbare einen Besichtigungstermin&#8220; button_alignment=&#8220;center&#8220; admin_label=&#8220;kijkafspraak-button-eventje&#8220; module_id=&#8220;kijkafspraak-button-eventje&#8220; _builder_version=&#8220;4.27.4&#8243; _dynamic_attributes=&#8220;button_url&#8220; _module_preset=&#8220;default&#8220; custom_margin=&#8220;10px||||false|false&#8220; custom_margin_last_edited=&#8220;off|desktop&#8220; hover_enabled=&#8220;0&#8243; saved_tabs=&#8220;all&#8220; global_colors_info=&#8220;{}&#8220; sticky_enabled=&#8220;0&#8243;][\/et_pb_button][et_pb_code _builder_version=&#8220;4.25.1&#8243; _module_preset=&#8220;default&#8220; global_colors_info=&#8220;{}&#8220;]<script><!-- [et_pb_line_break_holder] -->    \/\/ Function to update the \"Kom kijken\" text and link based on language<!-- [et_pb_line_break_holder] -->    function updateKomKijkenButton(language) {<!-- [et_pb_line_break_holder] -->        var buttonlink = \"\";<!-- [et_pb_line_break_holder] -->        switch (language) {<!-- [et_pb_line_break_holder] -->            case \"de\":<!-- [et_pb_line_break_holder] -->            case \"ch\": \/\/ Considering ch as German<!-- [et_pb_line_break_holder] -->                buttonlink = \"https:\/\/ventje.com\/de\/kennenlernen\/\";<!-- [et_pb_line_break_holder] -->                break;<!-- [et_pb_line_break_holder] -->            case \"en\":<!-- [et_pb_line_break_holder] -->                buttonlink = \"https:\/\/ventje.com\/en\/meet-and-greet\";<!-- [et_pb_line_break_holder] -->                break;<!-- [et_pb_line_break_holder] -->            default:<!-- [et_pb_line_break_holder] -->                buttonlink = \"https:\/\/ventje.com\/kom-kijken\/\";<!-- [et_pb_line_break_holder] -->        }<!-- [et_pb_line_break_holder] -->        <!-- [et_pb_line_break_holder] -->        var buttonElement = document.getElementById(\"kijkafspraak-button-eventje\");<!-- [et_pb_line_break_holder] -->        if (buttonElement) {<!-- [et_pb_line_break_holder] -->            buttonElement.href = buttonlink;<!-- [et_pb_line_break_holder] -->        } else {<!-- [et_pb_line_break_holder] -->            console.error(\"Element with id 'kijkafspraak-button-eventje' not found.\");<!-- [et_pb_line_break_holder] -->        }<!-- [et_pb_line_break_holder] -->    }<!-- [et_pb_line_break_holder] --><!-- [et_pb_line_break_holder] -->    \/\/ Check the user's language and update the text and link<!-- [et_pb_line_break_holder] -->    document.addEventListener(\"DOMContentLoaded\", function(event) {<!-- [et_pb_line_break_holder] -->        const userLanguage = navigator.language.substring(0, 2).toLowerCase();<!-- [et_pb_line_break_holder] -->        console.log(\"User language:\", userLanguage); \/\/ Log userLanguage to check its value<!-- [et_pb_line_break_holder] -->        updateKomKijkenButton(userLanguage);<!-- [et_pb_line_break_holder] -->    });<!-- [et_pb_line_break_holder] --><\/script>[\/et_pb_code][\/et_pb_column][\/et_pb_row][\/et_pb_section][et_pb_section fb_built=&#8220;1&#8243; _builder_version=&#8220;4.27.0&#8243; _module_preset=&#8220;default&#8220; background_color=&#8220;RGBA(255,255,255,0)&#8220; global_colors_info=&#8220;{}&#8220;][et_pb_row _builder_version=&#8220;4.23.1&#8243; background_enable_color=&#8220;off&#8220; width=&#8220;100%&#8220; module_alignment=&#8220;center&#8220; custom_margin=&#8220;||||false|false&#8220; custom_padding=&#8220;||0px||false|true&#8220; locked=&#8220;off&#8220; global_colors_info=&#8220;{}&#8220;][et_pb_column type=&#8220;4_4&#8243; _builder_version=&#8220;4.16&#8243; global_colors_info=&#8220;{}&#8220;][et_pb_text _builder_version=&#8220;4.27.0&#8243; header_text_align=&#8220;left&#8220; header_2_font=&#8220;|700|||||||&#8220; background_enable_color=&#8220;off&#8220; width=&#8220;100%&#8220; module_alignment=&#8220;center&#8220; custom_margin=&#8220;0px|0px|0px|0px|false|false&#8220; custom_margin_tablet=&#8220;30px|0px|0px|0px|false|false&#8220; custom_margin_phone=&#8220;|30px|||false|false&#8220; custom_margin_last_edited=&#8220;off|desktop&#8220; custom_padding=&#8220;0px|30px|0px|30px|false|false&#8220; custom_padding_tablet=&#8220;30px|30px|30px|30px|false|false&#8220; custom_padding_phone=&#8220;0px|30px|30px|30px|false|false&#8220; custom_padding_last_edited=&#8220;off|desktop&#8220; global_colors_info=&#8220;{}&#8220;]<\/p>\n<h3>Elektrischer Campervan eVentje gewinnt internationalen Designpreis.<\/h3>\n<p><span style=\"font-weight: bold;\">Der elektrische Campervan eVentje wurde mit dem renommierten Designpreis Red Dot Award ausgezeichnet. Eine Jury aus vierzig unabh\u00e4ngigen Expert:innen aus der ganzen Welt zeichnete den Campervan als ein Produkt mit \u201eexzellentem Design\u201c aus.<\/span><\/p>\n<p>Basis des eVentje ist der ID. Buzz, der k\u00fcrzlich von Volkswagen vorgestellte Elektrobus. Mit seiner kompakten Bauweise und der Anspielung auf den kultigen Campervan aus den 1950er Jahren f\u00fcgt sich der Bus nahtlos in das Konzept von Ventje ein. F\u00fcr den niederl\u00e4ndischen Campervan-Hersteller Ventje ist das eine gro\u00dfartige Anerkennung f\u00fcr langwieriges T\u00fcfteln und Entwerfen. Um erneut einen komfortablen Innenraum zu schaffen, entwickelten die Designer:innen von Ventje ein intelligentes System. Durch Verschieben des Fahrersitzes vergr\u00f6\u00dfert sich die Sitz- und Liegefl\u00e4che automatisch und es entsteht ein Bett von 2 x 1,4 Metern.<\/p>\n<p>[\/et_pb_text][\/et_pb_column][\/et_pb_row][\/et_pb_section][et_pb_section fb_built=&#8220;1&#8243; _builder_version=&#8220;4.23.1&#8243; _module_preset=&#8220;default&#8220; background_color=&#8220;RGBA(255,255,255,0)&#8220; custom_margin=&#8220;30px||0px||false|false&#8220; custom_padding=&#8220;0px||0px||false|false&#8220; global_colors_info=&#8220;{}&#8220;][et_pb_row _builder_version=&#8220;4.25.1&#8243; _module_preset=&#8220;default&#8220; background_enable_color=&#8220;off&#8220; background_image=&#8220;https:\/\/ventje.com\/wp-content\/uploads\/2024\/07\/eventje-elektrisch-ventje-groen-duurzaam-1.webp&#8220; background_blend=&#8220;multiply&#8220; width=&#8220;100%&#8220; width_last_edited=&#8220;off|desktop&#8220; min_height=&#8220;550px&#8220; min_height_tablet=&#8220;450px&#8220; min_height_phone=&#8220;350px&#8220; min_height_last_edited=&#8220;on|phone&#8220; custom_margin=&#8220;0px||0px||false|false&#8220; custom_padding=&#8220;0px||0px||false|false&#8220; global_colors_info=&#8220;{}&#8220;][et_pb_column type=&#8220;4_4&#8243; _builder_version=&#8220;4.18.0&#8243; _module_preset=&#8220;default&#8220; global_colors_info=&#8220;{}&#8220;][\/et_pb_column][\/et_pb_row][\/et_pb_section][et_pb_section fb_built=&#8220;1&#8243; _builder_version=&#8220;4.27.0&#8243; _module_preset=&#8220;default&#8220; background_color=&#8220;RGBA(255,255,255,0)&#8220; custom_margin=&#8220;15px||||false|false&#8220; global_colors_info=&#8220;{}&#8220;][et_pb_row _builder_version=&#8220;4.23.1&#8243; background_enable_color=&#8220;off&#8220; width=&#8220;100%&#8220; module_alignment=&#8220;center&#8220; custom_margin=&#8220;||||false|false&#8220; custom_padding=&#8220;||0px||false|true&#8220; locked=&#8220;off&#8220; global_colors_info=&#8220;{}&#8220;][et_pb_column type=&#8220;4_4&#8243; _builder_version=&#8220;4.16&#8243; global_colors_info=&#8220;{}&#8220;][et_pb_text _builder_version=&#8220;4.27.0&#8243; header_text_align=&#8220;left&#8220; header_2_font=&#8220;|700|||||||&#8220; background_enable_color=&#8220;off&#8220; width=&#8220;100%&#8220; module_alignment=&#8220;center&#8220; custom_margin=&#8220;0px|0px|0px|0px|false|false&#8220; custom_margin_tablet=&#8220;30px|0px|0px|0px|false|false&#8220; custom_margin_phone=&#8220;||||false|false&#8220; custom_margin_last_edited=&#8220;off|desktop&#8220; custom_padding=&#8220;0px|30px|15px|30px|false|false&#8220; custom_padding_tablet=&#8220;30px|30px|30px|30px|false|false&#8220; custom_padding_phone=&#8220;0px|30px|30px|30px|false|false&#8220; custom_padding_last_edited=&#8220;off|desktop&#8220; global_colors_info=&#8220;{}&#8220;]<\/p>\n<p><b>Internationale Designauszeichnung Red Dot.<\/b><br \/>Der Red Dot Award ist weltweit bekannt als eine der wichtigsten Auszeichnungen im Bereich Design. Campervan eVentje gewinnt den begehrten Red Dot Award in der Kategorie Product Design 2024. Der clevere Campervan \u00fcberzeugte die Jury mit seinem einzigartigen Design, den langlebigen Materialien und seiner au\u00dfergew\u00f6hnlichen Vielseitigkeit.<\/p>\n<p>[\/et_pb_text][\/et_pb_column][\/et_pb_row][\/et_pb_section][et_pb_section fb_built=&#8220;1&#8243; _builder_version=&#8220;4.27.0&#8243; _module_preset=&#8220;default&#8220; background_color=&#8220;RGBA(255,255,255,0)&#8220; width=&#8220;100%&#8220; width_tablet=&#8220;100%&#8220; width_phone=&#8220;100%&#8220; width_last_edited=&#8220;on|desktop&#8220; module_alignment=&#8220;center&#8220; custom_margin=&#8220;30px||30px||false|false&#8220; global_colors_info=&#8220;{}&#8220;][et_pb_row _builder_version=&#8220;4.25.1&#8243; background_color=&#8220;RGBA(255,255,255,0)&#8220; width=&#8220;100%&#8220; width_tablet=&#8220;&#8220; width_phone=&#8220;100%&#8220; width_last_edited=&#8220;on|desktop&#8220; max_width_tablet=&#8220;100%&#8220; max_width_phone=&#8220;2560%&#8220; max_width_last_edited=&#8220;on|tablet&#8220; custom_margin=&#8220;||||false|false&#8220; custom_margin_tablet=&#8220;||-80px||false|false&#8220; custom_margin_phone=&#8220;||||false|false&#8220; custom_margin_last_edited=&#8220;off|desktop&#8220; custom_padding=&#8220;||||false|false&#8220; locked=&#8220;off&#8220; global_colors_info=&#8220;{}&#8220;][et_pb_column type=&#8220;4_4&#8243; _builder_version=&#8220;4.18.0&#8243; global_colors_info=&#8220;{}&#8220;][et_pb_testimonial author=&#8220;Red Dot Jury&#8220; company_name=&#8220;Artikel lesen&#8220; url=&#8220;@ET-DC@eyJkeW5hbWljIjp0cnVlLCJjb250ZW50IjoicG9zdF9saW5rX3VybF9wYWdlIiwic2V0dGluZ3MiOnsicG9zdF9pZCI6IjEzMjc4IiwiZW5hYmxlX2h0bWwiOiJvZmYifX0=@&#8220; url_new_window=&#8220;on&#8220; portrait_url=&#8220;https:\/\/ventje.com\/wp-content\/uploads\/2023\/09\/red-dot-award-logo.webp&#8220; quote_icon_background_color=&#8220;RGBA(255,255,255,0)&#8220; _builder_version=&#8220;4.27.4&#8243; _dynamic_attributes=&#8220;url&#8220; body_text_align=&#8220;center&#8220; author_font=&#8220;|300|||||||&#8220; author_text_align=&#8220;center&#8220; position_font=&#8220;||||||||&#8220; background_enable_color=&#8220;off&#8220; text_orientation=&#8220;center&#8220; custom_margin=&#8220;||||false|false&#8220; custom_css_testimonial_description=&#8220;margin-right: 140px;&#8220; custom_css_testimonial_author=&#8220;font-weight: bold;&#8220; custom_css_testimonial_meta=&#8220;color: #f3a713;&#8220; border_color_all_portrait=&#8220;RGBA(0,0,0,0)&#8220; border_style_all_portrait=&#8220;none&#8220; global_colors_info=&#8220;{}&#8220;]<\/p>\n<p>\u201eAuf kleinstem Raum bietet Ventje erstaunlich viele Nutzungsszenarien und damit ein besonderes Gebrauchserlebnis.\u201c<\/p>\n<p>[\/et_pb_testimonial][\/et_pb_column][\/et_pb_row][\/et_pb_section][et_pb_section fb_built=&#8220;1&#8243; _builder_version=&#8220;4.23.1&#8243; _module_preset=&#8220;default&#8220; background_color=&#8220;RGBA(255,255,255,0)&#8220; custom_margin=&#8220;30px||0px||false|false&#8220; custom_padding=&#8220;0px||0px||false|false&#8220; global_colors_info=&#8220;{}&#8220;][et_pb_row _builder_version=&#8220;4.22.1&#8243; _module_preset=&#8220;default&#8220; background_enable_color=&#8220;off&#8220; background_image=&#8220;https:\/\/ventje.com\/wp-content\/uploads\/2023\/09\/de-lancering-van-het-eventje.webp&#8220; background_blend=&#8220;multiply&#8220; width=&#8220;100%&#8220; width_last_edited=&#8220;off|desktop&#8220; min_height=&#8220;550px&#8220; min_height_tablet=&#8220;450px&#8220; min_height_phone=&#8220;350px&#8220; min_height_last_edited=&#8220;on|phone&#8220; custom_margin=&#8220;0px||0px||false|false&#8220; custom_padding=&#8220;0px||0px||false|false&#8220; global_colors_info=&#8220;{}&#8220;][et_pb_column type=&#8220;4_4&#8243; _builder_version=&#8220;4.18.0&#8243; _module_preset=&#8220;default&#8220; global_colors_info=&#8220;{}&#8220;][\/et_pb_column][\/et_pb_row][\/et_pb_section][et_pb_section fb_built=&#8220;1&#8243; _builder_version=&#8220;4.27.0&#8243; _module_preset=&#8220;default&#8220; background_color=&#8220;RGBA(255,255,255,0)&#8220; custom_margin=&#8220;15px||||false|false&#8220; global_colors_info=&#8220;{}&#8220;][et_pb_row _builder_version=&#8220;4.23.1&#8243; background_enable_color=&#8220;off&#8220; width=&#8220;100%&#8220; module_alignment=&#8220;center&#8220; custom_margin=&#8220;||||false|false&#8220; custom_padding=&#8220;||0px||false|true&#8220; locked=&#8220;off&#8220; global_colors_info=&#8220;{}&#8220;][et_pb_column type=&#8220;4_4&#8243; _builder_version=&#8220;4.16&#8243; global_colors_info=&#8220;{}&#8220;][et_pb_text _builder_version=&#8220;4.27.0&#8243; header_text_align=&#8220;left&#8220; header_2_font=&#8220;|700|||||||&#8220; background_enable_color=&#8220;off&#8220; width=&#8220;100%&#8220; module_alignment=&#8220;center&#8220; custom_margin=&#8220;0px|0px|0px|0px|false|false&#8220; custom_margin_tablet=&#8220;30px|0px|0px|0px|false|false&#8220; custom_margin_phone=&#8220;||||false|false&#8220; custom_margin_last_edited=&#8220;off|desktop&#8220; custom_padding=&#8220;0px|30px|0px|30px|false|false&#8220; custom_padding_tablet=&#8220;30px|30px|30px|30px|false|false&#8220; custom_padding_phone=&#8220;0px|30px|30px|30px|false|false&#8220; custom_padding_last_edited=&#8220;off|desktop&#8220; global_colors_info=&#8220;{}&#8220;]<\/p>\n<p><b>Warum ein kompakter Campervan?<\/b><br \/>Ein kompakter Campervan kann als Alltagsauto genutzt werden und steht direkt vor der T\u00fcr. Er ist also schnell erreichbar, um spontan loszufahren \u2013 ob Wochenendausflug, St\u00e4dtereise oder ein l\u00e4ngerer Urlaub. Du musst nichts planen und kannst \u00fcberall hinfahren: auf den Bauernhof in Italien, in die Einfahrt eines Freundes, auf einen Restaurantparkplatz, auf die sch\u00f6nsten Campingpl\u00e4tze und in die Innenstadt. Ultimative Freiheit direkt vor deiner T\u00fcr!<\/p>\n<p>[\/et_pb_text][\/et_pb_column][\/et_pb_row][\/et_pb_section][et_pb_section fb_built=&#8220;1&#8243; _builder_version=&#8220;4.27.0&#8243; _module_preset=&#8220;default&#8220; background_color=&#8220;RGBA(255,255,255,0)&#8220; custom_margin=&#8220;30px||0px||false|false&#8220; custom_padding=&#8220;0px||0px||false|false&#8220; global_colors_info=&#8220;{}&#8220;][et_pb_row _builder_version=&#8220;4.27.0&#8243; _module_preset=&#8220;default&#8220; background_enable_color=&#8220;off&#8220; background_image=&#8220;https:\/\/ventje.com\/wp-content\/uploads\/2024\/05\/eventje-keuken-dak.webp&#8220; background_blend=&#8220;multiply&#8220; width=&#8220;100%&#8220; width_last_edited=&#8220;off|desktop&#8220; min_height=&#8220;550px&#8220; min_height_tablet=&#8220;450px&#8220; min_height_phone=&#8220;350px&#8220; min_height_last_edited=&#8220;on|phone&#8220; custom_margin=&#8220;0px||0px||false|false&#8220; custom_padding=&#8220;0px||0px||false|false&#8220; global_colors_info=&#8220;{}&#8220;][et_pb_column type=&#8220;4_4&#8243; _builder_version=&#8220;4.18.0&#8243; _module_preset=&#8220;default&#8220; global_colors_info=&#8220;{}&#8220;][\/et_pb_column][\/et_pb_row][\/et_pb_section][et_pb_section fb_built=&#8220;1&#8243; _builder_version=&#8220;4.27.0&#8243; _module_preset=&#8220;default&#8220; background_color=&#8220;RGBA(255,255,255,0)&#8220; custom_margin=&#8220;20px||||false|false&#8220; global_colors_info=&#8220;{}&#8220;][et_pb_row _builder_version=&#8220;4.23.1&#8243; background_enable_color=&#8220;off&#8220; width=&#8220;100%&#8220; module_alignment=&#8220;center&#8220; custom_margin=&#8220;||||false|false&#8220; custom_padding=&#8220;||0px||false|true&#8220; locked=&#8220;off&#8220; global_colors_info=&#8220;{}&#8220;][et_pb_column type=&#8220;4_4&#8243; _builder_version=&#8220;4.16&#8243; global_colors_info=&#8220;{}&#8220;][et_pb_text _builder_version=&#8220;4.27.0&#8243; header_text_align=&#8220;left&#8220; header_2_font=&#8220;|700|||||||&#8220; background_enable_color=&#8220;off&#8220; width=&#8220;100%&#8220; module_alignment=&#8220;center&#8220; custom_margin=&#8220;0px|0px|0px|0px|false|false&#8220; custom_margin_tablet=&#8220;30px|0px|0px|0px|false|false&#8220; custom_margin_phone=&#8220;|30px|||false|false&#8220; custom_margin_last_edited=&#8220;off|desktop&#8220; custom_padding=&#8220;0px|30px|0px|30px|false|false&#8220; custom_padding_tablet=&#8220;30px|30px|30px|30px|false|false&#8220; custom_padding_phone=&#8220;0px||||false|false&#8220; custom_padding_last_edited=&#8220;off|desktop&#8220; global_colors_info=&#8220;{}&#8220;]<\/p>\n<p><b>Was ist das Praktische am eVentje?<\/b><br \/>Der eVentje eignet sich daf\u00fcr, ganzj\u00e4hrig auf Tour zu sein, da der Innenraum voll ausgestattet ist. Und er bringt viele Neuerungen mit:<br \/><span style=\"font-size: 18px;\"> <\/span><\/p>\n<ul style=\"padding-bottom: 0;\">\n<li>Ein echter Eyecatcher ist das innovative Aufstelldach \u2013 mit einem Bett oben, vollst\u00e4ndig abnehmbarer Plane und einem Dachfenster, das den Blick auf den Sternenhimmel freigibt.<\/li>\n<li>Eine neue Bar kann an der Seite des Campervans ausgeklappt werden, ideal f\u00fcr einen Drink.<\/li>\n<li>Die K\u00fcche befindet sich im hinteren Teil des Busses. Du kannst von au\u00dfen kochen, wenn du unter der Heckklappe stehst. Bei weniger guten Wetterbedingungen kann die K\u00fcche auch von innen genutzt werden, da die Schubladen, der gro\u00dfe K\u00fchlschrank, das Induktionskochfeld und der Wasserhahn sowohl von au\u00dfen als auch von innen erreichbar sind.<\/li>\n<li>Die Sitzgruppe l\u00e4sst sich vom 4-Sitzer mit Tisch \u00fcber das Loungesofa bis hin zum Bett ver\u00e4ndern. Die Kissen sind aus echter Matratzenpolsterung und die Liegefl\u00e4che betr\u00e4gt 2 x 1,4 Meter. Um diese Fl\u00e4che in den kompakten ID. Buzz zu integrieren, haben die Designer von Ventje ein cleveres System entwickelt, bei dem die Sitz- und Liegefl\u00e4che durch Verschieben des Vordersitzes vergr\u00f6\u00dfert wird.<\/li>\n<li>Aus einer flachen Schublade kommt eine komplette Outdoor-Garnitur zum Vorschein: zwei Stuhlbeine und ein gro\u00dfer Tisch, die zusammen mit den Sitzkissen ein sehr komfortables Outdoor-Set ergeben. Auch zwei passende Hocker sind dabei.<\/li>\n<li>Die zahlreichen Steckdosen, USB-C-Anschl\u00fcsse und Ablagef\u00e4cher machen Ventje zu einem angenehmen mobilen B\u00fcro. Egal in welchem Arrangement du sitzt, die vielen praktischen Stauf\u00e4cher sind immer zug\u00e4nglich.<\/li>\n<li>Das Aufstelldach bietet Stehh\u00f6he und die M\u00f6glichkeit eines weiteren Bettes oben. Das gro\u00dfe Solarpanel macht den eVentje, genau wie den normalen Ventje, autark.<\/li>\n<li>Der eVentje hat vorne zwei Sitzpl\u00e4tze mit Sicherheitsgurten. Ventje entwickelt Sitze mit Sicherheitsgurten im Fond, wodurch das Wohnmobil f\u00fcr vier Personen geeignet sein wird.  <\/li>\n<\/ul>\n<p>[\/et_pb_text][\/et_pb_column][\/et_pb_row][\/et_pb_section][et_pb_section fb_built=&#8220;1&#8243; _builder_version=&#8220;4.23.1&#8243; _module_preset=&#8220;default&#8220; background_color=&#8220;RGBA(255,255,255,0)&#8220; custom_margin=&#8220;30px||0px||false|false&#8220; custom_padding=&#8220;0px||0px||false|false&#8220; global_colors_info=&#8220;{}&#8220;][et_pb_row _builder_version=&#8220;4.23.1&#8243; _dynamic_attributes=&#8220;link_option_url&#8220; _module_preset=&#8220;default&#8220; background_enable_color=&#8220;off&#8220; use_background_color_gradient=&#8220;on&#8220; background_color_gradient_stops=&#8220;rgba(2,2,0,0.39) 1%|rgba(41,196,169,0) 62%&#8220; background_image=&#8220;https:\/\/ventje.com\/wp-content\/uploads\/2024\/05\/eventje-keuken-barretje.webp&#8220; background_position=&#8220;top_center&#8220; background_vertical_offset=&#8220;20%&#8220; background_blend=&#8220;multiply&#8220; width=&#8220;100%&#8220; width_last_edited=&#8220;off|desktop&#8220; min_height=&#8220;550px&#8220; min_height_tablet=&#8220;450px&#8220; min_height_phone=&#8220;350px&#8220; min_height_last_edited=&#8220;on|phone&#8220; custom_margin=&#8220;0px||0px||false|false&#8220; custom_padding=&#8220;0px||0px||false|false&#8220; link_option_url=&#8220;@ET-DC@eyJkeW5hbWljIjp0cnVlLCJjb250ZW50IjoicG9zdF9saW5rX3VybF9wYWdlIiwic2V0dGluZ3MiOnsicG9zdF9pZCI6IjE2NjAiLCJlbmFibGVfaHRtbCI6Im9mZiJ9fQ==@&#8220; background_color_tablet=&#8220;rgba(69,65,64,0.6)&#8220; background_last_edited=&#8220;on|tablet&#8220; background_enable_color_tablet=&#8220;on&#8220; use_background_color_gradient_tablet=&#8220;off&#8220; global_colors_info=&#8220;{}&#8220;][et_pb_column type=&#8220;4_4&#8243; _builder_version=&#8220;4.18.0&#8243; _module_preset=&#8220;default&#8220; global_colors_info=&#8220;{}&#8220;][et_pb_text _builder_version=&#8220;4.20.4&#8243; _module_preset=&#8220;default&#8220; link_font=&#8220;|600|||||||&#8220; link_text_color=&#8220;#F3A713&#8243; link_font_size=&#8220;17px&#8220; link_line_height=&#8220;2.2em&#8220; header_font=&#8220;|600|||||||&#8220; header_3_font=&#8220;|700|||||||&#8220; header_3_font_size=&#8220;33px&#8220; header_3_line_height=&#8220;1.2em&#8220; background_enable_image=&#8220;off&#8220; text_orientation=&#8220;center&#8220; background_layout=&#8220;dark&#8220; custom_margin=&#8220;0px|0px|0px|0px|false|false&#8220; custom_padding=&#8220;50px|300px|50px|300px|false|true&#8220; custom_padding_tablet=&#8220;|50px||50px|false|true&#8220; custom_padding_phone=&#8220;|35px||35px|false|true&#8220; custom_padding_last_edited=&#8220;on|phone&#8220; text_font_size_phone=&#8220;18px&#8220; text_font_size_last_edited=&#8220;off|phone&#8220; header_3_font_size_tablet=&#8220;&#8220; header_3_font_size_phone=&#8220;25px&#8220; header_3_font_size_last_edited=&#8220;on|phone&#8220; header_3_line_height_phone=&#8220;1em&#8220; header_3_line_height_last_edited=&#8220;off|phone&#8220; global_colors_info=&#8220;{}&#8220;]<\/p>\n<h3>Kochen mit viel Platz.<\/h3>\n<p>Drinnen und drau\u00dfen kochen!<br \/><a href=\"https:\/\/ventje.com\/de\/innenausbau\/kuechen-kostprobe\/\">K\u00fcchen-Kostprobe &gt;<\/a><\/p>\n<p>[\/et_pb_text][\/et_pb_column][\/et_pb_row][\/et_pb_section][et_pb_section fb_built=&#8220;1&#8243; disabled_on=&#8220;off|off|off&#8220; _builder_version=&#8220;4.27.0&#8243; _module_preset=&#8220;default&#8220; background_color=&#8220;RGBA(255,255,255,0)&#8220; custom_margin=&#8220;30px||||false|false&#8220; saved_tabs=&#8220;all&#8220; global_colors_info=&#8220;{}&#8220;][et_pb_row _builder_version=&#8220;4.23.1&#8243; _module_preset=&#8220;default&#8220; background_enable_color=&#8220;off&#8220; width=&#8220;100%&#8220; custom_margin=&#8220;||||false|false&#8220; global_colors_info=&#8220;{}&#8220;][et_pb_column type=&#8220;4_4&#8243; _builder_version=&#8220;4.18.0&#8243; _module_preset=&#8220;default&#8220; global_colors_info=&#8220;{}&#8220;][et_pb_text _builder_version=&#8220;4.27.0&#8243; link_font=&#8220;|600|||||||&#8220; link_text_color=&#8220;#F3A713&#8243; link_font_size=&#8220;17px&#8220; link_line_height=&#8220;2.2em&#8220; header_font=&#8220;|600|||||||&#8220; header_3_font=&#8220;|700|||||||&#8220; header_3_font_size=&#8220;33px&#8220; header_3_line_height=&#8220;1.2em&#8220; background_enable_image=&#8220;off&#8220; text_orientation=&#8220;center&#8220; custom_margin=&#8220;0px|0px|0px|0px|false|false&#8220; custom_padding=&#8220;0px|200px|0px|200px|false|true&#8220; custom_padding_tablet=&#8220;|50px|0px|50px|false|true&#8220; custom_padding_phone=&#8220;|35px|0px|35px|false|true&#8220; custom_padding_last_edited=&#8220;on|desktop&#8220; hover_transition_speed_curve=&#8220;ease-in-out&#8220; header_3_font_size_tablet=&#8220;33px&#8220; header_3_font_size_phone=&#8220;25px&#8220; header_3_font_size_last_edited=&#8220;on|phone&#8220; text_text_align=&#8220;center&#8220; global_colors_info=&#8220;{}&#8220; custom_margin__hover_enabled=&#8220;off|desktop&#8220; custom_padding__hover_enabled=&#8220;off|desktop&#8220; custom_padding__hover=&#8220;0px|0px|0px|0px|false|false&#8220;]<\/p>\n<h3>eVentje: Hinterl\u00e4sst nichts als Reifenspuren.<\/h3>\n<p>[\/et_pb_text][difl_contentcarousel item_desktop=&#8220;4&#8243; item_tablet=&#8220;3&#8243; item_mobile=&#8220;2&#8243; item_spacing=&#8220;-40px&#8220; speed=&#8220;300&#8243; loop=&#8220;on&#8220; autoplay=&#8220;on&#8220; autospeed=&#8220;3500&#8243; arrow=&#8220;on&#8220; dots=&#8220;on&#8220; arrow_color=&#8220;#454140&#8243; arrow_background=&#8220;RGBA(255,255,255,0)&#8220; arrow_prev_margin=&#8220;||||false|false&#8220; arrow_prev_margin_tablet=&#8220;||||false|false&#8220; arrow_prev_margin_phone=&#8220;||||false|false&#8220; arrow_prev_margin_last_edited=&#8220;on|phone&#8220; arrow_prev_padding=&#8220;||50px||false|false&#8220; arrow_next_margin=&#8220;||||false|false&#8220; arrow_next_padding=&#8220;||||false|false&#8220; dots_color=&#8220;#454140&#8243; active_dots_color=&#8220;#F3A713&#8243; wrapper_padding=&#8220;||||false|false&#8220; item_wrapper_padding=&#8220;||||false|false&#8220; image_margin=&#8220;||||false|true&#8220; subtitle_margin=&#8220;||||false|true&#8220; subtitle_padding=&#8220;|30px||30px|false|true&#8220; content_padding=&#8220;||||false|true&#8220; item_spacing_tablet=&#8220;-40px&#8220; item_spacing_phone=&#8220;0px&#8220; item_spacing_last_edited=&#8220;on|desktop&#8220; _builder_version=&#8220;4.27.0&#8243; _module_preset=&#8220;default&#8220; background_enable_color=&#8220;off&#8220; custom_padding=&#8220;||0px||false|false&#8220; global_colors_info=&#8220;{}&#8220;][difl_contentcarouselitem admin_label=&#8220;Boven en beneden slapen&#8220; sub_title=&#8220;Oben und unten schlafen&#8220; df_cci_image=&#8220;https:\/\/ventje.com\/wp-content\/uploads\/2024\/01\/bedden-in-een-ventje-camper-300&#215;161.webp&#8220; df_cci_image_align=&#8220;center&#8220; df_cci_max_width=&#8220;50%&#8220; cc_button_button_url_new_window=&#8220;1&#8243; _builder_version=&#8220;4.27.0&#8243; _module_preset=&#8220;default&#8220; cc_subtitle_text_align=&#8220;center&#8220; cc_subtitle_text_color=&#8220;#454140&#8243; cc_subtitle_font_size=&#8220;16px&#8220; cc_subtitle_line_height=&#8220;1.7em&#8220; link_option_url=&#8220;https:\/\/ventje.com\/interieur\/flexibele-indeling\/&#8220; global_colors_info=&#8220;{}&#8220;][\/difl_contentcarouselitem][difl_contentcarouselitem admin_label=&#8220;Binnen en buiten koken&#8220; sub_title=&#8220;Drinnen und drau\u00dfen kochen.&#8220; df_cci_image=&#8220;https:\/\/ventje.com\/wp-content\/uploads\/2024\/01\/binnen-en-buiten-koken-met-een-ventje-camper-300&#215;161.webp&#8220; df_cci_image_align=&#8220;center&#8220; df_cci_max_width=&#8220;50%&#8220; cc_button_button_url_new_window=&#8220;1&#8243; _builder_version=&#8220;4.27.0&#8243; _module_preset=&#8220;default&#8220; cc_subtitle_text_align=&#8220;center&#8220; cc_subtitle_text_color=&#8220;#454140&#8243; cc_subtitle_font_size=&#8220;16px&#8220; cc_subtitle_line_height=&#8220;1.7em&#8220; link_option_url=&#8220;https:\/\/ventje.com\/interieur\/keuken-voorproefje\/&#8220; global_colors_info=&#8220;{}&#8220;][\/difl_contentcarouselitem][difl_contentcarouselitem admin_label=&#8220;Voorzien van een toilet&#8220; sub_title=&#8220;Ausgestattet mit einer Toilette&#8220; df_cci_image=&#8220;https:\/\/ventje.com\/wp-content\/uploads\/2024\/01\/toilet-in-een-ventje-300&#215;161.webp&#8220; df_cci_image_align=&#8220;center&#8220; df_cci_max_width=&#8220;50%&#8220; cc_button_button_url_new_window=&#8220;1&#8243; _builder_version=&#8220;4.27.0&#8243; _module_preset=&#8220;default&#8220; cc_subtitle_text_align=&#8220;center&#8220; cc_subtitle_text_color=&#8220;#454140&#8243; cc_subtitle_font_size=&#8220;16px&#8220; cc_subtitle_line_height=&#8220;1.7em&#8220; link_option_url=&#8220;https:\/\/ventje.com\/interieur\/comfortabel-reizen\/&#8220; global_colors_info=&#8220;{}&#8220;][\/difl_contentcarouselitem][difl_contentcarouselitem admin_label=&#8220;Waardevast vanaf \u20ac95.000&#8243; sub_title=&#8220;Fester Wert ab \u20ac95.000  &#8220; df_cci_image=&#8220;https:\/\/ventje.com\/wp-content\/uploads\/2024\/01\/ventje-camper-is-waardevast-300&#215;161.webp&#8220; df_cci_image_align=&#8220;center&#8220; df_cci_max_width=&#8220;50%&#8220; cc_button_button_url_new_window=&#8220;1&#8243; _builder_version=&#8220;4.27.0&#8243; _module_preset=&#8220;default&#8220; cc_subtitle_text_align=&#8220;center&#8220; cc_subtitle_text_color=&#8220;#454140&#8243; cc_subtitle_font_size=&#8220;16px&#8220; cc_subtitle_line_height=&#8220;1.7em&#8220; link_option_url=&#8220;https:\/\/ventje.com\/interieur\/kwaliteit\/&#8220; global_colors_info=&#8220;{}&#8220;][\/difl_contentcarouselitem][difl_contentcarouselitem admin_label=&#8220;Ruimte voor 6 weekendtassen&#8220; sub_title=&#8220;Platz f\u00fcr 6 Wochenendtaschen&#8220; df_cci_image=&#8220;https:\/\/ventje.com\/wp-content\/uploads\/2024\/02\/veel-opbergruimte-in-een-eventje-camper-300&#215;161.webp&#8220; df_cci_image_align=&#8220;center&#8220; df_cci_max_width=&#8220;50%&#8220; cc_button_button_url_new_window=&#8220;1&#8243; _builder_version=&#8220;4.27.0&#8243; _module_preset=&#8220;default&#8220; cc_subtitle_text_align=&#8220;center&#8220; cc_subtitle_text_color=&#8220;#454140&#8243; cc_subtitle_font_size=&#8220;16px&#8220; cc_subtitle_line_height=&#8220;1.7em&#8220; link_option_url=&#8220;https:\/\/ventje.com\/interieur\/comfortabel-reizen\/&#8220; global_colors_info=&#8220;{}&#8220;][\/difl_contentcarouselitem][difl_contentcarouselitem admin_label=&#8220;Natuurlijke materialen&#8220; sub_title=&#8220;Nat\u00fcrliche Materialien&#8220; df_cci_image=&#8220;https:\/\/ventje.com\/wp-content\/uploads\/2024\/01\/ventje-camper-is-duurzaam-300&#215;161.webp&#8220; df_cci_image_align=&#8220;center&#8220; df_cci_max_width=&#8220;50%&#8220; cc_button_button_url_new_window=&#8220;1&#8243; _builder_version=&#8220;4.27.0&#8243; _module_preset=&#8220;default&#8220; cc_subtitle_text_align=&#8220;center&#8220; cc_subtitle_text_color=&#8220;#454140&#8243; cc_subtitle_font_size=&#8220;16px&#8220; cc_subtitle_line_height=&#8220;1.7em&#8220; link_option_url=&#8220;https:\/\/ventje.com\/interieur\/kwaliteit\/&#8220; global_colors_info=&#8220;{}&#8220;][\/difl_contentcarouselitem][difl_contentcarouselitem admin_label=&#8220;Meerdere opstellingen&#8220; sub_title=&#8220;Mehrere Set-ups&#8220; df_cci_image=&#8220;https:\/\/ventje.com\/wp-content\/uploads\/2024\/01\/ventje-kan-meerdere-opstellingen-maken-300&#215;161.webp&#8220; df_cci_image_align=&#8220;center&#8220; df_cci_max_width=&#8220;50%&#8220; cc_button_button_url_new_window=&#8220;1&#8243; _builder_version=&#8220;4.27.0&#8243; _module_preset=&#8220;default&#8220; cc_subtitle_text_align=&#8220;center&#8220; cc_subtitle_text_color=&#8220;#454140&#8243; cc_subtitle_font_size=&#8220;16px&#8220; cc_subtitle_line_height=&#8220;1.7em&#8220; link_option_url=&#8220;https:\/\/ventje.com\/interieur\/flexibele-indeling\/&#8220; global_colors_info=&#8220;{}&#8220;][\/difl_contentcarouselitem][difl_contentcarouselitem admin_label=&#8220;Altijd en overal stroom&#8220; sub_title=&#8220;Strom \u2013 immer und \u00fcberall&#8220; df_cci_image=&#8220;https:\/\/ventje.com\/wp-content\/uploads\/2024\/01\/ventje-camper-heeft-een-zonnepaneel-op-het-hefdak-300&#215;161.webp&#8220; df_cci_image_align=&#8220;center&#8220; df_cci_max_width=&#8220;50%&#8220; cc_button_button_url_new_window=&#8220;1&#8243; _builder_version=&#8220;4.27.0&#8243; _module_preset=&#8220;default&#8220; cc_subtitle_text_align=&#8220;center&#8220; cc_subtitle_text_color=&#8220;#454140&#8243; cc_subtitle_font_size=&#8220;16px&#8220; cc_subtitle_line_height=&#8220;1.7em&#8220; link_option_url=&#8220;https:\/\/ventje.com\/interieur\/mobiel-kantoor\/&#8220; global_colors_info=&#8220;{}&#8220;][\/difl_contentcarouselitem][difl_contentcarouselitem admin_label=&#8220;Een dagelijkse auto&#8220; sub_title=&#8220;Ein Alltagsauto&#8220; df_cci_image=&#8220;https:\/\/ventje.com\/wp-content\/uploads\/2024\/01\/ventje-camper-is-waardevast-300&#215;161.webp&#8220; df_cci_image_align=&#8220;center&#8220; df_cci_max_width=&#8220;50%&#8220; cc_button_button_url_new_window=&#8220;1&#8243; _builder_version=&#8220;4.27.0&#8243; _module_preset=&#8220;default&#8220; cc_subtitle_text_align=&#8220;center&#8220; cc_subtitle_text_color=&#8220;#454140&#8243; cc_subtitle_font_size=&#8220;16px&#8220; cc_subtitle_line_height=&#8220;1.7em&#8220; link_option_url=&#8220;https:\/\/ventje.com\/interieur\/dagelijkse-auto\/&#8220; global_colors_info=&#8220;{}&#8220;][\/difl_contentcarouselitem][difl_contentcarouselitem admin_label=&#8220;Compenseert toekomstige uitstoot&#8220; sub_title=&#8220;Kompensiert zuk\u00fcnftige Emissionen&#8220; df_cci_image=&#8220;https:\/\/ventje.com\/wp-content\/uploads\/2024\/01\/ventje-camper-compenseert-de-toekomstige-uitstoot-300&#215;161.webp&#8220; df_cci_image_align=&#8220;center&#8220; df_cci_max_width=&#8220;50%&#8220; cc_button_button_url_new_window=&#8220;1&#8243; _builder_version=&#8220;4.27.0&#8243; _module_preset=&#8220;default&#8220; cc_subtitle_text_align=&#8220;center&#8220; cc_subtitle_text_color=&#8220;#454140&#8243; cc_subtitle_font_size=&#8220;16px&#8220; cc_subtitle_line_height=&#8220;1.7em&#8220; global_colors_info=&#8220;{}&#8220;][\/difl_contentcarouselitem][\/difl_contentcarousel][\/et_pb_column][\/et_pb_row][\/et_pb_section][et_pb_section fb_built=&#8220;1&#8243; _builder_version=&#8220;4.27.0&#8243; background_color=&#8220;RGBA(255,255,255,0)&#8220; custom_margin=&#8220;15px||||false|false&#8220; custom_padding=&#8220;0px||0px||true|false&#8220; global_colors_info=&#8220;{}&#8220;][et_pb_row column_structure=&#8220;1_2,1_2&#8243; use_custom_gutter=&#8220;on&#8220; make_equal=&#8220;on&#8220; _builder_version=&#8220;4.25.1&#8243; background_enable_color=&#8220;off&#8220; background_enable_image=&#8220;off&#8220; width=&#8220;100%&#8220; module_alignment=&#8220;center&#8220; height_tablet=&#8220;450px&#8220; height_last_edited=&#8220;off|tablet&#8220; custom_margin=&#8220;||||false|false&#8220; custom_margin_last_edited=&#8220;off|desktop&#8220; custom_padding=&#8220;||||false|false&#8220; global_colors_info=&#8220;{}&#8220; max_height__hover_enabled=&#8220;off|desktop&#8220; custom_margin__hover_enabled=&#8220;off|desktop&#8220;][et_pb_column type=&#8220;1_2&#8243; _builder_version=&#8220;4.23.1&#8243; background_enable_color=&#8220;off&#8220; use_background_color_gradient=&#8220;on&#8220; background_color_gradient_stops=&#8220;rgba(2,2,0,0.45) 1%|rgba(41,196,169,0) 35%&#8220; background_image=&#8220;https:\/\/ventje.com\/wp-content\/uploads\/2023\/09\/lounge-opstelling-in-het-elektrische-eventje.webp&#8220; background_blend=&#8220;multiply&#8220; custom_padding=&#8220;||||false|false&#8220; custom_padding_tablet=&#8220;||598px||false|false&#8220; custom_padding_phone=&#8220;||298px||false|false&#8220; custom_padding_last_edited=&#8220;off|desktop&#8220; background_color_tablet=&#8220;rgba(69,65,64,0.6)&#8220; background_last_edited=&#8220;on|tablet&#8220; background_enable_color_tablet=&#8220;on&#8220; use_background_color_gradient_tablet=&#8220;off&#8220; custom_css_main_element=&#8220;margin-top: 0!important;||margin-right: 15px!important; &#8220; border_color_right=&#8220;#ffffff&#8220; border_color_bottom=&#8220;#FFFFFF&#8220; border_width_right_tablet=&#8220;0px&#8220; border_width_right_last_edited=&#8220;off|desktop&#8220; border_width_bottom_tablet=&#8220;30px&#8220; border_width_bottom_phone=&#8220;30px&#8220; border_width_bottom_last_edited=&#8220;off|desktop&#8220; global_colors_info=&#8220;{}&#8220; filter_opacity__hover_enabled=&#8220;off|desktop&#8220; filter_opacity__hover=&#8220;50%&#8220; background__hover_enabled=&#8220;off|desktop&#8220; custom_css_main_element_last_edited=&#8220;on|tablet&#8220; custom_css_main_element_tablet=&#8220;margin-top: 30px!important;||margin-right: 0!important; &#8220; custom_css_main_element_phone=&#8220;margin-top: 30px!important;||margin-right: 0!important; &#8222;][et_pb_text _builder_version=&#8220;4.27.0&#8243; _module_preset=&#8220;default&#8220; link_font=&#8220;|700|||||||&#8220; link_font_size=&#8220;17px&#8220; link_line_height=&#8220;2.2em&#8220; header_font=&#8220;|700|||||||&#8220; header_3_font=&#8220;|700|||||||&#8220; header_3_font_size=&#8220;33px&#8220; header_3_line_height=&#8220;1.2em&#8220; text_orientation=&#8220;center&#8220; background_layout=&#8220;dark&#8220; max_width_tablet=&#8220;38%&#8220; max_width_last_edited=&#8220;off|desktop&#8220; module_alignment=&#8220;center&#8220; height=&#8220;550px&#8220; height_tablet=&#8220;450px&#8220; height_phone=&#8220;350px&#8220; height_last_edited=&#8220;on|desktop&#8220; custom_margin=&#8220;||||false|false&#8220; custom_margin_tablet=&#8220;60px|-30px|||false|false&#8220; custom_margin_phone=&#8220;30px||||false|false&#8220; custom_margin_last_edited=&#8220;off|desktop&#8220; custom_padding=&#8220;50px|50px|50px|50px|true|true&#8220; hover_transition_speed_curve=&#8220;ease-in-out&#8220; global_colors_info=&#8220;{}&#8220;]<\/p>\n<h3>Vom Loungesofa &#8230;<\/h3>\n<p>Faulenzen, lesen oder einen Film schauen.<\/p>\n<p>[\/et_pb_text][\/et_pb_column][et_pb_column type=&#8220;1_2&#8243; _builder_version=&#8220;4.25.1&#8243; background_enable_color=&#8220;off&#8220; use_background_color_gradient=&#8220;on&#8220; background_color_gradient_stops=&#8220;rgba(2,0,0,0.16) 2%|rgba(41,196,169,0) 31%&#8220; background_image=&#8220;https:\/\/ventje.com\/wp-content\/uploads\/2023\/09\/slapen-in-de-vw-idbuzz-camper.webp&#8220; background_position=&#8220;center_left&#8220; background_horizontal_offset=&#8220;66%&#8220; background_blend=&#8220;multiply&#8220; custom_padding=&#8220;||||false|false&#8220; custom_padding_tablet=&#8220;||598px||false|false&#8220; custom_padding_phone=&#8220;0px||296px||false|false&#8220; custom_padding_last_edited=&#8220;off|desktop&#8220; background_color_tablet=&#8220;rgba(69,65,64,0.6)&#8220; background_last_edited=&#8220;on|tablet&#8220; background_enable_color_tablet=&#8220;on&#8220; use_background_color_gradient_tablet=&#8220;off&#8220; custom_css_main_element=&#8220;margin-top: 0!important;||margin-left: 15px!important;&#8220; border_color_left=&#8220;#FFFFFF&#8220; border_width_left_tablet=&#8220;0px&#8220; border_width_left_phone=&#8220;0px&#8220; border_width_left_last_edited=&#8220;off|tablet&#8220; global_colors_info=&#8220;{}&#8220; filter_opacity__hover_enabled=&#8220;off|desktop&#8220; background__hover_enabled=&#8220;off|hover&#8220; filter_opacity__hover=&#8220;50%&#8220; custom_css_main_element_last_edited=&#8220;on|tablet&#8220; custom_css_main_element_tablet=&#8220;margin-top: 30px!important;||margin-left: 0!important;  &#8220; custom_css_main_element_phone=&#8220;margin-top: 30px!important;||margin-left: 0!important;  &#8222;][et_pb_text _builder_version=&#8220;4.25.1&#8243; _module_preset=&#8220;default&#8220; link_font=&#8220;|700|||||||&#8220; link_font_size=&#8220;17px&#8220; link_line_height=&#8220;2.2em&#8220; header_font=&#8220;|700|||||||&#8220; header_3_font_size=&#8220;33px&#8220; header_3_line_height=&#8220;1.2em&#8220; text_orientation=&#8220;center&#8220; background_layout=&#8220;dark&#8220; max_width_tablet=&#8220;48%&#8220; max_width_phone=&#8220;86%&#8220; max_width_last_edited=&#8220;off|desktop&#8220; module_alignment=&#8220;center&#8220; height=&#8220;550px&#8220; height_tablet=&#8220;450px&#8220; height_phone=&#8220;350px&#8220; height_last_edited=&#8220;on|desktop&#8220; custom_margin=&#8220;||||false|false&#8220; custom_margin_tablet=&#8220;60px||||false|false&#8220; custom_margin_phone=&#8220;30px||||false|false&#8220; custom_margin_last_edited=&#8220;off|desktop&#8220; custom_padding=&#8220;50px|50px|50px|50px|true|true&#8220; hover_transition_speed_curve=&#8220;ease-in-out&#8220; global_colors_info=&#8220;{}&#8220;]<\/p>\n<h3>&#8230; zum Bett.<\/h3>\n<p>Einkuscheln in ein komfortables 2 x 1,40 m gro\u00dfes Bett.<\/p>\n<p>[\/et_pb_text][\/et_pb_column][\/et_pb_row][\/et_pb_section][et_pb_section fb_built=&#8220;1&#8243; _builder_version=&#8220;4.23.1&#8243; _module_preset=&#8220;default&#8220; background_color=&#8220;RGBA(255,255,255,0)&#8220; width=&#8220;100%&#8220; width_tablet=&#8220;100%&#8220; width_phone=&#8220;100%&#8220; width_last_edited=&#8220;on|desktop&#8220; module_alignment=&#8220;center&#8220; custom_margin=&#8220;30px||30px||false|false&#8220; global_colors_info=&#8220;{}&#8220;][et_pb_row _builder_version=&#8220;4.23.1&#8243; background_enable_color=&#8220;off&#8220; width=&#8220;100%&#8220; width_tablet=&#8220;&#8220; width_phone=&#8220;100%&#8220; width_last_edited=&#8220;on|desktop&#8220; max_width_tablet=&#8220;100%&#8220; max_width_phone=&#8220;2560%&#8220; max_width_last_edited=&#8220;on|tablet&#8220; custom_margin=&#8220;||||false|false&#8220; custom_margin_tablet=&#8220;||-80px||false|false&#8220; custom_margin_phone=&#8220;||||false|false&#8220; custom_margin_last_edited=&#8220;off|desktop&#8220; custom_padding=&#8220;||||false|false&#8220; locked=&#8220;off&#8220; global_colors_info=&#8220;{}&#8220;][et_pb_column type=&#8220;4_4&#8243; _builder_version=&#8220;4.23.1&#8243; global_colors_info=&#8220;{}&#8220;][et_pb_testimonial author=&#8220;GIO.nl&#8220; company_name=&#8220;Schau dir die Top 100 an.&#8220; url=&#8220;https:\/\/www.gio.nl\/&#8220; url_new_window=&#8220;on&#8220; portrait_url=&#8220;https:\/\/ventje.com\/wp-content\/uploads\/2023\/09\/G100-logo.webp&#8220; quote_icon=&#8220;off&#8220; portrait_width=&#8220;90px&#8220; _builder_version=&#8220;4.27.4&#8243; body_text_align=&#8220;center&#8220; author_font=&#8220;|300|||||||&#8220; author_text_align=&#8220;center&#8220; position_font=&#8220;||||||||&#8220; background_enable_color=&#8220;off&#8220; use_background_color=&#8220;off&#8220; text_orientation=&#8220;center&#8220; custom_margin=&#8220;||18px||false|false&#8220; custom_padding=&#8220;||||false|false&#8220; custom_css_testimonial_description=&#8220;margin-right: 140px;&#8220; custom_css_testimonial_author=&#8220;font-weight: bold;&#8220; custom_css_testimonial_meta=&#8220;color: #f3a713;&#8220; border_radii_portrait=&#8220;off|90px|90px||90px&#8220; border_color_all_portrait=&#8220;RGBA(0,0,0,0)&#8220; border_style_all_portrait=&#8220;none&#8220; global_colors_info=&#8220;{}&#8220;]<\/p>\n<p>Vor kurzem wurde der eVentje auch in die Good Industrial Design Top 100 aufgenommen. <span class=\"css-buqucs\">Eine gute Darstellung dessen, was die Niederlande im Bereich des industriellen Produktgestaltung Besten zu bieten haben. <\/span><\/p>\n<p>[\/et_pb_testimonial][\/et_pb_column][\/et_pb_row][\/et_pb_section][et_pb_section fb_built=&#8220;1&#8243; _builder_version=&#8220;4.23.1&#8243; _module_preset=&#8220;default&#8220; background_color=&#8220;RGBA(255,255,255,0)&#8220; custom_margin=&#8220;30px||0px||false|false&#8220; custom_padding=&#8220;0px||0px||false|false&#8220; global_colors_info=&#8220;{}&#8220;][et_pb_row _builder_version=&#8220;4.23.1&#8243; _dynamic_attributes=&#8220;link_option_url&#8220; _module_preset=&#8220;default&#8220; background_enable_color=&#8220;off&#8220; use_background_color_gradient=&#8220;on&#8220; background_color_gradient_stops=&#8220;rgba(1,2,0,0.33) 0%|rgba(10,2,2,0.28) 50%&#8220; background_image=&#8220;https:\/\/ventje.com\/wp-content\/uploads\/2023\/09\/tafelen-in-het-elektrische-ventje.webp&#8220; background_blend=&#8220;multiply&#8220; width=&#8220;100%&#8220; width_last_edited=&#8220;off|desktop&#8220; min_height=&#8220;550px&#8220; min_height_tablet=&#8220;450px&#8220; min_height_phone=&#8220;350px&#8220; min_height_last_edited=&#8220;on|phone&#8220; custom_margin=&#8220;0px||0px||false|false&#8220; custom_padding=&#8220;0px||0px||false|false&#8220; link_option_url=&#8220;@ET-DC@eyJkeW5hbWljIjp0cnVlLCJjb250ZW50IjoicG9zdF9saW5rX3VybF9wYWdlIiwic2V0dGluZ3MiOnsicG9zdF9pZCI6IjE1ODUiLCJlbmFibGVfaHRtbCI6Im9mZiJ9fQ==@&#8220; background_color_tablet=&#8220;rgba(69,65,64,0.6)&#8220; background_last_edited=&#8220;on|tablet&#8220; background_enable_color_tablet=&#8220;on&#8220; use_background_color_gradient_tablet=&#8220;off&#8220; global_colors_info=&#8220;{}&#8220;][et_pb_column type=&#8220;4_4&#8243; _builder_version=&#8220;4.18.0&#8243; _module_preset=&#8220;default&#8220; global_colors_info=&#8220;{}&#8220;][et_pb_text disabled_on=&#8220;off|off|off&#8220; _builder_version=&#8220;4.20.4&#8243; _module_preset=&#8220;default&#8220; link_font=&#8220;|600|||||||&#8220; link_text_color=&#8220;#F3A713&#8243; link_font_size=&#8220;17px&#8220; link_line_height=&#8220;2.2em&#8220; header_font=&#8220;|600|||||||&#8220; header_3_font=&#8220;|700|||||||&#8220; header_3_font_size=&#8220;33px&#8220; header_3_line_height=&#8220;1.2em&#8220; background_enable_image=&#8220;off&#8220; text_orientation=&#8220;center&#8220; background_layout=&#8220;dark&#8220; custom_margin=&#8220;0px|0px|0px|0px|false|false&#8220; custom_padding=&#8220;50px|300px|50px|300px|false|true&#8220; custom_padding_tablet=&#8220;|50px||50px|false|true&#8220; custom_padding_phone=&#8220;|35px||35px|false|true&#8220; custom_padding_last_edited=&#8220;on|phone&#8220; text_font_size_phone=&#8220;18px&#8220; text_font_size_last_edited=&#8220;off|phone&#8220; header_3_font_size_tablet=&#8220;&#8220; header_3_font_size_phone=&#8220;25px&#8220; header_3_font_size_last_edited=&#8220;on|phone&#8220; header_3_line_height_phone=&#8220;1em&#8220; header_3_line_height_last_edited=&#8220;off|phone&#8220; global_colors_info=&#8220;{}&#8220;]<\/p>\n<h3>F\u00fcr jede Situation die passende Ausstattung.<\/h3>\n<p> \u00c4ndere deinen Innenaufbau im Handumdrehen. <a href=\"https:\/\/ventje.com\/de\/innenausbau\/flexible-einrichtung\/\">Flexible Einrichtung &gt;<\/a>[\/et_pb_text][\/et_pb_column][\/et_pb_row][\/et_pb_section][et_pb_section fb_built=&#8220;1&#8243; _builder_version=&#8220;4.27.0&#8243; _module_preset=&#8220;default&#8220; background_color=&#8220;RGBA(255,255,255,0)&#8220; custom_margin=&#8220;0px||||false|false&#8220; global_colors_info=&#8220;{}&#8220;][et_pb_row _builder_version=&#8220;4.27.0&#8243; background_enable_color=&#8220;off&#8220; width=&#8220;100%&#8220; module_alignment=&#8220;center&#8220; custom_margin=&#8220;||||false|false&#8220; custom_padding=&#8220;||0px||false|true&#8220; locked=&#8220;off&#8220; global_colors_info=&#8220;{}&#8220;][et_pb_column type=&#8220;4_4&#8243; _builder_version=&#8220;4.16&#8243; global_colors_info=&#8220;{}&#8220;][et_pb_text _builder_version=&#8220;4.27.0&#8243; header_text_align=&#8220;left&#8220; header_2_font=&#8220;|700|||||||&#8220; background_enable_color=&#8220;off&#8220; width=&#8220;100%&#8220; module_alignment=&#8220;center&#8220; custom_margin=&#8220;0px|0px|0px|0px|false|false&#8220; custom_margin_tablet=&#8220;30px|0px|0px|0px|false|false&#8220; custom_margin_phone=&#8220;|30px|||false|false&#8220; custom_margin_last_edited=&#8220;off|desktop&#8220; custom_padding=&#8220;30px|30px|0px|30px|false|false&#8220; custom_padding_tablet=&#8220;30px|30px|30px|30px|false|false&#8220; custom_padding_phone=&#8220;0px|30px|30px|30px|false|false&#8220; custom_padding_last_edited=&#8220;off|desktop&#8220; global_colors_info=&#8220;{}&#8220;]<\/p>\n<p><b>Was sind die Spezifikationen des eVentje?<\/b><\/p>\n<ul style=\"padding-bottom: 0;\">\n<li>Startpreis Bus mit Innenausstattung: 95.000 \u20ac. Ab sofort bestellbar, Lieferzeit ca. 9 Monate.<\/li>\n<li>Reichweite: ca. 375 Kilometer tats\u00e4chliche Reichweite [ID .Buzz 424 kilometer (WLTP)].<\/li>\n<li>Schnellladung: 5-80% (170 kW) in 30 Minuten.<\/li>\n<li>Leistung: 204 PS \/ 150 kW, H\u00f6chstgeschwindigkeit: 145 km\/h, Drehmoment: 310 Nm.<\/li>\n<li>Antrieb: 77 kWh Elektroantrieb.<\/li>\n<li>Inklusive: 3 Jahre bis zur n\u00e4chsten HU, 8 Jahre Garantie auf das Batteriepaket.<\/li>\n<li>L\u00e4nge: 4,7 m.<\/li>\n<\/ul>\n<p>[\/et_pb_text][\/et_pb_column][\/et_pb_row][\/et_pb_section][et_pb_section fb_built=&#8220;1&#8243; _builder_version=&#8220;4.23.1&#8243; _module_preset=&#8220;default&#8220; background_color=&#8220;RGBA(255,255,255,0)&#8220; custom_margin=&#8220;30px||30px||false|false&#8220; global_colors_info=&#8220;{}&#8220;][et_pb_row _builder_version=&#8220;4.20.4&#8243; background_enable_color=&#8220;off&#8220; width=&#8220;100%&#8220; module_alignment=&#8220;center&#8220; custom_margin=&#8220;||||false|false&#8220; custom_padding=&#8220;||0px||false|true&#8220; locked=&#8220;off&#8220; global_colors_info=&#8220;{}&#8220;][et_pb_column type=&#8220;4_4&#8243; _builder_version=&#8220;4.16&#8243; global_colors_info=&#8220;{}&#8220;][et_pb_button button_url=&#8220;https:\/\/ventje.com\/eventje-persfotos&#8220; url_new_window=&#8220;on&#8220; button_text=&#8220;Pressefotos herunterladen&#8220; button_alignment=&#8220;center&#8220; _builder_version=&#8220;4.23.1&#8243; _module_preset=&#8220;default&#8220; locked=&#8220;off&#8220; global_colors_info=&#8220;{}&#8220;][\/et_pb_button][\/et_pb_column][\/et_pb_row][\/et_pb_section]<\/p>\n","protected":false},"excerpt":{"rendered":"<p>Elektrischer Campervan eVentje Ikonischer elektrischer Campervan.Elektrischer Campervan eVentje gewinnt internationalen Designpreis. Der elektrische Campervan eVentje wurde mit dem renommierten Designpreis Red Dot Award ausgezeichnet. Eine Jury aus vierzig unabh\u00e4ngigen Expert:innen aus der ganzen Welt zeichnete den Campervan als ein Produkt mit \u201eexzellentem Design\u201c aus. Basis des eVentje ist der ID. Buzz, der k\u00fcrzlich von Volkswagen [&hellip;]<\/p>\n","protected":false},"author":6,"featured_media":0,"parent":45254,"menu_order":18,"comment_status":"closed","ping_status":"closed","template":"","meta":{"_acf_changed":false,"_et_pb_use_builder":"on","_et_pb_old_content":"","_et_gb_content_width":"","footnotes":""},"class_list":["post-277253","page","type-page","status-publish","hentry"],"acf":[],"yoast_head":"<!-- This site is optimized with the Yoast SEO plugin v27.5 - https:\/\/yoast.com\/product\/yoast-seo-wordpress\/ -->\n<title>eVentje ID. Buzz camper - Ventje<\/title>\n<meta name=\"description\" content=\"Entdecken Sie den eVentje, den elektrischen Campervan auf Basis des Volkswagen ID. Buzz. Nachhaltig reisen, stil campen, elektrisch unterwegs.\" \/>\n<meta name=\"robots\" content=\"index, follow, max-snippet:-1, max-image-preview:large, max-video-preview:-1\" \/>\n<link rel=\"canonical\" href=\"https:\/\/ventje.com\/de\/artikel\/eventje\/\" \/>\n<meta property=\"og:locale\" content=\"de_DE\" \/>\n<meta property=\"og:type\" content=\"article\" \/>\n<meta property=\"og:title\" content=\"eVentje ID. Buzz camper - Ventje\" \/>\n<meta property=\"og:description\" content=\"Entdecken Sie den eVentje, den elektrischen Campervan auf Basis des Volkswagen ID. Buzz. Nachhaltig reisen, stil campen, elektrisch unterwegs.\" \/>\n<meta property=\"og:url\" content=\"https:\/\/ventje.com\/de\/artikel\/eventje\/\" \/>\n<meta property=\"og:site_name\" content=\"Ventje\" \/>\n<meta property=\"article:publisher\" content=\"https:\/\/www.facebook.com\/ventjecamper\/\" \/>\n<meta property=\"article:modified_time\" content=\"2025-10-28T07:52:54+00:00\" \/>\n<script type=\"application\/ld+json\" class=\"yoast-schema-graph\">{\"@context\":\"https:\\\/\\\/schema.org\",\"@graph\":[{\"@type\":\"WebPage\",\"@id\":\"https:\\\/\\\/ventje.com\\\/de\\\/artikel\\\/eventje\\\/\",\"url\":\"https:\\\/\\\/ventje.com\\\/de\\\/artikel\\\/eventje\\\/\",\"name\":\"eVentje ID. Buzz camper - Ventje\",\"isPartOf\":{\"@id\":\"https:\\\/\\\/ventje.com\\\/de\\\/#website\"},\"datePublished\":\"2023-06-08T07:24:31+00:00\",\"dateModified\":\"2025-10-28T07:52:54+00:00\",\"description\":\"Entdecken Sie den eVentje, den elektrischen Campervan auf Basis des Volkswagen ID. Buzz. Nachhaltig reisen, stil campen, elektrisch unterwegs.\",\"breadcrumb\":{\"@id\":\"https:\\\/\\\/ventje.com\\\/de\\\/artikel\\\/eventje\\\/#breadcrumb\"},\"inLanguage\":\"de\",\"potentialAction\":[{\"@type\":\"ReadAction\",\"target\":[\"https:\\\/\\\/ventje.com\\\/de\\\/artikel\\\/eventje\\\/\"]}]},{\"@type\":\"BreadcrumbList\",\"@id\":\"https:\\\/\\\/ventje.com\\\/de\\\/artikel\\\/eventje\\\/#breadcrumb\",\"itemListElement\":[{\"@type\":\"ListItem\",\"position\":1,\"name\":\"Home\",\"item\":\"https:\\\/\\\/ventje.com\\\/de\\\/\"},{\"@type\":\"ListItem\",\"position\":2,\"name\":\"Artikel\",\"item\":\"https:\\\/\\\/ventje.com\\\/de\\\/artikel\\\/\"},{\"@type\":\"ListItem\",\"position\":3,\"name\":\"eVentje ID. Buzz camper\"}]},{\"@type\":\"WebSite\",\"@id\":\"https:\\\/\\\/ventje.com\\\/de\\\/#website\",\"url\":\"https:\\\/\\\/ventje.com\\\/de\\\/\",\"name\":\"Ventje\",\"description\":\"Ultieme vrijheid staat voor de deur.\",\"publisher\":{\"@id\":\"https:\\\/\\\/ventje.com\\\/de\\\/#organization\"},\"potentialAction\":[{\"@type\":\"SearchAction\",\"target\":{\"@type\":\"EntryPoint\",\"urlTemplate\":\"https:\\\/\\\/ventje.com\\\/de\\\/?s={search_term_string}\"},\"query-input\":{\"@type\":\"PropertyValueSpecification\",\"valueRequired\":true,\"valueName\":\"search_term_string\"}}],\"inLanguage\":\"de\"},{\"@type\":\"Organization\",\"@id\":\"https:\\\/\\\/ventje.com\\\/de\\\/#organization\",\"name\":\"Ventje\",\"url\":\"https:\\\/\\\/ventje.com\\\/de\\\/\",\"logo\":{\"@type\":\"ImageObject\",\"inLanguage\":\"de\",\"@id\":\"https:\\\/\\\/ventje.com\\\/de\\\/#\\\/schema\\\/logo\\\/image\\\/\",\"url\":\"\",\"contentUrl\":\"\",\"caption\":\"Ventje\"},\"image\":{\"@id\":\"https:\\\/\\\/ventje.com\\\/de\\\/#\\\/schema\\\/logo\\\/image\\\/\"},\"sameAs\":[\"https:\\\/\\\/www.facebook.com\\\/ventjecamper\\\/\",\"https:\\\/\\\/www.instagram.com\\\/ventje_camper\\\/\"]}]}<\/script>\n<!-- \/ Yoast SEO plugin. -->","yoast_head_json":{"title":"eVentje ID. Buzz camper - Ventje","description":"Entdecken Sie den eVentje, den elektrischen Campervan auf Basis des Volkswagen ID. Buzz. Nachhaltig reisen, stil campen, elektrisch unterwegs.","robots":{"index":"index","follow":"follow","max-snippet":"max-snippet:-1","max-image-preview":"max-image-preview:large","max-video-preview":"max-video-preview:-1"},"canonical":"https:\/\/ventje.com\/de\/artikel\/eventje\/","og_locale":"de_DE","og_type":"article","og_title":"eVentje ID. Buzz camper - Ventje","og_description":"Entdecken Sie den eVentje, den elektrischen Campervan auf Basis des Volkswagen ID. Buzz. Nachhaltig reisen, stil campen, elektrisch unterwegs.","og_url":"https:\/\/ventje.com\/de\/artikel\/eventje\/","og_site_name":"Ventje","article_publisher":"https:\/\/www.facebook.com\/ventjecamper\/","article_modified_time":"2025-10-28T07:52:54+00:00","schema":{"@context":"https:\/\/schema.org","@graph":[{"@type":"WebPage","@id":"https:\/\/ventje.com\/de\/artikel\/eventje\/","url":"https:\/\/ventje.com\/de\/artikel\/eventje\/","name":"eVentje ID. Buzz camper - Ventje","isPartOf":{"@id":"https:\/\/ventje.com\/de\/#website"},"datePublished":"2023-06-08T07:24:31+00:00","dateModified":"2025-10-28T07:52:54+00:00","description":"Entdecken Sie den eVentje, den elektrischen Campervan auf Basis des Volkswagen ID. Buzz. Nachhaltig reisen, stil campen, elektrisch unterwegs.","breadcrumb":{"@id":"https:\/\/ventje.com\/de\/artikel\/eventje\/#breadcrumb"},"inLanguage":"de","potentialAction":[{"@type":"ReadAction","target":["https:\/\/ventje.com\/de\/artikel\/eventje\/"]}]},{"@type":"BreadcrumbList","@id":"https:\/\/ventje.com\/de\/artikel\/eventje\/#breadcrumb","itemListElement":[{"@type":"ListItem","position":1,"name":"Home","item":"https:\/\/ventje.com\/de\/"},{"@type":"ListItem","position":2,"name":"Artikel","item":"https:\/\/ventje.com\/de\/artikel\/"},{"@type":"ListItem","position":3,"name":"eVentje ID. Buzz camper"}]},{"@type":"WebSite","@id":"https:\/\/ventje.com\/de\/#website","url":"https:\/\/ventje.com\/de\/","name":"Ventje","description":"Ultieme vrijheid staat voor de deur.","publisher":{"@id":"https:\/\/ventje.com\/de\/#organization"},"potentialAction":[{"@type":"SearchAction","target":{"@type":"EntryPoint","urlTemplate":"https:\/\/ventje.com\/de\/?s={search_term_string}"},"query-input":{"@type":"PropertyValueSpecification","valueRequired":true,"valueName":"search_term_string"}}],"inLanguage":"de"},{"@type":"Organization","@id":"https:\/\/ventje.com\/de\/#organization","name":"Ventje","url":"https:\/\/ventje.com\/de\/","logo":{"@type":"ImageObject","inLanguage":"de","@id":"https:\/\/ventje.com\/de\/#\/schema\/logo\/image\/","url":"","contentUrl":"","caption":"Ventje"},"image":{"@id":"https:\/\/ventje.com\/de\/#\/schema\/logo\/image\/"},"sameAs":["https:\/\/www.facebook.com\/ventjecamper\/","https:\/\/www.instagram.com\/ventje_camper\/"]}]}},"_links":{"self":[{"href":"https:\/\/ventje.com\/de\/wp-json\/wp\/v2\/pages\/277253","targetHints":{"allow":["GET"]}}],"collection":[{"href":"https:\/\/ventje.com\/de\/wp-json\/wp\/v2\/pages"}],"about":[{"href":"https:\/\/ventje.com\/de\/wp-json\/wp\/v2\/types\/page"}],"author":[{"embeddable":true,"href":"https:\/\/ventje.com\/de\/wp-json\/wp\/v2\/users\/6"}],"replies":[{"embeddable":true,"href":"https:\/\/ventje.com\/de\/wp-json\/wp\/v2\/comments?post=277253"}],"version-history":[{"count":66,"href":"https:\/\/ventje.com\/de\/wp-json\/wp\/v2\/pages\/277253\/revisions"}],"predecessor-version":[{"id":298015,"href":"https:\/\/ventje.com\/de\/wp-json\/wp\/v2\/pages\/277253\/revisions\/298015"}],"up":[{"embeddable":true,"href":"https:\/\/ventje.com\/de\/wp-json\/wp\/v2\/pages\/45254"}],"wp:attachment":[{"href":"https:\/\/ventje.com\/de\/wp-json\/wp\/v2\/media?parent=277253"}],"curies":[{"name":"wp","href":"https:\/\/api.w.org\/{rel}","templated":true}]}}