{"id":296623,"date":"2020-03-10T12:48:54","date_gmt":"2020-03-10T11:48:54","guid":{"rendered":"https:\/\/ventje.com\/artikel\/kfz-steuer\/"},"modified":"2025-09-10T15:19:50","modified_gmt":"2025-09-10T15:19:50","slug":"kfz-steuer","status":"publish","type":"page","link":"https:\/\/ventje.com\/de\/artikel\/kfz-steuer\/","title":{"rendered":"Kfz-Steuer"},"content":{"rendered":"<p>[et_pb_section fb_built=&#8220;1&#8243; _builder_version=&#8220;4.22.1&#8243; background_enable_color=&#8220;off&#8220; use_background_color_gradient=&#8220;on&#8220; background_color_gradient_type=&#8220;elliptical&#8220; background_color_gradient_stops=&#8220;rgba(2,0,0,0.23) 0%|rgba(41,196,169,0) 100%&#8220; background_image=&#8220;https:\/\/ventje.com\/wp-content\/uploads\/2023\/09\/ventje-op-een-bospad.webp&#8220; background_blend=&#8220;multiply&#8220; height=&#8220;450px&#8220; custom_margin=&#8220;||30px||false|false&#8220; custom_padding=&#8220;0px||0px||false|false&#8220; global_colors_info=&#8220;{}&#8220;][et_pb_row make_equal=&#8220;on&#8220; _builder_version=&#8220;4.18.0&#8243; background_color=&#8220;rgba(0,0,0,0)&#8220; background_enable_image=&#8220;off&#8220; width=&#8220;100%&#8220; module_alignment=&#8220;center&#8220; min_height_phone=&#8220;300px&#8220; min_height_last_edited=&#8220;off|tablet&#8220; height_tablet=&#8220;400px&#8220; height_phone=&#8220;300px&#8220; height_last_edited=&#8220;off|desktop&#8220; custom_margin=&#8220;||||false|false&#8220; custom_padding=&#8220;||||false|false&#8220; global_colors_info=&#8220;{}&#8220;][et_pb_column type=&#8220;4_4&#8243; _builder_version=&#8220;4.16&#8243; global_colors_info=&#8220;{}&#8220;][et_pb_text _builder_version=&#8220;4.18.0&#8243; text_font=&#8220;Futura book|700|||||||&#8220; header_font=&#8220;Futura book|700|||||||&#8220; header_text_align=&#8220;center&#8220; header_2_font=&#8220;|300|||||||&#8220; header_2_font_size=&#8220;50px&#8220; positioning=&#8220;relative&#8220; vertical_offset=&#8220;-107px&#8220; text_orientation=&#8220;center&#8220; background_layout=&#8220;dark&#8220; max_width=&#8220;70%&#8220; max_width_tablet=&#8220;75%&#8220; max_width_phone=&#8220;80%&#8220; max_width_last_edited=&#8220;on|desktop&#8220; module_alignment=&#8220;center&#8220; custom_margin=&#8220;235px|0px|0px|0px|false|false&#8220; custom_margin_tablet=&#8220;245px||||false|false&#8220; custom_margin_phone=&#8220;260px||||false|false&#8220; custom_margin_last_edited=&#8220;on|phone&#8220; custom_padding=&#8220;||||false|false&#8220; header_font_size_tablet=&#8220;&#8220; header_font_size_phone=&#8220;25px&#8220; header_font_size_last_edited=&#8220;on|phone&#8220; header_2_font_size_tablet=&#8220;50px&#8220; header_2_font_size_phone=&#8220;35px&#8220; header_2_font_size_last_edited=&#8220;on|desktop&#8220; header_text_shadow_style=&#8220;preset3&#8243; header_text_shadow_color=&#8220;rgba(0,0,0,0.42)&#8220; text_text_align=&#8220;center&#8220; global_colors_info=&#8220;{}&#8220; custom_margin__hover_enabled=&#8220;off|desktop&#8220; custom_padding__hover_enabled=&#8220;on|desktop&#8220; custom_padding__hover=&#8220;|0px|0px|0px|false|false&#8220;]<\/p>\n<h1>Kfz-Steuer<\/h1>\n<h2>Ein g\u00fcnstiger Tarif f\u00fcr Wohnmobile.<\/h2>\n<p>[\/et_pb_text][\/et_pb_column][\/et_pb_row][\/et_pb_section][et_pb_section fb_built=&#8220;1&#8243; _builder_version=&#8220;4.23.1&#8243; background_color=&#8220;RGBA(255,255,255,0)&#8220; custom_margin=&#8220;30px||||false|false&#8220; custom_padding=&#8220;||||false|false&#8220; global_colors_info=&#8220;{}&#8220;][et_pb_row _builder_version=&#8220;4.27.0&#8243; background_enable_color=&#8220;off&#8220; width=&#8220;100%&#8220; module_alignment=&#8220;center&#8220; custom_margin=&#8220;||||false|false&#8220; custom_padding=&#8220;||||false|false&#8220; hover_enabled=&#8220;0&#8243; global_colors_info=&#8220;{}&#8220; max_width=&#8220;960px&#8220; sticky_enabled=&#8220;0&#8243;][et_pb_column type=&#8220;4_4&#8243; _builder_version=&#8220;4.16&#8243; global_colors_info=&#8220;{}&#8220;][et_pb_text _builder_version=&#8220;4.18.0&#8243; header_text_align=&#8220;left&#8220; header_2_font=&#8220;|700|||||||&#8220; module_alignment=&#8220;center&#8220; custom_margin=&#8220;30px|30px|0px|30px|false|false&#8220; custom_margin_tablet=&#8220;30px||3px|30px|false|false&#8220; custom_margin_phone=&#8220;|30px|0px||false|false&#8220; custom_margin_last_edited=&#8220;on|phone&#8220; custom_padding=&#8220;0px|30px|0px|30px|false|false&#8220; global_colors_info=&#8220;{}&#8220;]<\/p>\n<h2>Kfz-Steuer f\u00fcr Wohnmobile<\/h2>\n<p class=\"p1\">Wohnmobile, auch Vierteltarif genannt. Aber was genau ist dieser Tarif? Und wie kommt man in den Vierteltarif?<br \/>Hier erfahren Sie alles, was Sie \u00fcber die Stra\u00dfensteuer f\u00fcr Ihr Wohnmobil wissen m\u00fcssen. So k\u00f6nnen Sie beim n\u00e4chsten Mal auch mitreden, statt nur \u201eja\u201c zu nicken.    <\/p>\n<h4 class=\"p1\"><strong><span class=\"s1\">Bedingungen f\u00fcr den Vierteltarif bei Wohnmobilen<\/span><\/strong><\/h4>\n<p class=\"p1\">Wohnmobile (und damit auch Ventjes) f\u00fcr den Eigengebrauch sind in der Stra\u00dfensteuer g\u00fcnstiger als ein Pkw. Das wird auch Vierteltarif genannt.<br \/>Um daf\u00fcr in Frage zu kommen, muss das Wohnmobil verschiedene Ausstattungsvorgaben des Finanzamts erf\u00fcllen. So muss der Innenraum sowohl f\u00fcr den Transport als auch f\u00fcr den Aufenthalt eingerichtet sein, es m\u00fcssen mindestens zwei feste Sitzpl\u00e4tze vorhanden sein und das Wohnmobil muss \u00fcber eine feste Koch- und Schlafgelegenheit verf\u00fcgen.<br \/>Alle diese Anforderungen sind auf der Website des Finanzamts zu finden.    <\/p>\n<h4 class=\"p1\"><strong>Geringe Stra\u00dfensteuer<\/strong><\/h4>\n<p class=\"p1\">Sind all diese Bedingungen von der RDW gepr\u00fcft und genehmigt worden? Dann f\u00e4llt Ihr Wohnmobil unter den sogenannten Vierteltarif f\u00fcr Wohnmobile. Damit zahlen Sie ein Viertel der Stra\u00dfensteuer, die f\u00fcr einen Pkw f\u00e4llig w\u00e4re. Kurz gesagt: Sie zahlen ein Quartal anstelle von vier Quartalen.<br \/>Dieser g\u00fcnstige Tarif wurde eingef\u00fchrt, weil man in der Regel weniger mit einem Wohnmobil f\u00e4hrt als mit einem normalen Auto. Gl\u00fccklicherweise kann man ein Ventje auch sehr gut als Alltagsfahrzeug nutzen. Es ist genauso wendig wie ein normales Auto. Daher haben Sie mit einem Ventje doppelten Vorteil: Sie fahren das Fahrzeug t\u00e4glich, zahlen aber die Stra\u00dfensteuer f\u00fcr ein Wohnmobil.<br \/>Wenn Sie Ihr Wohnmobil vermieten m\u00f6chten, zahlen Sie zwei von vier Quartalen Stra\u00dfensteuer.        <\/p>\n<h4 class=\"p1\"><strong>Antrag stellen<\/strong><\/h4>\n<p class=\"p1\">Diesen Tarif erhalten Sie nicht automatisch. Wenn Ihr Wohnmobil noch nicht unter den Vierteltarif der Stra\u00dfensteuer f\u00e4llt, m\u00fcssen Sie<a href=\"https:\/\/www.belastingdienst.nl\/wps\/wcm\/connect\/bldcontentnl\/belastingdienst\/prive\/auto_en_vervoer\/belastingen_op_auto_en_motor\/motorrijtuigenbelasting\/bijzonder_tarief\/kampeerauto-camper\" target=\"_blank\" rel=\"noopener noreferrer\"> einen Antrag beim Finanzamt stellen<\/a>. Dies l\u00e4sst sich recht einfach \u00fcber die Website des Finanzamts erledigen.    <a href=\"https:\/\/ventje.com\/kaufen\/\">Stellen Sie hier Ihr eigenes Ventje zusammen.<\/a><\/p>\n<p style=\"text-align: justify;\">\n<p>[\/et_pb_text][\/et_pb_column][\/et_pb_row][\/et_pb_section][et_pb_section fb_built=&#8220;1&#8243; _builder_version=&#8220;4.23.1&#8243; background_color=&#8220;RGBA(255,255,255,0)&#8220; custom_margin=&#8220;30px||||false|false&#8220; custom_padding=&#8220;||||false|false&#8220; global_colors_info=&#8220;{}&#8220;][et_pb_row _builder_version=&#8220;4.23.1&#8243; background_enable_color=&#8220;off&#8220; width=&#8220;100%&#8220; custom_margin=&#8220;||||false|false&#8220; custom_padding=&#8220;||||false|false&#8220; global_colors_info=&#8220;{}&#8220;][et_pb_column type=&#8220;4_4&#8243; _builder_version=&#8220;4.16&#8243; global_colors_info=&#8220;{}&#8220;][et_pb_testimonial author=&#8220;Frank Westland&#8220; job_title=&#8220;Industriedesigner&#8220; portrait_url=&#8220;https:\/\/ventje.com\/wp-content\/uploads\/2023\/01\/frank-westland.jpg&#8220; quote_icon_background_color=&#8220;RGBA(255,255,255,0)&#8220; portrait_width=&#8220;150px&#8220; portrait_height=&#8220;150px&#8220; _builder_version=&#8220;4.23.1&#8243; author_text_align=&#8220;center&#8220; background_enable_color=&#8220;off&#8220; text_orientation=&#8220;center&#8220; min_height=&#8220;217.5px&#8220; custom_margin=&#8220;||||false|false&#8220; custom_padding=&#8220;||||false|false&#8220; custom_css_testimonial_description=&#8220;margin-right: 180px;&#8220; custom_css_testimonial_author=&#8220;color: #f3a713;||&#8220; global_colors_info=&#8220;{}&#8220;]<\/p>\n<p style=\"text-align: center;\">\u201eSich langmachen&#8220; ist bei uns wortw\u00f6rtlich zu verstehen: Mit einem extra langen Bett von 200 cm ist Ventje auch f\u00fcr gro\u00dfe Menschen bequem. Der Stoffbezug f\u00fchlt sich angenehm an und ist waschbar. Die komplett schlie\u00dfenden Verdunklungsvorh\u00e4nge sorgen f\u00fcr absolute Ruhe. Frischluft findet ihren Weg in den Bus \u00fcber mehrere Bel\u00fcftungspunkte.\u201c<\/p>\n<p>[\/et_pb_testimonial][\/et_pb_column][\/et_pb_row][\/et_pb_section][et_pb_section fb_built=&#8220;1&#8243; _builder_version=&#8220;4.23.1&#8243; _module_preset=&#8220;default&#8220; background_color=&#8220;RGBA(255,255,255,0)&#8220; custom_margin=&#8220;30px||||false|false&#8220; global_colors_info=&#8220;{}&#8220;][et_pb_row column_structure=&#8220;1_2,1_2&#8243; use_custom_gutter=&#8220;on&#8220; make_equal=&#8220;on&#8220; _builder_version=&#8220;4.27.0&#8243; _module_preset=&#8220;default&#8220; width=&#8220;100%&#8220; width_last_edited=&#8220;off|tablet&#8220; custom_margin=&#8220;||||false|false&#8220; hover_enabled=&#8220;0&#8243; border_color_bottom=&#8220;#FFFFFF&#8220; border_width_right_tablet=&#8220;&#8220; border_width_right_phone=&#8220;&#8220; border_width_right_last_edited=&#8220;on|tablet&#8220; border_width_bottom_tablet=&#8220;&#8220; border_width_bottom_phone=&#8220;&#8220; border_width_bottom_last_edited=&#8220;on|tablet&#8220; global_colors_info=&#8220;{}&#8220; max_width=&#8220;960px&#8220; sticky_enabled=&#8220;0&#8243;][et_pb_column type=&#8220;1_2&#8243; _builder_version=&#8220;4.23.1&#8243; _dynamic_attributes=&#8220;link_option_url&#8220; _module_preset=&#8220;default&#8220; background_enable_color=&#8220;off&#8220; use_background_color_gradient=&#8220;on&#8220; background_color_gradient_stops=&#8220;rgba(0,2,0,0.5) 0%|rgba(41,196,169,0) 50%&#8220; background_image=&#8220;https:\/\/ventje.com\/wp-content\/uploads\/2023\/09\/de-bergruimte-in-een-ventje-camper.webp&#8220; background_blend=&#8220;multiply&#8220; custom_padding_tablet=&#8220;||30px||false|false&#8220; custom_padding_phone=&#8220;||30px||false|false&#8220; custom_padding_last_edited=&#8220;off|desktop&#8220; link_option_url=&#8220;@ET-DC@eyJkeW5hbWljIjp0cnVlLCJjb250ZW50IjoicG9zdF9saW5rX3VybF9wYWdlIiwic2V0dGluZ3MiOnsicG9zdF9pZCI6IjE2NTQiLCJlbmFibGVfaHRtbCI6Im9mZiJ9fQ==@&#8220; background_color_tablet=&#8220;rgba(69,65,64,0.6)&#8220; background_last_edited=&#8220;on|tablet&#8220; background_enable_color_tablet=&#8220;on&#8220; use_background_color_gradient_tablet=&#8220;off&#8220; custom_css_main_element=&#8220;margin-top: 0!important;||margin-right: 15px!important; &#8220; border_color_right=&#8220;#FFFFFF&#8220; border_color_bottom=&#8220;#FFFFFF&#8220; border_width_right_tablet=&#8220;0px&#8220; border_width_right_phone=&#8220;0px&#8220; border_width_right_last_edited=&#8220;off|desktop&#8220; border_width_bottom_tablet=&#8220;30px&#8220; border_width_bottom_phone=&#8220;30px&#8220; border_width_bottom_last_edited=&#8220;off|desktop&#8220; border_width_left_tablet=&#8220;&#8220; border_width_left_phone=&#8220;&#8220; border_width_left_last_edited=&#8220;on|phone&#8220; global_colors_info=&#8220;{}&#8220; background__hover_enabled=&#8220;off|desktop&#8220; custom_css_main_element_last_edited=&#8220;on|tablet&#8220; custom_css_main_element_tablet=&#8220;margin-top: 30px!important;||margin-right: 0!important; &#8220; custom_css_main_element_phone=&#8220;margin-top: 30px!important;||margin-right: 0!important; &#8222;][et_pb_text _builder_version=&#8220;4.23.1&#8243; _module_preset=&#8220;default&#8220; link_font=&#8220;|700|||||||&#8220; link_font_size=&#8220;17px&#8220; header_3_font_size=&#8220;33px&#8220; header_3_line_height=&#8220;1.2em&#8220; text_orientation=&#8220;center&#8220; background_layout=&#8220;dark&#8220; max_width_last_edited=&#8220;off|desktop&#8220; height_tablet=&#8220;450px&#8220; height_phone=&#8220;350px&#8220; height_last_edited=&#8220;off|desktop&#8220; custom_margin=&#8220;60px||||false|false&#8220; header_2_font_size_tablet=&#8220;&#8220; header_2_font_size_phone=&#8220;25px&#8220; header_2_font_size_last_edited=&#8220;on|phone&#8220; header_3_font_size_tablet=&#8220;33px&#8220; header_3_font_size_phone=&#8220;25px&#8220; header_3_font_size_last_edited=&#8220;on|phone&#8220; global_colors_info=&#8220;{}&#8220;]<\/p>\n<h3>Bequem Reisen.<\/h3>\n<p>Mehr als genug Platz.<\/p>\n<p><a href=\"https:\/\/ventje.com\/de\/camper-innenausbau\/bequem-reisen\/\">Mehr lesen &gt;<\/a><\/p>\n<p>[\/et_pb_text][\/et_pb_column][et_pb_column type=&#8220;1_2&#8243; _builder_version=&#8220;4.27.0&#8243; _dynamic_attributes=&#8220;link_option_url&#8220; _module_preset=&#8220;default&#8220; background_enable_color=&#8220;off&#8220; use_background_color_gradient=&#8220;on&#8220; background_color_gradient_stops=&#8220;rgba(1,2,0,0.3) 0%|rgba(41,196,169,0) 49%&#8220; background_image=&#8220;https:\/\/ventje.com\/wp-content\/uploads\/2024\/07\/ventjes-gekleurd-two-tone-volkswagen-1.webp&#8220; background_blend=&#8220;multiply&#8220; custom_padding=&#8220;||||false|false&#8220; link_option_url=&#8220;@ET-DC@eyJkeW5hbWljIjp0cnVlLCJjb250ZW50IjoicG9zdF9saW5rX3VybF9wYWdlIiwic2V0dGluZ3MiOnsicG9zdF9pZCI6IjYzOTAiLCJlbmFibGVfaHRtbCI6Im9mZiJ9fQ==@&#8220; background_color_tablet=&#8220;rgba(69,65,64,0.6)&#8220; background_last_edited=&#8220;on|tablet&#8220; background_enable_color_tablet=&#8220;on&#8220; use_background_color_gradient_tablet=&#8220;off&#8220; custom_css_main_element=&#8220;margin-top: 0!important;||margin-left: 15px!important; &#8220; border_color_left=&#8220;#FFFFFF&#8220; border_width_left_tablet=&#8220;0px&#8220; border_width_left_phone=&#8220;0px&#8220; border_width_left_last_edited=&#8220;off|desktop&#8220; global_colors_info=&#8220;{}&#8220; background__hover_enabled=&#8220;off|hover&#8220; custom_css_main_element_last_edited=&#8220;on|tablet&#8220; custom_css_main_element_tablet=&#8220;margin-top: 30px!important;||margin-left: 0!important; &#8220; custom_css_main_element_phone=&#8220;margin-top: 30px!important;||margin-left: 0!important; &#8222;][et_pb_text _builder_version=&#8220;4.20.0&#8243; _module_preset=&#8220;default&#8220; link_font=&#8220;|700|||||||&#8220; link_font_size=&#8220;17px&#8220; link_line_height=&#8220;2.2em&#8220; text_orientation=&#8220;center&#8220; background_layout=&#8220;dark&#8220; height=&#8220;550px&#8220; height_tablet=&#8220;450px&#8220; height_phone=&#8220;350px&#8220; height_last_edited=&#8220;on|phone&#8220; custom_margin=&#8220;||||false|false&#8220; custom_padding=&#8220;50px|35px|50px|35px|true|true&#8220; global_colors_info=&#8220;{}&#8220;]<\/p>\n<h1>W\u00e4hl deinen Anstrich!<\/h1>\n<p>Team neutraler Look oder farbenfroher Ventje?<br \/>\n<a href=\"https:\/\/ventje.com\/kaufen\/\">W\u00e4hl deine Farbe &gt;<\/a>[\/et_pb_text][\/et_pb_column][\/et_pb_row][\/et_pb_section][et_pb_section fb_built=&#8220;1&#8243; _builder_version=&#8220;4.23.1&#8243; background_color=&#8220;RGBA(255,255,255,0)&#8220; custom_margin=&#8220;30px||||false|false&#8220; custom_margin_tablet=&#8220;-81px||||false|false&#8220; custom_margin_last_edited=&#8220;off|desktop&#8220; custom_padding=&#8220;||||false|false&#8220; global_colors_info=&#8220;{}&#8220;][et_pb_row _builder_version=&#8220;4.27.0&#8243; background_enable_color=&#8220;off&#8220; custom_margin=&#8220;||||false|false&#8220; hover_enabled=&#8220;0&#8243; global_colors_info=&#8220;{}&#8220; max_width=&#8220;960px&#8220; sticky_enabled=&#8220;0&#8243;][et_pb_column type=&#8220;4_4&#8243; _builder_version=&#8220;4.23.1&#8243; global_colors_info=&#8220;{}&#8220;][et_pb_button button_url=&#8220;@ET-DC@eyJkeW5hbWljIjp0cnVlLCJjb250ZW50IjoicG9zdF9saW5rX3VybF9wYWdlIiwic2V0dGluZ3MiOnsicG9zdF9pZCI6IjE5MyIsImVuYWJsZV9odG1sIjoib2ZmIn19@&#8220; button_text=&#8220;Zur\u00fcck zu den Artikeln&#8220; button_alignment=&#8220;center&#8220; button_alignment_tablet=&#8220;&#8220; button_alignment_phone=&#8220;&#8220; button_alignment_last_edited=&#8220;on|desktop&#8220; module_class=&#8220;bottom-button&#8220; _builder_version=&#8220;4.23.1&#8243; _dynamic_attributes=&#8220;button_url&#8220; custom_button=&#8220;on&#8220; button_icon=&#8220;&#x44;||divi||400&#8243; button_icon_placement=&#8220;left&#8220; custom_padding=&#8220;||||false|false&#8220; custom_padding_tablet=&#8220;||||false|false&#8220; custom_padding_phone=&#8220;||||false|false&#8220; custom_padding_last_edited=&#8220;on|desktop&#8220; hover_transition_speed_curve=&#8220;ease-in-out&#8220; custom_css_before=&#8220;||&#8220; custom_css_after=&#8220;||&#8220; global_colors_info=&#8220;{}&#8220;][\/et_pb_button][\/et_pb_column][\/et_pb_row][\/et_pb_section]<\/p>\n","protected":false},"excerpt":{"rendered":"<p>Kfz-Steuer Ein g\u00fcnstiger Tarif f\u00fcr Wohnmobile.Kfz-Steuer f\u00fcr Wohnmobile Wohnmobile, auch Vierteltarif genannt. Aber was genau ist dieser Tarif? Und wie kommt man in den Vierteltarif?Hier erfahren Sie alles, was Sie \u00fcber die Stra\u00dfensteuer f\u00fcr Ihr Wohnmobil wissen m\u00fcssen. So k\u00f6nnen Sie beim n\u00e4chsten Mal auch mitreden, statt nur \u201eja\u201c zu nicken. Bedingungen f\u00fcr den Vierteltarif [&hellip;]<\/p>\n","protected":false},"author":2,"featured_media":289640,"parent":45254,"menu_order":32,"comment_status":"closed","ping_status":"closed","template":"","meta":{"_acf_changed":false,"_et_pb_use_builder":"on","_et_pb_old_content":"","_et_gb_content_width":"","footnotes":""},"class_list":["post-296623","page","type-page","status-publish","has-post-thumbnail","hentry"],"acf":[],"yoast_head":"<!-- This site is optimized with the Yoast SEO plugin v27.5 - https:\/\/yoast.com\/product\/yoast-seo-wordpress\/ -->\n<title>Stra\u00dfensteuer f\u00fcr Wohnmobile \u2013 Wie funktioniert das? \u2013 Ventje Camper<\/title>\n<meta name=\"description\" content=\"Was ist der Vierteltarif und wie kommt man dorthin?Hier erfahren Sie alles, was Sie \u00fcber die Stra\u00dfensteuer f\u00fcr Ihr Wohnmobil wissen m\u00fcssen.\" \/>\n<meta name=\"robots\" content=\"index, follow, max-snippet:-1, max-image-preview:large, max-video-preview:-1\" \/>\n<link rel=\"canonical\" href=\"https:\/\/ventje.com\/de\/artikel\/kfz-steuer\/\" \/>\n<meta property=\"og:locale\" content=\"de_DE\" \/>\n<meta property=\"og:type\" content=\"article\" \/>\n<meta property=\"og:title\" content=\"Stra\u00dfensteuer f\u00fcr Wohnmobile \u2013 Wie funktioniert das? \u2013 Ventje Camper\" \/>\n<meta property=\"og:description\" content=\"Was ist der Vierteltarif und wie kommt man dorthin?Hier erfahren Sie alles, was Sie \u00fcber die Stra\u00dfensteuer f\u00fcr Ihr Wohnmobil wissen m\u00fcssen.\" \/>\n<meta property=\"og:url\" content=\"https:\/\/ventje.com\/de\/artikel\/kfz-steuer\/\" \/>\n<meta property=\"og:site_name\" content=\"Ventje\" \/>\n<meta property=\"article:publisher\" content=\"https:\/\/www.facebook.com\/ventjecamper\/\" \/>\n<meta property=\"article:modified_time\" content=\"2025-09-10T15:19:50+00:00\" \/>\n<script type=\"application\/ld+json\" class=\"yoast-schema-graph\">{\"@context\":\"https:\\\/\\\/schema.org\",\"@graph\":[{\"@type\":\"WebPage\",\"@id\":\"https:\\\/\\\/ventje.com\\\/de\\\/artikel\\\/kfz-steuer\\\/\",\"url\":\"https:\\\/\\\/ventje.com\\\/de\\\/artikel\\\/kfz-steuer\\\/\",\"name\":\"Stra\u00dfensteuer f\u00fcr Wohnmobile \u2013 Wie funktioniert das? \u2013 Ventje Camper\",\"isPartOf\":{\"@id\":\"https:\\\/\\\/ventje.com\\\/de\\\/#website\"},\"primaryImageOfPage\":{\"@id\":\"https:\\\/\\\/ventje.com\\\/de\\\/artikel\\\/kfz-steuer\\\/#primaryimage\"},\"image\":{\"@id\":\"https:\\\/\\\/ventje.com\\\/de\\\/artikel\\\/kfz-steuer\\\/#primaryimage\"},\"thumbnailUrl\":\"https:\\\/\\\/ventje.com\\\/wp-content\\\/uploads\\\/2024\\\/10\\\/2023-08-29-9.webp\",\"datePublished\":\"2020-03-10T11:48:54+00:00\",\"dateModified\":\"2025-09-10T15:19:50+00:00\",\"description\":\"Was ist der Vierteltarif und wie kommt man dorthin?Hier erfahren Sie alles, was Sie \u00fcber die Stra\u00dfensteuer f\u00fcr Ihr Wohnmobil wissen m\u00fcssen.\",\"breadcrumb\":{\"@id\":\"https:\\\/\\\/ventje.com\\\/de\\\/artikel\\\/kfz-steuer\\\/#breadcrumb\"},\"inLanguage\":\"de\",\"potentialAction\":[{\"@type\":\"ReadAction\",\"target\":[\"https:\\\/\\\/ventje.com\\\/de\\\/artikel\\\/kfz-steuer\\\/\"]}]},{\"@type\":\"ImageObject\",\"inLanguage\":\"de\",\"@id\":\"https:\\\/\\\/ventje.com\\\/de\\\/artikel\\\/kfz-steuer\\\/#primaryimage\",\"url\":\"https:\\\/\\\/ventje.com\\\/wp-content\\\/uploads\\\/2024\\\/10\\\/2023-08-29-9.webp\",\"contentUrl\":\"https:\\\/\\\/ventje.com\\\/wp-content\\\/uploads\\\/2024\\\/10\\\/2023-08-29-9.webp\",\"width\":704,\"height\":953},{\"@type\":\"BreadcrumbList\",\"@id\":\"https:\\\/\\\/ventje.com\\\/de\\\/artikel\\\/kfz-steuer\\\/#breadcrumb\",\"itemListElement\":[{\"@type\":\"ListItem\",\"position\":1,\"name\":\"Home\",\"item\":\"https:\\\/\\\/ventje.com\\\/de\\\/\"},{\"@type\":\"ListItem\",\"position\":2,\"name\":\"Artikel\",\"item\":\"https:\\\/\\\/ventje.com\\\/de\\\/artikel\\\/\"},{\"@type\":\"ListItem\",\"position\":3,\"name\":\"Kfz-Steuer\"}]},{\"@type\":\"WebSite\",\"@id\":\"https:\\\/\\\/ventje.com\\\/de\\\/#website\",\"url\":\"https:\\\/\\\/ventje.com\\\/de\\\/\",\"name\":\"Ventje\",\"description\":\"Ultieme vrijheid staat voor de deur.\",\"publisher\":{\"@id\":\"https:\\\/\\\/ventje.com\\\/de\\\/#organization\"},\"potentialAction\":[{\"@type\":\"SearchAction\",\"target\":{\"@type\":\"EntryPoint\",\"urlTemplate\":\"https:\\\/\\\/ventje.com\\\/de\\\/?s={search_term_string}\"},\"query-input\":{\"@type\":\"PropertyValueSpecification\",\"valueRequired\":true,\"valueName\":\"search_term_string\"}}],\"inLanguage\":\"de\"},{\"@type\":\"Organization\",\"@id\":\"https:\\\/\\\/ventje.com\\\/de\\\/#organization\",\"name\":\"Ventje\",\"url\":\"https:\\\/\\\/ventje.com\\\/de\\\/\",\"logo\":{\"@type\":\"ImageObject\",\"inLanguage\":\"de\",\"@id\":\"https:\\\/\\\/ventje.com\\\/de\\\/#\\\/schema\\\/logo\\\/image\\\/\",\"url\":\"\",\"contentUrl\":\"\",\"caption\":\"Ventje\"},\"image\":{\"@id\":\"https:\\\/\\\/ventje.com\\\/de\\\/#\\\/schema\\\/logo\\\/image\\\/\"},\"sameAs\":[\"https:\\\/\\\/www.facebook.com\\\/ventjecamper\\\/\",\"https:\\\/\\\/www.instagram.com\\\/ventje_camper\\\/\"]}]}<\/script>\n<!-- \/ Yoast SEO plugin. -->","yoast_head_json":{"title":"Stra\u00dfensteuer f\u00fcr Wohnmobile \u2013 Wie funktioniert das? \u2013 Ventje Camper","description":"Was ist der Vierteltarif und wie kommt man dorthin?Hier erfahren Sie alles, was Sie \u00fcber die Stra\u00dfensteuer f\u00fcr Ihr Wohnmobil wissen m\u00fcssen.","robots":{"index":"index","follow":"follow","max-snippet":"max-snippet:-1","max-image-preview":"max-image-preview:large","max-video-preview":"max-video-preview:-1"},"canonical":"https:\/\/ventje.com\/de\/artikel\/kfz-steuer\/","og_locale":"de_DE","og_type":"article","og_title":"Stra\u00dfensteuer f\u00fcr Wohnmobile \u2013 Wie funktioniert das? \u2013 Ventje Camper","og_description":"Was ist der Vierteltarif und wie kommt man dorthin?Hier erfahren Sie alles, was Sie \u00fcber die Stra\u00dfensteuer f\u00fcr Ihr Wohnmobil wissen m\u00fcssen.","og_url":"https:\/\/ventje.com\/de\/artikel\/kfz-steuer\/","og_site_name":"Ventje","article_publisher":"https:\/\/www.facebook.com\/ventjecamper\/","article_modified_time":"2025-09-10T15:19:50+00:00","schema":{"@context":"https:\/\/schema.org","@graph":[{"@type":"WebPage","@id":"https:\/\/ventje.com\/de\/artikel\/kfz-steuer\/","url":"https:\/\/ventje.com\/de\/artikel\/kfz-steuer\/","name":"Stra\u00dfensteuer f\u00fcr Wohnmobile \u2013 Wie funktioniert das? \u2013 Ventje Camper","isPartOf":{"@id":"https:\/\/ventje.com\/de\/#website"},"primaryImageOfPage":{"@id":"https:\/\/ventje.com\/de\/artikel\/kfz-steuer\/#primaryimage"},"image":{"@id":"https:\/\/ventje.com\/de\/artikel\/kfz-steuer\/#primaryimage"},"thumbnailUrl":"https:\/\/ventje.com\/wp-content\/uploads\/2024\/10\/2023-08-29-9.webp","datePublished":"2020-03-10T11:48:54+00:00","dateModified":"2025-09-10T15:19:50+00:00","description":"Was ist der Vierteltarif und wie kommt man dorthin?Hier erfahren Sie alles, was Sie \u00fcber die Stra\u00dfensteuer f\u00fcr Ihr Wohnmobil wissen m\u00fcssen.","breadcrumb":{"@id":"https:\/\/ventje.com\/de\/artikel\/kfz-steuer\/#breadcrumb"},"inLanguage":"de","potentialAction":[{"@type":"ReadAction","target":["https:\/\/ventje.com\/de\/artikel\/kfz-steuer\/"]}]},{"@type":"ImageObject","inLanguage":"de","@id":"https:\/\/ventje.com\/de\/artikel\/kfz-steuer\/#primaryimage","url":"https:\/\/ventje.com\/wp-content\/uploads\/2024\/10\/2023-08-29-9.webp","contentUrl":"https:\/\/ventje.com\/wp-content\/uploads\/2024\/10\/2023-08-29-9.webp","width":704,"height":953},{"@type":"BreadcrumbList","@id":"https:\/\/ventje.com\/de\/artikel\/kfz-steuer\/#breadcrumb","itemListElement":[{"@type":"ListItem","position":1,"name":"Home","item":"https:\/\/ventje.com\/de\/"},{"@type":"ListItem","position":2,"name":"Artikel","item":"https:\/\/ventje.com\/de\/artikel\/"},{"@type":"ListItem","position":3,"name":"Kfz-Steuer"}]},{"@type":"WebSite","@id":"https:\/\/ventje.com\/de\/#website","url":"https:\/\/ventje.com\/de\/","name":"Ventje","description":"Ultieme vrijheid staat voor de deur.","publisher":{"@id":"https:\/\/ventje.com\/de\/#organization"},"potentialAction":[{"@type":"SearchAction","target":{"@type":"EntryPoint","urlTemplate":"https:\/\/ventje.com\/de\/?s={search_term_string}"},"query-input":{"@type":"PropertyValueSpecification","valueRequired":true,"valueName":"search_term_string"}}],"inLanguage":"de"},{"@type":"Organization","@id":"https:\/\/ventje.com\/de\/#organization","name":"Ventje","url":"https:\/\/ventje.com\/de\/","logo":{"@type":"ImageObject","inLanguage":"de","@id":"https:\/\/ventje.com\/de\/#\/schema\/logo\/image\/","url":"","contentUrl":"","caption":"Ventje"},"image":{"@id":"https:\/\/ventje.com\/de\/#\/schema\/logo\/image\/"},"sameAs":["https:\/\/www.facebook.com\/ventjecamper\/","https:\/\/www.instagram.com\/ventje_camper\/"]}]}},"_links":{"self":[{"href":"https:\/\/ventje.com\/de\/wp-json\/wp\/v2\/pages\/296623","targetHints":{"allow":["GET"]}}],"collection":[{"href":"https:\/\/ventje.com\/de\/wp-json\/wp\/v2\/pages"}],"about":[{"href":"https:\/\/ventje.com\/de\/wp-json\/wp\/v2\/types\/page"}],"author":[{"embeddable":true,"href":"https:\/\/ventje.com\/de\/wp-json\/wp\/v2\/users\/2"}],"replies":[{"embeddable":true,"href":"https:\/\/ventje.com\/de\/wp-json\/wp\/v2\/comments?post=296623"}],"version-history":[{"count":5,"href":"https:\/\/ventje.com\/de\/wp-json\/wp\/v2\/pages\/296623\/revisions"}],"predecessor-version":[{"id":296628,"href":"https:\/\/ventje.com\/de\/wp-json\/wp\/v2\/pages\/296623\/revisions\/296628"}],"up":[{"embeddable":true,"href":"https:\/\/ventje.com\/de\/wp-json\/wp\/v2\/pages\/45254"}],"wp:featuredmedia":[{"embeddable":true,"href":"https:\/\/ventje.com\/de\/wp-json\/wp\/v2\/media\/289640"}],"wp:attachment":[{"href":"https:\/\/ventje.com\/de\/wp-json\/wp\/v2\/media?parent=296623"}],"curies":[{"name":"wp","href":"https:\/\/api.w.org\/{rel}","templated":true}]}}