{"id":300458,"date":"2020-03-10T11:39:27","date_gmt":"2020-03-10T11:39:27","guid":{"rendered":"https:\/\/ventje.com\/artikel\/hauptuntersuchung-fuer-wohnmobile\/"},"modified":"2026-01-19T15:23:01","modified_gmt":"2026-01-19T15:23:01","slug":"hauptuntersuchung-fuer-wohnmobile","status":"publish","type":"page","link":"https:\/\/ventje.com\/de\/artikel\/hauptuntersuchung-fuer-wohnmobile\/","title":{"rendered":"T\u00dcV-Pr\u00fcfung"},"content":{"rendered":"<p>[et_pb_section fb_built=&#8220;1&#8243; _builder_version=&#8220;4.22.1&#8243; background_enable_color=&#8220;off&#8220; use_background_color_gradient=&#8220;on&#8220; background_color_gradient_type=&#8220;elliptical&#8220; background_color_gradient_stops=&#8220;rgba(0,2,1,0.33) 0%|rgba(41,196,169,0) 56%&#8220; background_image=&#8220;https:\/\/ventje.com\/wp-content\/uploads\/2023\/09\/het-dashboard-van-een-ventje-kampeerbus-1.webp&#8220; background_blend=&#8220;multiply&#8220; custom_margin=&#8220;0px||30px||false|false&#8220; custom_padding=&#8220;0px||0px||false|false&#8220; global_colors_info=&#8220;{}&#8220;][et_pb_row make_equal=&#8220;on&#8220; _builder_version=&#8220;4.18.0&#8243; background_color=&#8220;rgba(0,0,0,0)&#8220; background_enable_image=&#8220;off&#8220; width=&#8220;100%&#8220; module_alignment=&#8220;center&#8220; min_height_phone=&#8220;300px&#8220; min_height_last_edited=&#8220;off|tablet&#8220; height=&#8220;450px&#8220; height_tablet=&#8220;400px&#8220; height_phone=&#8220;300px&#8220; height_last_edited=&#8220;on|phone&#8220; custom_margin=&#8220;||||false|false&#8220; custom_padding=&#8220;||||false|false&#8220; global_colors_info=&#8220;{}&#8220;][et_pb_column type=&#8220;4_4&#8243; _builder_version=&#8220;4.16&#8243; global_colors_info=&#8220;{}&#8220;][et_pb_text _builder_version=&#8220;4.21.2&#8243; text_font=&#8220;Futura book|700|||||||&#8220; header_font=&#8220;Futura book|700|||||||&#8220; header_text_align=&#8220;center&#8220; header_2_font=&#8220;|300|||||||&#8220; header_2_font_size=&#8220;50px&#8220; positioning=&#8220;relative&#8220; vertical_offset=&#8220;-107px&#8220; text_orientation=&#8220;center&#8220; background_layout=&#8220;dark&#8220; max_width=&#8220;70%&#8220; max_width_tablet=&#8220;75%&#8220; max_width_phone=&#8220;80%&#8220; max_width_last_edited=&#8220;on|desktop&#8220; module_alignment=&#8220;center&#8220; custom_margin=&#8220;235px|0px|0px|0px|false|false&#8220; custom_margin_tablet=&#8220;||||false|false&#8220; custom_margin_phone=&#8220;190px||||false|false&#8220; custom_margin_last_edited=&#8220;on|phone&#8220; custom_padding=&#8220;||||false|false&#8220; header_font_size_tablet=&#8220;&#8220; header_font_size_phone=&#8220;25px&#8220; header_font_size_last_edited=&#8220;on|phone&#8220; header_2_font_size_tablet=&#8220;50px&#8220; header_2_font_size_phone=&#8220;35px&#8220; header_2_font_size_last_edited=&#8220;on|phone&#8220; header_text_shadow_style=&#8220;preset3&#8243; header_text_shadow_color=&#8220;rgba(0,0,0,0.42)&#8220; text_text_align=&#8220;center&#8220; global_colors_info=&#8220;{}&#8220; custom_margin__hover_enabled=&#8220;off|desktop&#8220; custom_padding__hover_enabled=&#8220;off|desktop&#8220; custom_padding__hover=&#8220;|0px|0px|0px|false|false&#8220;]<\/p>\n<h1>T\u00dcV-Pr\u00fcfung<\/h1>\n<h2>Was ist zu beachten f\u00fcr deinen Ventje Campervan?<\/h2>\n<p>[\/et_pb_text][\/et_pb_column][\/et_pb_row][\/et_pb_section][et_pb_section fb_built=&#8220;1&#8243; _builder_version=&#8220;4.23.1&#8243; background_color=&#8220;RGBA(255,255,255,0)&#8220; custom_margin=&#8220;0px||0px||true|false&#8220; custom_padding=&#8220;0px||0px||false|false&#8220; global_colors_info=&#8220;{}&#8220;][et_pb_row _builder_version=&#8220;4.27.0&#8243; background_enable_color=&#8220;off&#8220; width=&#8220;100%&#8220; max_width=&#8220;960px&#8220; module_alignment=&#8220;center&#8220; custom_margin=&#8220;0px|0px|0px|0px|false|false&#8220; custom_padding=&#8220;0px|0px|0px|0px|false|true&#8220; global_colors_info=&#8220;{}&#8220;][et_pb_column type=&#8220;4_4&#8243; _builder_version=&#8220;4.16&#8243; global_colors_info=&#8220;{}&#8220;][et_pb_text _builder_version=&#8220;4.16&#8243; header_text_align=&#8220;left&#8220; header_2_font=&#8220;|700|||||||&#8220; width=&#8220;100%&#8220; module_alignment=&#8220;center&#8220; custom_margin=&#8220;30px|0px|0px|0px|false|false&#8220; custom_margin_tablet=&#8220;30px|0px|0px|0px|false|false&#8220; custom_margin_phone=&#8220;|30px|||false|false&#8220; custom_margin_last_edited=&#8220;on|phone&#8220; custom_padding=&#8220;0px|30px|15px|30px|false|false&#8220; global_colors_info=&#8220;{}&#8220;]<\/p>\n<h2>Welche gesetzlichen Auflagen bestehen in Deutschland f\u00fcr die T\u00dcV \/ HU Pr\u00fcfung deines Ventje (Kategorie bis 3,5t).<span class=\"s1\"><\/span><\/h2>\n<p class=\"p1\"><span class=\"s1\">Es gibt verschiedene Meinungen \u00fcber die T\u00dcV-Pr\u00fcfung des Wohnmobils. Muss sie einmal im Jahr durchgef\u00fchrt werden oder reicht es, wenn sie alle zwei Jahre stattfindet?  <\/span><span class=\"s1\">Die T\u00dcV-Pr\u00fcfung f\u00fcr Wohnmobile und Campervans umfasst die Hauptuntersuchung (HU) und die Abgasuntersuchung (AU), wobei die Fristen je nach zul\u00e4ssigem Gesamtgewicht variieren:  <\/span><\/p>\n<h4 class=\"p1\"><strong><span class=\"s1\">Pr\u00fcfintervalle: <br \/>Bis 3,5 t: Erste HU nach 3 Jahren, danach alle 2 Jahre.<br \/>\u00dcber 3,5 t bis 7,5 t: Alle 2 Jahre, ab dem 7. Jahr j\u00e4hrlich.<br \/>\u00dcber 7,5 t: j\u00e4hrlich.<\/span><\/strong><\/h4>\n<p class=\"p1\">Wie funktioniert die T\u00dcV-Pr\u00fcfung bei einem Ventje auf Basis eines neuen Busses?  <\/p>\n<p class=\"p1\">Wenn dein Ventje auf einem neuen Bus aufgebaut ist, gilt der T\u00dcV-Zeitplan f\u00fcr Neufahrzeuge.   <\/p>\n<h4 class=\"p1\"><strong>Wie funktioniert die T\u00dcV-P\u00fcrfung bei einem Ventje auf Basis eines gebrauchten Busses?<\/strong><\/h4>\n<p class=\"p1\">Dann gilt die T\u00dcV-Frist, die dem Alter des Busses entspricht. Es spielt keine Rolle, dass die Innenausstattung neu ist, die Pr\u00fcfstellen ber\u00fccksichtigen immer das Datum der Erstzulassung.  <\/p>\n<p class=\"p1\">Wann wei\u00df ich genau, wann mein Ventje wieder zur T\u00dcV-Pr\u00fcfung muss?<\/p>\n<h4 class=\"p1\"><strong>Die genauen Angaben kannst du im Fahrzeugschein nachlesen. Du findest es auf der ersten Seite links unten.<\/strong><\/h4>\n<p class=\"p1\">Umgangssprachlich wird meistens vom <a href=\"https:\/\/www.tuev-nord.de\/de\" target=\"_blank\" rel=\"noopener noreferrer\">T\u00dcV<\/a> gesprochen, wichtig zu wissen ist dabei, die HU kann auch von einer anderen Pr\u00fcfanstalt durchgef\u00fchrt werden (z.B. Dekra, GT\u00dc und K\u00dcS). Dar\u00fcber hinaus bieten manche Werkst\u00e4tten auch einen so genannten \u201eHU im Haus\u201c Service an.   <\/p>\n<p class=\"p1\">Checkliste:<br \/>Damit die HU auch formal korrekt und vollst\u00e4ndig abl\u00e4uft, musst du dem Pr\u00fcfer folgende Dokumente vorlegen:<br \/>Fahrzeugschein, evtl. Allgemeine Betriebserlaubnis (ABE) f\u00fcr Anbauteile und Zubeh\u00f6r oder ggf. \u00c4nderungsabnahmebest\u00e4tigung, Personalausweis  <\/p>\n<h4 class=\"p1\"><strong>Was kostet die T\u00dcV-Pr\u00fcfung?<\/strong><\/h4>\n<p class=\"p1\">Bis 3,5 Tonnen kostet die HU zwischen 55 und 85 Euro. Fahrzeuge mit Verbrennungsmotor m\u00fcssen au\u00dferdem alle zwei Jahre zur Abgasuntersuchung (AU). L\u00e4sst du HU und AU im Rahmen eines Termins durchf\u00fchren, betragen die Kosten zwischen 117 und 125 Euro. <\/p>\n<p class=\"p1\">[\/et_pb_text][\/et_pb_column][\/et_pb_row][et_pb_row _builder_version=&#8220;4.23.1&#8243; background_enable_color=&#8220;off&#8220; width=&#8220;100%&#8220; width_tablet=&#8220;100%&#8220; width_phone=&#8220;&#8220; width_last_edited=&#8220;on|desktop&#8220; custom_margin=&#8220;30px|auto||auto|false|false&#8220; custom_margin_tablet=&#8220;||-26px||false|false&#8220; custom_margin_phone=&#8220;||||false|false&#8220; custom_margin_last_edited=&#8220;on|phone&#8220; global_colors_info=&#8220;{}&#8220;][et_pb_column type=&#8220;4_4&#8243; _builder_version=&#8220;4.16&#8243; global_colors_info=&#8220;{}&#8220;][et_pb_testimonial author=&#8220;Rob &amp; Annette&#8220; job_title=&#8220;Erfahrung lesen&#8220; url=&#8220;@ET-DC@eyJkeW5hbWljIjp0cnVlLCJjb250ZW50IjoicG9zdF9saW5rX3VybF9wYWdlIiwic2V0dGluZ3MiOnsicG9zdF9pZCI6Ijg3MzEiLCJlbmFibGVfaHRtbCI6Im9mZiJ9fQ==@&#8220; portrait_url=&#8220;https:\/\/ventje.com\/wp-content\/uploads\/2023\/09\/rob-annette-review.webp&#8220; quote_icon_background_color=&#8220;RGBA(255,255,255,0)&#8220; _builder_version=&#8220;4.27.4&#8243; _dynamic_attributes=&#8220;url&#8220; body_text_align=&#8220;center&#8220; author_text_align=&#8220;center&#8220; background_enable_color=&#8220;off&#8220; text_orientation=&#8220;center&#8220; custom_padding_tablet=&#8220;&#8220; custom_padding_phone=&#8220;|30px||30px|false|false&#8220; custom_padding_last_edited=&#8220;on|phone&#8220; hover_enabled=&#8220;0&#8243; custom_css_testimonial_description=&#8220;margin-right: 140px;&#8220; custom_css_testimonial_author=&#8220;font-weight: bold;&#8220; custom_css_testimonial_meta=&#8220;color: #f3a713;&#8220; global_colors_info=&#8220;{}&#8220; sticky_enabled=&#8220;0&#8243;]<\/p>\n<p style=\"text-align: center;\">\u201eDie K\u00fcche im hinteren Bereich, genial! Zug\u00e4nglichkeit innen und au\u00dfen. Meine Frau und ich waren sofort begeistert und forderten auf der Website Informationen zum Mieten und Kaufen an. Am selben Wochenende fuhren wir nach Utrecht, um uns einen Bus anzusehen.\u201c<\/p>\n<p>[\/et_pb_testimonial][\/et_pb_column][\/et_pb_row][\/et_pb_section][et_pb_section fb_built=&#8220;1&#8243; _builder_version=&#8220;4.23.1&#8243; _module_preset=&#8220;default&#8220; background_color=&#8220;RGBA(255,255,255,0)&#8220; custom_margin=&#8220;30px||0px||false|false&#8220; custom_margin_tablet=&#8220;50px||0px||false|false&#8220; custom_margin_phone=&#8220;50px||0px||false|false&#8220; custom_margin_last_edited=&#8220;off|desktop&#8220; locked=&#8220;off&#8220; global_colors_info=&#8220;{}&#8220;][et_pb_row column_structure=&#8220;1_2,1_2&#8243; use_custom_gutter=&#8220;on&#8220; make_equal=&#8220;on&#8220; _builder_version=&#8220;4.27.0&#8243; _module_preset=&#8220;default&#8220; width=&#8220;100%&#8220; max_width=&#8220;960px&#8220; custom_margin=&#8220;||||false|false&#8220; global_colors_info=&#8220;{}&#8220;][et_pb_column type=&#8220;1_2&#8243; _builder_version=&#8220;4.23.1&#8243; _dynamic_attributes=&#8220;link_option_url&#8220; _module_preset=&#8220;default&#8220; background_enable_color=&#8220;off&#8220; use_background_color_gradient=&#8220;on&#8220; background_color_gradient_stops=&#8220;rgba(1,2,0,0.45) 0%|rgba(41,196,169,0) 53%&#8220; background_image=&#8220;https:\/\/ventje.com\/wp-content\/uploads\/2023\/09\/mobiel-werken-in-een-camper-van-ventje.webp&#8220; background_blend=&#8220;multiply&#8220; link_option_url=&#8220;@ET-DC@eyJkeW5hbWljIjp0cnVlLCJjb250ZW50IjoicG9zdF9saW5rX3VybF9wYWdlIiwic2V0dGluZ3MiOnsicG9zdF9pZCI6IjE2MjgiLCJlbmFibGVfaHRtbCI6Im9mZiJ9fQ==@&#8220; background_color_tablet=&#8220;rgba(69,65,64,0.6)&#8220; background_last_edited=&#8220;on|tablet&#8220; background_enable_color_tablet=&#8220;on&#8220; use_background_color_gradient_tablet=&#8220;off&#8220; custom_css_main_element=&#8220;margin-top: 0!important;||margin-right: 15px!important; &#8220; border_color_right=&#8220;#FFFFFF&#8220; border_width_right_tablet=&#8220;0px&#8220; border_width_right_phone=&#8220;0px&#8220; border_width_right_last_edited=&#8220;off|desktop&#8220; global_colors_info=&#8220;{}&#8220; background__hover_enabled=&#8220;off|desktop&#8220; custom_css_main_element_last_edited=&#8220;on|tablet&#8220; custom_css_main_element_tablet=&#8220;margin-top: 30px!important;||margin-right: 0!important;&#8220; custom_css_main_element_phone=&#8220;margin-top: 30px!important;||margin-right: 0!important;&#8220;][et_pb_text _builder_version=&#8220;4.23.1&#8243; _module_preset=&#8220;default&#8220; text_text_color=&#8220;#FFFFFF&#8220; link_font=&#8220;|700|||||||&#8220; link_font_size=&#8220;17px&#8220; link_line_height=&#8220;2.2em&#8220; header_font=&#8220;|700|||||||&#8220; header_3_font=&#8220;|700|||||||&#8220; header_3_font_size=&#8220;33px&#8220; header_3_line_height=&#8220;1.2em&#8220; text_orientation=&#8220;center&#8220; background_layout=&#8220;dark&#8220; width=&#8220;100%&#8220; module_alignment=&#8220;center&#8220; height=&#8220;550px&#8220; height_tablet=&#8220;450px&#8220; height_phone=&#8220;350px&#8220; height_last_edited=&#8220;on|phone&#8220; custom_margin=&#8220;||||false|false&#8220; custom_padding=&#8220;50px|35px|50px|35px|true|true&#8220; header_3_font_size_tablet=&#8220;33px&#8220; header_3_font_size_phone=&#8220;25px&#8220; header_3_font_size_last_edited=&#8220;on|phone&#8220; border_color_bottom=&#8220;#FFFFFF&#8220; border_width_right_tablet=&#8220;&#8220; border_width_right_phone=&#8220;&#8220; border_width_right_last_edited=&#8220;on|phone&#8220; border_width_bottom_tablet=&#8220;30px&#8220; border_width_bottom_phone=&#8220;30px&#8220; border_width_bottom_last_edited=&#8220;off|tablet&#8220; border_width_left_tablet=&#8220;&#8220; border_width_left_phone=&#8220;&#8220; border_width_left_last_edited=&#8220;on|phone&#8220; global_colors_info=&#8220;{}&#8220;]<\/p>\n<h3>Von unterwegs mobil arbeiten.<\/h3>\n<p>Mit Ventje von \u00fcberall aus arbeiten. Ventje ist dein mobiles B\u00fcro.<\/p>\n<p style=\"color:#f3a713;font-weight:bold;\">Mehr lesen &gt;<\/p>\n<p>[\/et_pb_text][\/et_pb_column][et_pb_column type=&#8220;1_2&#8243; _builder_version=&#8220;4.23.1&#8243; _dynamic_attributes=&#8220;link_option_url&#8220; _module_preset=&#8220;default&#8220; background_enable_color=&#8220;off&#8220; use_background_color_gradient=&#8220;on&#8220; background_color_gradient_stops=&#8220;rgba(2,0,0,0.4) 0%|rgba(41,196,169,0) 60%&#8220; background_image=&#8220;https:\/\/ventje.com\/wp-content\/uploads\/2023\/09\/ventje-camper-in-verschillende-kleuren.webp&#8220; background_blend=&#8220;multiply&#8220; link_option_url=&#8220;@ET-DC@eyJkeW5hbWljIjp0cnVlLCJjb250ZW50IjoicG9zdF9saW5rX3VybF9wYWdlIiwic2V0dGluZ3MiOnsicG9zdF9pZCI6IjYzOTAiLCJlbmFibGVfaHRtbCI6Im9mZiJ9fQ==@&#8220; background_color_tablet=&#8220;rgba(69,65,64,0.6)&#8220; background_last_edited=&#8220;on|tablet&#8220; background_enable_color_tablet=&#8220;on&#8220; use_background_color_gradient_tablet=&#8220;off&#8220; custom_css_main_element=&#8220;margin-top: 0!important;||margin-left: 15px!important; ||&#8220; border_color_left=&#8220;#FFFFFF&#8220; border_width_left_tablet=&#8220;0px&#8220; border_width_left_phone=&#8220;0px&#8220; border_width_left_last_edited=&#8220;off|desktop&#8220; global_colors_info=&#8220;{}&#8220; background__hover_enabled=&#8220;off|hover&#8220; custom_css_main_element_last_edited=&#8220;on|tablet&#8220; custom_css_main_element_tablet=&#8220;margin-top: 30px!important;||margin-left: 0!important; &#8220; custom_css_main_element_phone=&#8220;margin-top: 30px!important;||margin-left: 0!important; &#8222;][et_pb_text _builder_version=&#8220;4.23.1&#8243; _module_preset=&#8220;default&#8220; link_font=&#8220;|700|||||||&#8220; link_font_size=&#8220;17px&#8220; link_line_height=&#8220;2.2em&#8220; header_3_font=&#8220;|700|||||||&#8220; header_3_font_size=&#8220;33px&#8220; header_3_line_height=&#8220;1.2em&#8220; text_orientation=&#8220;center&#8220; background_layout=&#8220;dark&#8220; height=&#8220;550px&#8220; height_tablet=&#8220;450px&#8220; height_phone=&#8220;350px&#8220; height_last_edited=&#8220;on|desktop&#8220; custom_margin=&#8220;||||false|false&#8220; custom_padding=&#8220;50px|35px|50px|35px|true|true&#8220; header_3_font_size_tablet=&#8220;33px&#8220; header_3_font_size_phone=&#8220;25px&#8220; header_3_font_size_last_edited=&#8220;on|phone&#8220; global_colors_info=&#8220;{}&#8220;]<\/p>\n<h3>W\u00e4hl deinen Anstrich!<\/h3>\n<p>Team neutraler Look oder farbenfroher Ventje?<\/p>\n<p style=\"color:#f3a713;font-weight:bold;\">W\u00e4hl deine Farbe &gt;<\/p>\n<p>[\/et_pb_text][\/et_pb_column][\/et_pb_row][\/et_pb_section][et_pb_section fb_built=&#8220;1&#8243; _builder_version=&#8220;4.23.1&#8243; background_color=&#8220;RGBA(255,255,255,0)&#8220; custom_margin=&#8220;30px||||false|false&#8220; custom_margin_tablet=&#8220;-98px||||false|false&#8220; custom_margin_phone=&#8220;-88px||||false|false&#8220; custom_margin_last_edited=&#8220;off|desktop&#8220; custom_padding=&#8220;0px||0px|||&#8220; global_colors_info=&#8220;{}&#8220;][et_pb_row _builder_version=&#8220;4.27.0&#8243; background_enable_color=&#8220;off&#8220; max_width=&#8220;960px&#8220; custom_margin=&#8220;|auto||auto|false|false&#8220; custom_padding=&#8220;||||false|false&#8220; link_option_url=&#8220;https:\/\/ventje.com\/de\/artikel\/&#8220; global_colors_info=&#8220;{}&#8220;][et_pb_column type=&#8220;4_4&#8243; _builder_version=&#8220;4.16&#8243; global_colors_info=&#8220;{}&#8220;][et_pb_button button_url=&#8220;@ET-DC@eyJkeW5hbWljIjp0cnVlLCJjb250ZW50IjoicG9zdF9saW5rX3VybF9wYWdlIiwic2V0dGluZ3MiOnsicG9zdF9pZCI6IjE5MyIsImVuYWJsZV9odG1sIjoib2ZmIn19@&#8220; button_text=&#8220;Zur\u00fcck zu den Artikeln&#8220; button_alignment=&#8220;center&#8220; button_alignment_tablet=&#8220;&#8220; button_alignment_phone=&#8220;&#8220; button_alignment_last_edited=&#8220;on|desktop&#8220; _builder_version=&#8220;4.20.4&#8243; _dynamic_attributes=&#8220;button_url&#8220; custom_button=&#8220;on&#8220; button_icon=&#8220;&#x44;||divi||400&#8243; button_icon_placement=&#8220;left&#8220; custom_margin_tablet=&#8220;||||false|false&#8220; custom_margin_phone=&#8220;||0px||false|false&#8220; custom_margin_last_edited=&#8220;off|tablet&#8220; custom_padding=&#8220;||||false|false&#8220; custom_padding_tablet=&#8220;||||false|false&#8220; custom_padding_phone=&#8220;||||false|false&#8220; custom_padding_last_edited=&#8220;off|tablet&#8220; hover_transition_speed_curve=&#8220;ease-in-out&#8220; custom_css_before=&#8220;||&#8220; custom_css_main_element=&#8220;width: 100%;||text-align: center;||&#8220; custom_css_after=&#8220;||&#8220; global_colors_info=&#8220;{}&#8220;][\/et_pb_button][\/et_pb_column][\/et_pb_row][\/et_pb_section]<\/p>\n","protected":false},"excerpt":{"rendered":"<p>T\u00dcV-Pr\u00fcfung Was ist zu beachten f\u00fcr deinen Ventje Campervan?Welche gesetzlichen Auflagen bestehen in Deutschland f\u00fcr die T\u00dcV \/ HU Pr\u00fcfung deines Ventje (Kategorie bis 3,5t). Es gibt verschiedene Meinungen \u00fcber die T\u00dcV-Pr\u00fcfung des Wohnmobils. Muss sie einmal im Jahr durchgef\u00fchrt werden oder reicht es, wenn sie alle zwei Jahre stattfindet? Die T\u00dcV-Pr\u00fcfung f\u00fcr Wohnmobile und [&hellip;]<\/p>\n","protected":false},"author":2,"featured_media":0,"parent":45254,"menu_order":37,"comment_status":"closed","ping_status":"closed","template":"","meta":{"_acf_changed":false,"_et_pb_use_builder":"on","_et_pb_old_content":"","_et_gb_content_width":"","footnotes":""},"class_list":["post-300458","page","type-page","status-publish","hentry"],"acf":[],"yoast_head":"<!-- This site is optimized with the Yoast SEO plugin v27.5 - https:\/\/yoast.com\/product\/yoast-seo-wordpress\/ -->\n<title>T\u00dcV Pr\u00fcfung f\u00fcr deinen Ventje Campervan - wann und wie oft?<\/title>\n<meta name=\"description\" content=\"Muss dein Campervan einmal pro Jahr zur Hauptuntersuchung oder reicht es, wenn du alle zwei Jahre zur deinen Ventje Campervan beim T\u00dcV vorstellst? Und wie sieht es eigentlich mit der Hauptuntersuchung im Ausland aus?\" \/>\n<meta name=\"robots\" content=\"index, follow, max-snippet:-1, max-image-preview:large, max-video-preview:-1\" \/>\n<link rel=\"canonical\" href=\"https:\/\/ventje.com\/de\/artikel\/hauptuntersuchung-fuer-wohnmobile\/\" \/>\n<meta property=\"og:locale\" content=\"de_DE\" \/>\n<meta property=\"og:type\" content=\"article\" \/>\n<meta property=\"og:title\" content=\"T\u00dcV Pr\u00fcfung f\u00fcr deinen Ventje Campervan - wann und wie oft?\" \/>\n<meta property=\"og:description\" content=\"Muss dein Campervan einmal pro Jahr zur Hauptuntersuchung oder reicht es, wenn du alle zwei Jahre zur deinen Ventje Campervan beim T\u00dcV vorstellst? Und wie sieht es eigentlich mit der Hauptuntersuchung im Ausland aus?\" \/>\n<meta property=\"og:url\" content=\"https:\/\/ventje.com\/de\/artikel\/hauptuntersuchung-fuer-wohnmobile\/\" \/>\n<meta property=\"og:site_name\" content=\"Ventje\" \/>\n<meta property=\"article:publisher\" content=\"https:\/\/www.facebook.com\/ventjecamper\/\" \/>\n<meta property=\"article:modified_time\" content=\"2026-01-19T15:23:01+00:00\" \/>\n<script type=\"application\/ld+json\" class=\"yoast-schema-graph\">{\"@context\":\"https:\\\/\\\/schema.org\",\"@graph\":[{\"@type\":\"WebPage\",\"@id\":\"https:\\\/\\\/ventje.com\\\/de\\\/artikel\\\/hauptuntersuchung-fuer-wohnmobile\\\/\",\"url\":\"https:\\\/\\\/ventje.com\\\/de\\\/artikel\\\/hauptuntersuchung-fuer-wohnmobile\\\/\",\"name\":\"T\u00dcV Pr\u00fcfung f\u00fcr deinen Ventje Campervan - wann und wie oft?\",\"isPartOf\":{\"@id\":\"https:\\\/\\\/ventje.com\\\/de\\\/#website\"},\"datePublished\":\"2020-03-10T11:39:27+00:00\",\"dateModified\":\"2026-01-19T15:23:01+00:00\",\"description\":\"Muss dein Campervan einmal pro Jahr zur Hauptuntersuchung oder reicht es, wenn du alle zwei Jahre zur deinen Ventje Campervan beim T\u00dcV vorstellst? Und wie sieht es eigentlich mit der Hauptuntersuchung im Ausland aus?\",\"breadcrumb\":{\"@id\":\"https:\\\/\\\/ventje.com\\\/de\\\/artikel\\\/hauptuntersuchung-fuer-wohnmobile\\\/#breadcrumb\"},\"inLanguage\":\"de\",\"potentialAction\":[{\"@type\":\"ReadAction\",\"target\":[\"https:\\\/\\\/ventje.com\\\/de\\\/artikel\\\/hauptuntersuchung-fuer-wohnmobile\\\/\"]}]},{\"@type\":\"BreadcrumbList\",\"@id\":\"https:\\\/\\\/ventje.com\\\/de\\\/artikel\\\/hauptuntersuchung-fuer-wohnmobile\\\/#breadcrumb\",\"itemListElement\":[{\"@type\":\"ListItem\",\"position\":1,\"name\":\"Home\",\"item\":\"https:\\\/\\\/ventje.com\\\/de\\\/\"},{\"@type\":\"ListItem\",\"position\":2,\"name\":\"Artikel\",\"item\":\"https:\\\/\\\/ventje.com\\\/de\\\/artikel\\\/\"},{\"@type\":\"ListItem\",\"position\":3,\"name\":\"T\u00dcV-Pr\u00fcfung\"}]},{\"@type\":\"WebSite\",\"@id\":\"https:\\\/\\\/ventje.com\\\/de\\\/#website\",\"url\":\"https:\\\/\\\/ventje.com\\\/de\\\/\",\"name\":\"Ventje\",\"description\":\"Ultieme vrijheid staat voor de deur.\",\"publisher\":{\"@id\":\"https:\\\/\\\/ventje.com\\\/de\\\/#organization\"},\"potentialAction\":[{\"@type\":\"SearchAction\",\"target\":{\"@type\":\"EntryPoint\",\"urlTemplate\":\"https:\\\/\\\/ventje.com\\\/de\\\/?s={search_term_string}\"},\"query-input\":{\"@type\":\"PropertyValueSpecification\",\"valueRequired\":true,\"valueName\":\"search_term_string\"}}],\"inLanguage\":\"de\"},{\"@type\":\"Organization\",\"@id\":\"https:\\\/\\\/ventje.com\\\/de\\\/#organization\",\"name\":\"Ventje\",\"url\":\"https:\\\/\\\/ventje.com\\\/de\\\/\",\"logo\":{\"@type\":\"ImageObject\",\"inLanguage\":\"de\",\"@id\":\"https:\\\/\\\/ventje.com\\\/de\\\/#\\\/schema\\\/logo\\\/image\\\/\",\"url\":\"\",\"contentUrl\":\"\",\"caption\":\"Ventje\"},\"image\":{\"@id\":\"https:\\\/\\\/ventje.com\\\/de\\\/#\\\/schema\\\/logo\\\/image\\\/\"},\"sameAs\":[\"https:\\\/\\\/www.facebook.com\\\/ventjecamper\\\/\",\"https:\\\/\\\/www.instagram.com\\\/ventje_camper\\\/\"]}]}<\/script>\n<!-- \/ Yoast SEO plugin. -->","yoast_head_json":{"title":"T\u00dcV Pr\u00fcfung f\u00fcr deinen Ventje Campervan - wann und wie oft?","description":"Muss dein Campervan einmal pro Jahr zur Hauptuntersuchung oder reicht es, wenn du alle zwei Jahre zur deinen Ventje Campervan beim T\u00dcV vorstellst? Und wie sieht es eigentlich mit der Hauptuntersuchung im Ausland aus?","robots":{"index":"index","follow":"follow","max-snippet":"max-snippet:-1","max-image-preview":"max-image-preview:large","max-video-preview":"max-video-preview:-1"},"canonical":"https:\/\/ventje.com\/de\/artikel\/hauptuntersuchung-fuer-wohnmobile\/","og_locale":"de_DE","og_type":"article","og_title":"T\u00dcV Pr\u00fcfung f\u00fcr deinen Ventje Campervan - wann und wie oft?","og_description":"Muss dein Campervan einmal pro Jahr zur Hauptuntersuchung oder reicht es, wenn du alle zwei Jahre zur deinen Ventje Campervan beim T\u00dcV vorstellst? Und wie sieht es eigentlich mit der Hauptuntersuchung im Ausland aus?","og_url":"https:\/\/ventje.com\/de\/artikel\/hauptuntersuchung-fuer-wohnmobile\/","og_site_name":"Ventje","article_publisher":"https:\/\/www.facebook.com\/ventjecamper\/","article_modified_time":"2026-01-19T15:23:01+00:00","schema":{"@context":"https:\/\/schema.org","@graph":[{"@type":"WebPage","@id":"https:\/\/ventje.com\/de\/artikel\/hauptuntersuchung-fuer-wohnmobile\/","url":"https:\/\/ventje.com\/de\/artikel\/hauptuntersuchung-fuer-wohnmobile\/","name":"T\u00dcV Pr\u00fcfung f\u00fcr deinen Ventje Campervan - wann und wie oft?","isPartOf":{"@id":"https:\/\/ventje.com\/de\/#website"},"datePublished":"2020-03-10T11:39:27+00:00","dateModified":"2026-01-19T15:23:01+00:00","description":"Muss dein Campervan einmal pro Jahr zur Hauptuntersuchung oder reicht es, wenn du alle zwei Jahre zur deinen Ventje Campervan beim T\u00dcV vorstellst? Und wie sieht es eigentlich mit der Hauptuntersuchung im Ausland aus?","breadcrumb":{"@id":"https:\/\/ventje.com\/de\/artikel\/hauptuntersuchung-fuer-wohnmobile\/#breadcrumb"},"inLanguage":"de","potentialAction":[{"@type":"ReadAction","target":["https:\/\/ventje.com\/de\/artikel\/hauptuntersuchung-fuer-wohnmobile\/"]}]},{"@type":"BreadcrumbList","@id":"https:\/\/ventje.com\/de\/artikel\/hauptuntersuchung-fuer-wohnmobile\/#breadcrumb","itemListElement":[{"@type":"ListItem","position":1,"name":"Home","item":"https:\/\/ventje.com\/de\/"},{"@type":"ListItem","position":2,"name":"Artikel","item":"https:\/\/ventje.com\/de\/artikel\/"},{"@type":"ListItem","position":3,"name":"T\u00dcV-Pr\u00fcfung"}]},{"@type":"WebSite","@id":"https:\/\/ventje.com\/de\/#website","url":"https:\/\/ventje.com\/de\/","name":"Ventje","description":"Ultieme vrijheid staat voor de deur.","publisher":{"@id":"https:\/\/ventje.com\/de\/#organization"},"potentialAction":[{"@type":"SearchAction","target":{"@type":"EntryPoint","urlTemplate":"https:\/\/ventje.com\/de\/?s={search_term_string}"},"query-input":{"@type":"PropertyValueSpecification","valueRequired":true,"valueName":"search_term_string"}}],"inLanguage":"de"},{"@type":"Organization","@id":"https:\/\/ventje.com\/de\/#organization","name":"Ventje","url":"https:\/\/ventje.com\/de\/","logo":{"@type":"ImageObject","inLanguage":"de","@id":"https:\/\/ventje.com\/de\/#\/schema\/logo\/image\/","url":"","contentUrl":"","caption":"Ventje"},"image":{"@id":"https:\/\/ventje.com\/de\/#\/schema\/logo\/image\/"},"sameAs":["https:\/\/www.facebook.com\/ventjecamper\/","https:\/\/www.instagram.com\/ventje_camper\/"]}]}},"_links":{"self":[{"href":"https:\/\/ventje.com\/de\/wp-json\/wp\/v2\/pages\/300458","targetHints":{"allow":["GET"]}}],"collection":[{"href":"https:\/\/ventje.com\/de\/wp-json\/wp\/v2\/pages"}],"about":[{"href":"https:\/\/ventje.com\/de\/wp-json\/wp\/v2\/types\/page"}],"author":[{"embeddable":true,"href":"https:\/\/ventje.com\/de\/wp-json\/wp\/v2\/users\/2"}],"replies":[{"embeddable":true,"href":"https:\/\/ventje.com\/de\/wp-json\/wp\/v2\/comments?post=300458"}],"version-history":[{"count":8,"href":"https:\/\/ventje.com\/de\/wp-json\/wp\/v2\/pages\/300458\/revisions"}],"predecessor-version":[{"id":300496,"href":"https:\/\/ventje.com\/de\/wp-json\/wp\/v2\/pages\/300458\/revisions\/300496"}],"up":[{"embeddable":true,"href":"https:\/\/ventje.com\/de\/wp-json\/wp\/v2\/pages\/45254"}],"wp:attachment":[{"href":"https:\/\/ventje.com\/de\/wp-json\/wp\/v2\/media?parent=300458"}],"curies":[{"name":"wp","href":"https:\/\/api.w.org\/{rel}","templated":true}]}}