{"id":33633,"date":"2020-06-05T15:44:45","date_gmt":"2020-06-05T13:44:45","guid":{"rendered":"https:\/\/ventje.com\/haeufig-gestellte-fragen-faq\/"},"modified":"2024-06-13T15:54:54","modified_gmt":"2024-06-13T15:54:54","slug":"faq","status":"publish","type":"page","link":"https:\/\/ventje.com\/de\/kontakt\/faq\/","title":{"rendered":"H\u00e4ufig gestellte Fragen (FAQ)"},"content":{"rendered":"<p>[et_pb_section fb_built=&#8220;1&#8243; _builder_version=&#8220;4.22.1&#8243; background_enable_color=&#8220;off&#8220; background_image=&#8220;https:\/\/ventje.com\/wp-content\/uploads\/2023\/08\/mobiele-werkplek-in-camper.webp&#8220; background_position=&#8220;center_right&#8220; background_horizontal_offset=&#8220;38%&#8220; background_blend=&#8220;multiply&#8220; custom_margin=&#8220;0px||15px||false|false&#8220; custom_padding=&#8220;0px||0px||false|false&#8220; global_colors_info=&#8220;{}&#8220;][et_pb_row make_equal=&#8220;on&#8220; _builder_version=&#8220;4.16&#8243; background_color=&#8220;rgba(0,0,0,0)&#8220; background_enable_image=&#8220;off&#8220; width=&#8220;100%&#8220; module_alignment=&#8220;center&#8220; min_height_phone=&#8220;300px&#8220; min_height_last_edited=&#8220;off|tablet&#8220; height=&#8220;500px&#8220; height_tablet=&#8220;400px&#8220; height_phone=&#8220;300px&#8220; height_last_edited=&#8220;on|phone&#8220; custom_margin=&#8220;||||false|false&#8220; custom_padding=&#8220;||||false|false&#8220; global_colors_info=&#8220;{}&#8220;][et_pb_column type=&#8220;4_4&#8243; _builder_version=&#8220;4.16&#8243; global_colors_info=&#8220;{}&#8220;][et_pb_text _builder_version=&#8220;4.21.2&#8243; text_font=&#8220;|700|||||||&#8220; text_font_size=&#8220;30px&#8220; header_font=&#8220;||||||||&#8220; header_text_align=&#8220;center&#8220; header_2_font_size=&#8220;50px&#8220; text_orientation=&#8220;center&#8220; max_width=&#8220;70%&#8220; module_alignment=&#8220;center&#8220; custom_margin=&#8220;200px|0px|0px|0px|false|false&#8220; custom_margin_tablet=&#8220;50px||||false|false&#8220; custom_margin_phone=&#8220;30px||||false|false&#8220; custom_margin_last_edited=&#8220;on|desktop&#8220; custom_padding=&#8220;|0px|0px|0px|false|false&#8220; custom_padding_tablet=&#8220;25px|||0px|false|false&#8220; custom_padding_phone=&#8220;25px||||false|false&#8220; custom_padding_last_edited=&#8220;off|desktop&#8220; text_font_size_tablet=&#8220;&#8220; text_font_size_phone=&#8220;1px&#8220; text_font_size_last_edited=&#8220;on|phone&#8220; text_line_height_last_edited=&#8220;off|desktop&#8220; header_font_size_tablet=&#8220;&#8220; header_font_size_phone=&#8220;25px&#8220; header_font_size_last_edited=&#8220;on|phone&#8220; header_2_font_size_tablet=&#8220;50px&#8220; header_2_font_size_phone=&#8220;35px&#8220; header_2_font_size_last_edited=&#8220;on|desktop&#8220; text_text_shadow_style=&#8220;preset3&#8243; text_text_shadow_blur_strength=&#8220;2em&#8220; text_text_shadow_color=&#8220;RGBA(255,255,255,0)&#8220; text_text_align=&#8220;center&#8220; global_colors_info=&#8220;{}&#8220; custom_margin__hover_enabled=&#8220;off|desktop&#8220; custom_padding__hover_enabled=&#8220;on|desktop&#8220; custom_padding__hover=&#8220;|0px|0px|0px|false|false&#8220;]<\/p>\n<h1 style=\"text-align: center;\"><span style=\"font-size: xx-large;\"><strong><span style=\"color: #ffffff;\">H\u00e4ufig gestellte Fragen (FAQ)<br \/><\/span><\/strong><\/span><\/h1>\n<h2><span style=\"color: #ffffff;\">&#8230; und unsere Antworten.<br \/><\/span><\/h2>\n<p>[\/et_pb_text][\/et_pb_column][\/et_pb_row][\/et_pb_section][et_pb_section fb_built=&#8220;1&#8243; admin_label=&#8220;Veelgestelde vragen&#8220; _builder_version=&#8220;4.23.1&#8243; background_color=&#8220;RGBA(255,255,255,0)&#8220; custom_margin=&#8220;30px||30px||true|false&#8220; custom_padding=&#8220;0px||0px||false|false&#8220; global_colors_info=&#8220;{}&#8220;][et_pb_row make_equal=&#8220;on&#8220; _builder_version=&#8220;4.25.1&#8243; background_enable_color=&#8220;off&#8220; background_enable_image=&#8220;off&#8220; background_size=&#8220;contain&#8220; background_position=&#8220;bottom_center&#8220; width=&#8220;100%&#8220; module_alignment=&#8220;center&#8220; min_height_tablet=&#8220;&#8220; min_height_phone=&#8220;&#8220; min_height_last_edited=&#8220;on|desktop&#8220; height_last_edited=&#8220;off|desktop&#8220; custom_margin=&#8220;|424px||auto|false|false&#8220; custom_padding=&#8220;0px|||0px|false|false&#8220; hover_enabled=&#8220;0&#8243; global_colors_info=&#8220;{}&#8220; sticky_enabled=&#8220;0&#8243;][et_pb_column type=&#8220;4_4&#8243; _builder_version=&#8220;4.16&#8243; global_colors_info=&#8220;{}&#8220;][et_pb_toggle title=&#8220;Wie viele Sitzpl\u00e4tze gibt es im Ventje w\u00e4hrend der Fahrt?&#8220; open_toggle_background_color=&#8220;RGBA(255,255,255,0)&#8220; closed_toggle_background_color=&#8220;RGBA(255,255,255,0)&#8220; icon_color=&#8220;#FFFFFF&#8220; use_icon_font_size=&#8220;on&#8220; icon_font_size=&#8220;20px&#8220; open_icon_color=&#8220;#FFFFFF&#8220; open_use_icon_font_size=&#8220;on&#8220; open_icon_font_size=&#8220;20px&#8220; _builder_version=&#8220;4.25.1&#8243; _module_preset=&#8220;default&#8220; background_color=&#8220;RGBA(255,255,255,0)&#8220; custom_margin=&#8220;||0px||false|false&#8220; custom_padding=&#8220;5px||0px||false|false&#8220; hover_enabled=&#8220;0&#8243; custom_css_toggle_title=&#8220;background-color:#f3a713;||padding:15px;\t||color:white;&#8220; custom_css_toggle_icon=&#8220;margin-right:15px;&#8220; border_width_all=&#8220;0px&#8220; global_colors_info=&#8220;{}&#8220; sticky_enabled=&#8220;0&#8243;]<\/p>\n<div style=\"padding: 0px 20px 20px 20px;\">Entscheid dich f\u00fcr die 2 optionalen Sitzpl\u00e4tze mit Sicherheitsgurt hinten, wenn du mit der ganzen Familie oder Freund:innen reisen m\u00f6chtest. In Kombination mit der Sitzbank vorne hast du so insgesamt 5 Sitzpl\u00e4tze mit Anschnallgurt. Wenn du diese Option nicht w\u00e4hlst, hat dein Ventje vorne 3 Pl\u00e4tze mit Sicherheitsgurt \u2013 einen f\u00fcr den \/ die Fahrer:in und 2 Passagiere finden auf der Beifahrersitzbank Platz.<\/div>\n<p>[\/et_pb_toggle][et_pb_toggle title=&#8220;Muss mein Ventje ein Aufstelldach haben?&#8220; open_toggle_background_color=&#8220;RGBA(255,255,255,0)&#8220; closed_toggle_background_color=&#8220;RGBA(255,255,255,0)&#8220; icon_color=&#8220;#FFFFFF&#8220; use_icon_font_size=&#8220;on&#8220; icon_font_size=&#8220;20px&#8220; open_icon_color=&#8220;#FFFFFF&#8220; open_use_icon_font_size=&#8220;on&#8220; open_icon_font_size=&#8220;20px&#8220; _builder_version=&#8220;4.23.1&#8243; _module_preset=&#8220;default&#8220; background_color=&#8220;RGBA(0,0,0,0)&#8220; custom_margin=&#8220;||0px||false|false&#8220; custom_padding=&#8220;5px||0px||false|false&#8220; custom_css_toggle_title=&#8220;background-color:#f3a713;||padding:15px;\t||color:white;&#8220; custom_css_toggle_icon=&#8220;margin-right:15px;&#8220; border_width_all=&#8220;0px&#8220; global_colors_info=&#8220;{}&#8220;]<\/p>\n<div style=\"padding: 0px 20px 20px 20px;\">Wenn du willst, dass dein Bus steuerrechtlich als Wohnmobil betrachtet wird, ist ein Aufstelldach notwendig. Wohnmobile fallen bei der Kfz-Steuer in den g\u00fcnstigen Wohnmobil-Tarif. Dadurch macht sich das Aufstelldach schnell bezahlt.<\/div>\n<p>[\/et_pb_toggle][et_pb_toggle title=&#8220;Wie hoch ist ein Ventje maximal?&#8220; open_toggle_background_color=&#8220;RGBA(255,255,255,0)&#8220; closed_toggle_background_color=&#8220;RGBA(255,255,255,0)&#8220; icon_color=&#8220;#FFFFFF&#8220; use_icon_font_size=&#8220;on&#8220; icon_font_size=&#8220;20px&#8220; open_icon_color=&#8220;#FFFFFF&#8220; open_use_icon_font_size=&#8220;on&#8220; open_icon_font_size=&#8220;20px&#8220; _builder_version=&#8220;4.23.1&#8243; _module_preset=&#8220;default&#8220; background_color=&#8220;RGBA(0,0,0,0)&#8220; custom_margin=&#8220;||0px||false|false&#8220; custom_padding=&#8220;5px||0px||false|false&#8220; custom_css_toggle_title=&#8220;background-color:#f3a713;||padding:15px;\t||color:white;&#8220; custom_css_toggle_icon=&#8220;margin-right:15px;&#8220; border_width_all=&#8220;0px&#8220; global_colors_info=&#8220;{}&#8220;]<\/p>\n<div style=\"padding: 0px 20px 20px 20px;\">Die H\u00f6he eines Ventje mit Aufstelldach, Solarpanel und Kassettenmarkise betr\u00e4gt 205 cm. Wenn n\u00f6tig, kann der Bus noch auf unter 200 cm abgesenkt werden.<\/div>\n<p>[\/et_pb_toggle][et_pb_toggle title=&#8220;Muss ich vorm Umbau selbst einen Bus kaufen?&#8220; open_toggle_background_color=&#8220;RGBA(255,255,255,0)&#8220; closed_toggle_background_color=&#8220;RGBA(255,255,255,0)&#8220; icon_color=&#8220;#FFFFFF&#8220; use_icon_font_size=&#8220;on&#8220; icon_font_size=&#8220;20px&#8220; open_icon_color=&#8220;#FFFFFF&#8220; open_use_icon_font_size=&#8220;on&#8220; open_icon_font_size=&#8220;20px&#8220; _builder_version=&#8220;4.23.1&#8243; _module_preset=&#8220;default&#8220; background_color=&#8220;RGBA(0,0,0,0)&#8220; custom_margin=&#8220;||0px||false|false&#8220; custom_padding=&#8220;5px||0px||false|false&#8220; custom_css_toggle_title=&#8220;background-color:#f3a713;||padding:15px;\t||color:white;&#8220; custom_css_toggle_icon=&#8220;margin-right:15px;&#8220; border_width_all=&#8220;0px&#8220; global_colors_info=&#8220;{}&#8220;]<\/p>\n<div style=\"padding: 0px 20px 20px 20px;\">Ganz wie du m\u00f6chtest. Wir suchen gerne einen passenden Bus f\u00fcr dich. Wenn du bereits einen hast, machen wir auch daraus einen Ventje!<\/div>\n<p>[\/et_pb_toggle][et_pb_toggle title=&#8220;Welche Bus-Modelle sind geeignet?&#8220; open_toggle_background_color=&#8220;RGBA(255,255,255,0)&#8220; closed_toggle_background_color=&#8220;RGBA(255,255,255,0)&#8220; icon_color=&#8220;#FFFFFF&#8220; use_icon_font_size=&#8220;on&#8220; icon_font_size=&#8220;20px&#8220; open_icon_color=&#8220;#FFFFFF&#8220; open_use_icon_font_size=&#8220;on&#8220; open_icon_font_size=&#8220;20px&#8220; _builder_version=&#8220;4.23.1&#8243; _module_preset=&#8220;default&#8220; background_color=&#8220;RGBA(0,0,0,0)&#8220; custom_margin=&#8220;||0px||false|false&#8220; custom_padding=&#8220;5px||0px||false|false&#8220; custom_css_toggle_title=&#8220;background-color:#f3a713;||padding:15px;\t||color:white;&#8220; custom_css_toggle_icon=&#8220;margin-right:15px;&#8220; border_width_all=&#8220;0px&#8220; global_colors_info=&#8220;{}&#8220;]<\/p>\n<div style=\"padding: 0px 20px 20px 20px;\">Grunds\u00e4tzlich kann jeder Volkswagen T5, T6 oder T6.1 mit kurzem (L1) oder langem Radstand (L2) zu einem Ventje umgebaut werden. Eine Heckklappe ist vorteilhafter als Heckfl\u00fcgelt\u00fcren, denn so dient sie dir beim Kochen im Freien als Dach \u00fcber dem Kopf.<\/div>\n<p>[\/et_pb_toggle][et_pb_toggle title=&#8220;Sollte der Bus schon Fenster haben?&#8220; open_toggle_background_color=&#8220;RGBA(255,255,255,0)&#8220; closed_toggle_background_color=&#8220;RGBA(255,255,255,0)&#8220; icon_color=&#8220;#FFFFFF&#8220; use_icon_font_size=&#8220;on&#8220; icon_font_size=&#8220;20px&#8220; open_icon_color=&#8220;#FFFFFF&#8220; open_use_icon_font_size=&#8220;on&#8220; open_icon_font_size=&#8220;20px&#8220; _builder_version=&#8220;4.23.1&#8243; _module_preset=&#8220;default&#8220; background_color=&#8220;RGBA(0,0,0,0)&#8220; custom_margin=&#8220;||0px||false|false&#8220; custom_padding=&#8220;5px||0px||false|false&#8220; custom_css_toggle_title=&#8220;background-color:#f3a713;||padding:15px;\t||color:white;&#8220; custom_css_toggle_icon=&#8220;margin-right:15px;&#8220; border_width_all=&#8220;0px&#8220; global_colors_info=&#8220;{}&#8220;]<\/p>\n<div style=\"padding: 0px 20px 20px 20px;\">In einem PKW-Bus sind meistens bereits Fenster vorhanden. Falls nicht, k\u00f6nnen wir unsere eigenen Fenster mit Verdunklungsglas f\u00fcr dich einbauen. Diese gew\u00e4hren von au\u00dfen weniger Einblicke und auf Wunsch k\u00f6nnen wir auch ein sch\u00f6nes Schiebefenster einsetzen.<\/div>\n<p>[\/et_pb_toggle][et_pb_toggle title=&#8220;Kann ich meinen Bus selbst zum Ventje umbauen?&#8220; open_toggle_background_color=&#8220;RGBA(255,255,255,0)&#8220; closed_toggle_background_color=&#8220;RGBA(255,255,255,0)&#8220; icon_color=&#8220;#FFFFFF&#8220; use_icon_font_size=&#8220;on&#8220; icon_font_size=&#8220;20px&#8220; open_icon_color=&#8220;#FFFFFF&#8220; open_use_icon_font_size=&#8220;on&#8220; open_icon_font_size=&#8220;20px&#8220; _builder_version=&#8220;4.23.1&#8243; _module_preset=&#8220;default&#8220; background_color=&#8220;RGBA(0,0,0,0)&#8220; custom_margin=&#8220;||0px||false|false&#8220; custom_padding=&#8220;5px||0px||false|false&#8220; custom_css_toggle_title=&#8220;background-color:#f3a713;||padding:15px;\t||color:white;&#8220; custom_css_toggle_icon=&#8220;margin-right:15px;&#8220; border_width_all=&#8220;0px&#8220; global_colors_info=&#8220;{}&#8220;]<\/p>\n<div style=\"padding: 0px 20px 20px 20px;\">Um einen Ventje auszubauen, sind eine Menge Know-How und Spezialwerkzeuge erforderlich. Alles ist auf den Millimeter genau konstruiert, sodass es perfekt passt \u2013 und ohne sichtbare Schrauben. Daher ist es nicht m\u00f6glich, deinen Bus selbst in einen Ventje umzubauen.<\/div>\n<p>[\/et_pb_toggle][\/et_pb_column][\/et_pb_row][\/et_pb_section][et_pb_section fb_built=&#8220;1&#8243; _builder_version=&#8220;4.23.1&#8243; background_color=&#8220;RGBA(255,255,255,0)&#8220; min_height=&#8220;458px&#8220; custom_margin=&#8220;30px||30px||false|false&#8220; custom_padding=&#8220;0px||0px|||&#8220; global_colors_info=&#8220;{}&#8220;][et_pb_row column_structure=&#8220;1_2,1_2&#8243; _builder_version=&#8220;4.23.1&#8243; background_enable_color=&#8220;off&#8220; width=&#8220;100%&#8220; height_tablet=&#8220;&#8220; height_phone=&#8220;&#8220; height_last_edited=&#8220;on|desktop&#8220; custom_margin=&#8220;|auto||auto|false|false&#8220; global_colors_info=&#8220;{}&#8220;][et_pb_column type=&#8220;1_2&#8243; _builder_version=&#8220;4.16&#8243; global_colors_info=&#8220;{}&#8220;][et_pb_text _builder_version=&#8220;4.20.0&#8243; max_width=&#8220;87%&#8220; max_width_tablet=&#8220;63%&#8220; max_width_phone=&#8220;89%&#8220; max_width_last_edited=&#8220;on|phone&#8220; module_alignment=&#8220;center&#8220; custom_margin=&#8220;30px|50px||75px|false|false&#8220; custom_margin_tablet=&#8220;30px|||175px|false|false&#8220; custom_margin_phone=&#8220;30px|||100px|false|false&#8220; custom_margin_last_edited=&#8220;on|phone&#8220; custom_padding=&#8220;||||false|false&#8220; global_colors_info=&#8220;{}&#8220;]<\/p>\n<h1 style=\"text-align: center;\"><strong>Weitere Fragen?<\/strong><\/h1>\n<p><strong><\/strong><\/p>\n<p style=\"text-align: center;\">Kontaktier uns gerne, um einen Termin in unserem Showroom zu vereinbaren.<\/p>\n<p style=\"text-align: center;\">T <a href=\"tel:+31%2030%2022%2070%20922\">0511 93 67 86 98<\/a><br \/>\nE <a href=\"mailto:info@ventje.nl\">info@ventje.com<\/a><\/p>\n<p style=\"text-align: center;\">Oder sende uns deine Frage \u00fcber das untenstehende Kontaktformular.<br \/>\nWir werden uns schnellstm\u00f6glich bei dir melden.<\/p>\n<p style=\"text-align: center;\">Wir freuen uns auf einen Besuch von dir!<br \/>\nVereinbare <a href=\"https:\/\/ventje.com\/de\/kontakt\/kennenlernen\/\">hier<\/a> einen Besichtigungstermin.<br \/>\nOder ruf uns an, um ein Gespr\u00e4ch zu vereinbaren.<br \/>\nWir haben kostenlose Parkm\u00f6glichkeiten vor der T\u00fcr.<\/p>\n<p>[\/et_pb_text][et_pb_button button_url=&#8220;https:\/\/ventje.com\/de\/kennenlernen\/&#8220; url_new_window=&#8220;on&#8220; button_text=&#8220;Vereinbare einen Besichtigungstermin&#8220; button_alignment=&#8220;center&#8220; disabled_on=&#8220;off|off|off&#8220; _builder_version=&#8220;4.16&#8243; _module_preset=&#8220;default&#8220; custom_margin=&#8220;|30px||30px|false|false&#8220; custom_css_main_element=&#8220;width:100%;&#8220; global_colors_info=&#8220;{}&#8220;][\/et_pb_button][\/et_pb_column][et_pb_column type=&#8220;1_2&#8243; _builder_version=&#8220;4.16&#8243; global_colors_info=&#8220;{}&#8220;][et_pb_contact_form captcha=&#8220;off&#8220; email=&#8220;info@ventje.com&#8220; success_message=&#8220;Danke, dass du uns kontaktiert hast.&#8220; submit_button_text=&#8220;Senden&#8220; _builder_version=&#8220;4.25.1&#8243; _module_preset=&#8220;510afb54-dc68-4db1-8a81-dd8e04756a46&#8243; _unique_id=&#8220;2249a6bd-6872-48c6-b576-d612d99b0bc5&#8243; form_field_background_color=&#8220;RGBA(255,255,255,0)&#8220; form_field_text_color=&#8220;#454140&#8243; background_color=&#8220;rgba(0,0,0,0)&#8220; custom_margin=&#8220;0px|30px|0px|0px|false|false&#8220; custom_margin_tablet=&#8220;|50px||50px|false|false&#8220; custom_margin_phone=&#8220;|30px||30px|false|false&#8220; custom_margin_last_edited=&#8220;on|tablet&#8220; hover_enabled=&#8220;0&#8243; border_color_all=&#8220;#454140&#8243; global_colors_info=&#8220;{}&#8220; border_radii=&#8220;on|4px|4px|4px|4px&#8220; sticky_enabled=&#8220;0&#8243;][et_pb_contact_field field_id=&#8220;First_name&#8220; field_title=&#8220;Vorname&#8220; fullwidth_field=&#8220;on&#8220; _builder_version=&#8220;4.16&#8243; global_colors_info=&#8220;{}&#8220;][\/et_pb_contact_field][et_pb_contact_field field_id=&#8220;Last_name&#8220; field_title=&#8220;Nachname&#8220; fullwidth_field=&#8220;on&#8220; _builder_version=&#8220;4.16&#8243; global_colors_info=&#8220;{}&#8220;][\/et_pb_contact_field][et_pb_contact_field field_id=&#8220;Phone&#8220; field_title=&#8220;Telefon&#8220; allowed_symbols=&#8220;numbers&#8220; required_mark=&#8220;off&#8220; fullwidth_field=&#8220;on&#8220; _builder_version=&#8220;4.16&#8243; global_colors_info=&#8220;{}&#8220;][\/et_pb_contact_field][et_pb_contact_field field_id=&#8220;E-mail&#8220; field_title=&#8220;E-Mail&#8220; field_type=&#8220;email&#8220; fullwidth_field=&#8220;on&#8220; _builder_version=&#8220;4.16&#8243; global_colors_info=&#8220;{}&#8220;][\/et_pb_contact_field][et_pb_contact_field field_id=&#8220;Message&#8220; field_title=&#8220;Deine Nachricht&#8220; field_type=&#8220;text&#8220; fullwidth_field=&#8220;on&#8220; _builder_version=&#8220;4.16&#8243; global_colors_info=&#8220;{}&#8220; button_text_size__hover_enabled=&#8220;off&#8220; button_one_text_size__hover_enabled=&#8220;off&#8220; button_two_text_size__hover_enabled=&#8220;off&#8220; button_text_color__hover_enabled=&#8220;off&#8220; button_one_text_color__hover_enabled=&#8220;off&#8220; button_two_text_color__hover_enabled=&#8220;off&#8220; button_border_width__hover_enabled=&#8220;off&#8220; button_one_border_width__hover_enabled=&#8220;off&#8220; button_two_border_width__hover_enabled=&#8220;off&#8220; button_border_color__hover_enabled=&#8220;off&#8220; button_one_border_color__hover_enabled=&#8220;off&#8220; button_two_border_color__hover_enabled=&#8220;off&#8220; button_border_radius__hover_enabled=&#8220;off&#8220; button_one_border_radius__hover_enabled=&#8220;off&#8220; button_two_border_radius__hover_enabled=&#8220;off&#8220; button_letter_spacing__hover_enabled=&#8220;off&#8220; button_one_letter_spacing__hover_enabled=&#8220;off&#8220; button_two_letter_spacing__hover_enabled=&#8220;off&#8220; button_bg_color__hover_enabled=&#8220;off&#8220; button_one_bg_color__hover_enabled=&#8220;off&#8220; button_two_bg_color__hover_enabled=&#8220;off&#8220;][\/et_pb_contact_field][\/et_pb_contact_form][\/et_pb_column][\/et_pb_row][\/et_pb_section]<\/p>\n","protected":false},"excerpt":{"rendered":"<p>H\u00e4ufig gestellte Fragen (FAQ) &#8230; und unsere Antworten.Entscheid dich f\u00fcr die 2 optionalen Sitzpl\u00e4tze mit Sicherheitsgurt hinten, wenn du mit der ganzen Familie oder Freund:innen reisen m\u00f6chtest. In Kombination mit der Sitzbank vorne hast du so insgesamt 5 Sitzpl\u00e4tze mit Anschnallgurt. Wenn du diese Option nicht w\u00e4hlst, hat dein Ventje vorne 3 Pl\u00e4tze mit Sicherheitsgurt [&hellip;]<\/p>\n","protected":false},"author":3,"featured_media":0,"parent":33636,"menu_order":2,"comment_status":"closed","ping_status":"closed","template":"","meta":{"_acf_changed":false,"_et_pb_use_builder":"on","_et_pb_old_content":"","_et_gb_content_width":"","footnotes":""},"class_list":["post-33633","page","type-page","status-publish","hentry"],"acf":[],"yoast_head":"<!-- This site is optimized with the Yoast SEO plugin v27.5 - https:\/\/yoast.com\/product\/yoast-seo-wordpress\/ -->\n<title>H\u00e4ufig gestellte Fragen und unsere Antworten - Ventje Camper<\/title>\n<meta name=\"description\" content=\"Fragen zu einem Ventje oder m\u00f6chtest du mehr wissen? Kontaktier uns gerne, um einen Termin in unserem Showroom zu vereinbaren.\" \/>\n<meta name=\"robots\" content=\"index, follow, max-snippet:-1, max-image-preview:large, max-video-preview:-1\" \/>\n<link rel=\"canonical\" href=\"https:\/\/ventje.com\/de\/kontakt\/faq\/\" \/>\n<meta property=\"og:locale\" content=\"de_DE\" \/>\n<meta property=\"og:type\" content=\"article\" \/>\n<meta property=\"og:title\" content=\"H\u00e4ufig gestellte Fragen und unsere Antworten - Ventje Camper\" \/>\n<meta property=\"og:description\" content=\"Fragen zu einem Ventje oder m\u00f6chtest du mehr wissen? Kontaktier uns gerne, um einen Termin in unserem Showroom zu vereinbaren.\" \/>\n<meta property=\"og:url\" content=\"https:\/\/ventje.com\/de\/kontakt\/faq\/\" \/>\n<meta property=\"og:site_name\" content=\"Ventje\" \/>\n<meta property=\"article:publisher\" content=\"https:\/\/www.facebook.com\/ventjecamper\/\" \/>\n<meta property=\"article:modified_time\" content=\"2024-06-13T15:54:54+00:00\" \/>\n<script type=\"application\/ld+json\" class=\"yoast-schema-graph\">{\"@context\":\"https:\\\/\\\/schema.org\",\"@graph\":[{\"@type\":\"WebPage\",\"@id\":\"https:\\\/\\\/ventje.com\\\/de\\\/kontakt\\\/faq\\\/\",\"url\":\"https:\\\/\\\/ventje.com\\\/de\\\/kontakt\\\/faq\\\/\",\"name\":\"H\u00e4ufig gestellte Fragen und unsere Antworten - Ventje Camper\",\"isPartOf\":{\"@id\":\"https:\\\/\\\/ventje.com\\\/de\\\/#website\"},\"datePublished\":\"2020-06-05T13:44:45+00:00\",\"dateModified\":\"2024-06-13T15:54:54+00:00\",\"description\":\"Fragen zu einem Ventje oder m\u00f6chtest du mehr wissen? Kontaktier uns gerne, um einen Termin in unserem Showroom zu vereinbaren.\",\"breadcrumb\":{\"@id\":\"https:\\\/\\\/ventje.com\\\/de\\\/kontakt\\\/faq\\\/#breadcrumb\"},\"inLanguage\":\"de\",\"potentialAction\":[{\"@type\":\"ReadAction\",\"target\":[\"https:\\\/\\\/ventje.com\\\/de\\\/kontakt\\\/faq\\\/\"]}]},{\"@type\":\"BreadcrumbList\",\"@id\":\"https:\\\/\\\/ventje.com\\\/de\\\/kontakt\\\/faq\\\/#breadcrumb\",\"itemListElement\":[{\"@type\":\"ListItem\",\"position\":1,\"name\":\"Home\",\"item\":\"https:\\\/\\\/ventje.com\\\/de\\\/\"},{\"@type\":\"ListItem\",\"position\":2,\"name\":\"Kontakt\",\"item\":\"https:\\\/\\\/ventje.com\\\/de\\\/kontakt\\\/\"},{\"@type\":\"ListItem\",\"position\":3,\"name\":\"H\u00e4ufig gestellte Fragen (FAQ)\"}]},{\"@type\":\"WebSite\",\"@id\":\"https:\\\/\\\/ventje.com\\\/de\\\/#website\",\"url\":\"https:\\\/\\\/ventje.com\\\/de\\\/\",\"name\":\"Ventje\",\"description\":\"Ultieme vrijheid staat voor de deur.\",\"publisher\":{\"@id\":\"https:\\\/\\\/ventje.com\\\/de\\\/#organization\"},\"potentialAction\":[{\"@type\":\"SearchAction\",\"target\":{\"@type\":\"EntryPoint\",\"urlTemplate\":\"https:\\\/\\\/ventje.com\\\/de\\\/?s={search_term_string}\"},\"query-input\":{\"@type\":\"PropertyValueSpecification\",\"valueRequired\":true,\"valueName\":\"search_term_string\"}}],\"inLanguage\":\"de\"},{\"@type\":\"Organization\",\"@id\":\"https:\\\/\\\/ventje.com\\\/de\\\/#organization\",\"name\":\"Ventje\",\"url\":\"https:\\\/\\\/ventje.com\\\/de\\\/\",\"logo\":{\"@type\":\"ImageObject\",\"inLanguage\":\"de\",\"@id\":\"https:\\\/\\\/ventje.com\\\/de\\\/#\\\/schema\\\/logo\\\/image\\\/\",\"url\":\"\",\"contentUrl\":\"\",\"caption\":\"Ventje\"},\"image\":{\"@id\":\"https:\\\/\\\/ventje.com\\\/de\\\/#\\\/schema\\\/logo\\\/image\\\/\"},\"sameAs\":[\"https:\\\/\\\/www.facebook.com\\\/ventjecamper\\\/\",\"https:\\\/\\\/www.instagram.com\\\/ventje_camper\\\/\"]}]}<\/script>\n<!-- \/ Yoast SEO plugin. -->","yoast_head_json":{"title":"H\u00e4ufig gestellte Fragen und unsere Antworten - Ventje Camper","description":"Fragen zu einem Ventje oder m\u00f6chtest du mehr wissen? Kontaktier uns gerne, um einen Termin in unserem Showroom zu vereinbaren.","robots":{"index":"index","follow":"follow","max-snippet":"max-snippet:-1","max-image-preview":"max-image-preview:large","max-video-preview":"max-video-preview:-1"},"canonical":"https:\/\/ventje.com\/de\/kontakt\/faq\/","og_locale":"de_DE","og_type":"article","og_title":"H\u00e4ufig gestellte Fragen und unsere Antworten - Ventje Camper","og_description":"Fragen zu einem Ventje oder m\u00f6chtest du mehr wissen? Kontaktier uns gerne, um einen Termin in unserem Showroom zu vereinbaren.","og_url":"https:\/\/ventje.com\/de\/kontakt\/faq\/","og_site_name":"Ventje","article_publisher":"https:\/\/www.facebook.com\/ventjecamper\/","article_modified_time":"2024-06-13T15:54:54+00:00","schema":{"@context":"https:\/\/schema.org","@graph":[{"@type":"WebPage","@id":"https:\/\/ventje.com\/de\/kontakt\/faq\/","url":"https:\/\/ventje.com\/de\/kontakt\/faq\/","name":"H\u00e4ufig gestellte Fragen und unsere Antworten - Ventje Camper","isPartOf":{"@id":"https:\/\/ventje.com\/de\/#website"},"datePublished":"2020-06-05T13:44:45+00:00","dateModified":"2024-06-13T15:54:54+00:00","description":"Fragen zu einem Ventje oder m\u00f6chtest du mehr wissen? Kontaktier uns gerne, um einen Termin in unserem Showroom zu vereinbaren.","breadcrumb":{"@id":"https:\/\/ventje.com\/de\/kontakt\/faq\/#breadcrumb"},"inLanguage":"de","potentialAction":[{"@type":"ReadAction","target":["https:\/\/ventje.com\/de\/kontakt\/faq\/"]}]},{"@type":"BreadcrumbList","@id":"https:\/\/ventje.com\/de\/kontakt\/faq\/#breadcrumb","itemListElement":[{"@type":"ListItem","position":1,"name":"Home","item":"https:\/\/ventje.com\/de\/"},{"@type":"ListItem","position":2,"name":"Kontakt","item":"https:\/\/ventje.com\/de\/kontakt\/"},{"@type":"ListItem","position":3,"name":"H\u00e4ufig gestellte Fragen (FAQ)"}]},{"@type":"WebSite","@id":"https:\/\/ventje.com\/de\/#website","url":"https:\/\/ventje.com\/de\/","name":"Ventje","description":"Ultieme vrijheid staat voor de deur.","publisher":{"@id":"https:\/\/ventje.com\/de\/#organization"},"potentialAction":[{"@type":"SearchAction","target":{"@type":"EntryPoint","urlTemplate":"https:\/\/ventje.com\/de\/?s={search_term_string}"},"query-input":{"@type":"PropertyValueSpecification","valueRequired":true,"valueName":"search_term_string"}}],"inLanguage":"de"},{"@type":"Organization","@id":"https:\/\/ventje.com\/de\/#organization","name":"Ventje","url":"https:\/\/ventje.com\/de\/","logo":{"@type":"ImageObject","inLanguage":"de","@id":"https:\/\/ventje.com\/de\/#\/schema\/logo\/image\/","url":"","contentUrl":"","caption":"Ventje"},"image":{"@id":"https:\/\/ventje.com\/de\/#\/schema\/logo\/image\/"},"sameAs":["https:\/\/www.facebook.com\/ventjecamper\/","https:\/\/www.instagram.com\/ventje_camper\/"]}]}},"_links":{"self":[{"href":"https:\/\/ventje.com\/de\/wp-json\/wp\/v2\/pages\/33633","targetHints":{"allow":["GET"]}}],"collection":[{"href":"https:\/\/ventje.com\/de\/wp-json\/wp\/v2\/pages"}],"about":[{"href":"https:\/\/ventje.com\/de\/wp-json\/wp\/v2\/types\/page"}],"author":[{"embeddable":true,"href":"https:\/\/ventje.com\/de\/wp-json\/wp\/v2\/users\/3"}],"replies":[{"embeddable":true,"href":"https:\/\/ventje.com\/de\/wp-json\/wp\/v2\/comments?post=33633"}],"version-history":[{"count":7,"href":"https:\/\/ventje.com\/de\/wp-json\/wp\/v2\/pages\/33633\/revisions"}],"predecessor-version":[{"id":287220,"href":"https:\/\/ventje.com\/de\/wp-json\/wp\/v2\/pages\/33633\/revisions\/287220"}],"up":[{"embeddable":true,"href":"https:\/\/ventje.com\/de\/wp-json\/wp\/v2\/pages\/33636"}],"wp:attachment":[{"href":"https:\/\/ventje.com\/de\/wp-json\/wp\/v2\/media?parent=33633"}],"curies":[{"name":"wp","href":"https:\/\/api.w.org\/{rel}","templated":true}]}}