{"id":33839,"date":"2023-01-03T11:46:31","date_gmt":"2023-01-03T10:46:31","guid":{"rendered":"https:\/\/ventje.com\/bei-wind-und-wetter\/"},"modified":"2024-04-08T09:44:10","modified_gmt":"2024-04-08T09:44:10","slug":"bei-wind-und-wetter","status":"publish","type":"page","link":"https:\/\/ventje.com\/de\/erfahrungen\/bei-wind-und-wetter\/","title":{"rendered":"Bei Wind und Wetter"},"content":{"rendered":"<p>[et_pb_section fb_built=&#8220;1&#8243; _builder_version=&#8220;4.22.1&#8243; background_enable_color=&#8220;off&#8220; use_background_color_gradient=&#8220;on&#8220; background_color_gradient_type=&#8220;elliptical&#8220; background_color_gradient_stops=&#8220;rgba(2,2,2,0.23) 0%|rgba(41,196,169,0) 47%&#8220; background_image=&#8220;https:\/\/ventje.com\/wp-content\/uploads\/2023\/09\/elke-dag-een-vakantiegevoel.webp&#8220; background_position=&#8220;top_center&#8220; background_vertical_offset=&#8220;20%&#8220; background_blend=&#8220;multiply&#8220; custom_margin=&#8220;||||false|false&#8220; custom_padding=&#8220;0px||0px||false|false&#8220; global_colors_info=&#8220;{}&#8220;][et_pb_row make_equal=&#8220;on&#8220; _builder_version=&#8220;4.16&#8243; background_color=&#8220;rgba(0,0,0,0)&#8220; background_enable_image=&#8220;off&#8220; width=&#8220;100%&#8220; module_alignment=&#8220;center&#8220; min_height_phone=&#8220;300px&#8220; min_height_last_edited=&#8220;off|tablet&#8220; height=&#8220;450px&#8220; height_tablet=&#8220;300px&#8220; height_phone=&#8220;200px&#8220; height_last_edited=&#8220;on|phone&#8220; custom_margin=&#8220;||||false|false&#8220; custom_padding=&#8220;||||false|false&#8220; global_colors_info=&#8220;{}&#8220;][et_pb_column type=&#8220;4_4&#8243; _builder_version=&#8220;4.16&#8243; global_colors_info=&#8220;{}&#8220;][et_pb_text content_tablet=&#8220;<\/p>\n<h1 style=%22text-align: center;%22><span style=%22color: #ffffff; font-size: 40px;%22>\u201eDer Rundumblick ist<br \/>wirklich au\u00dfergew\u00f6hnlich.\u201c<\/span><\/h1>\n<p>&#8220; content_phone=&#8220;<\/p>\n<h1 style=%22text-align: center;%22><span style=%22color: #ffffff; font-size: 30px;%22>\u201eDer Rundumblick ist<br \/>wirklich au\u00dfergew\u00f6hnlich.\u201c<\/span><\/h1>\n<p>&#8220; content_last_edited=&#8220;off|desktop&#8220; _builder_version=&#8220;4.23.1&#8243; text_font=&#8220;|700|||||||&#8220; header_font=&#8220;||||||||&#8220; header_text_align=&#8220;center&#8220; header_font_size=&#8220;50px&#8220; text_orientation=&#8220;center&#8220; background_layout=&#8220;dark&#8220; max_width=&#8220;90%&#8220; module_alignment=&#8220;center&#8220; custom_margin=&#8220;180px|0px|0px|0px|false|false&#8220; custom_margin_tablet=&#8220;70px|0px|0px|0px|false|false&#8220; custom_margin_phone=&#8220;30px||||false|false&#8220; custom_margin_last_edited=&#8220;on|phone&#8220; custom_padding=&#8220;|0px|0px|0px|false|false&#8220; custom_padding_tablet=&#8220;25px|||0px|false|false&#8220; custom_padding_phone=&#8220;25px||||false|false&#8220; custom_padding_last_edited=&#8220;off|desktop&#8220; hover_enabled=&#8220;0&#8243; text_font_size_tablet=&#8220;&#8220; text_font_size_phone=&#8220;1px&#8220; text_font_size_last_edited=&#8220;on|phone&#8220; text_line_height_last_edited=&#8220;off|desktop&#8220; header_font_size_tablet=&#8220;&#8220; header_font_size_phone=&#8220;30px&#8220; header_font_size_last_edited=&#8220;on|phone&#8220; text_text_align=&#8220;center&#8220; global_colors_info=&#8220;{}&#8220; custom_margin__hover_enabled=&#8220;off|desktop&#8220; custom_padding__hover_enabled=&#8220;on|desktop&#8220; custom_padding__hover=&#8220;|0px|0px|0px|false|false&#8220; sticky_enabled=&#8220;0&#8243;]<\/p>\n<h1>&#8222;Wir schlafen immer oben, um das Gef\u00fchl des Drau\u00dfenschlafens zu bewahren!<\/h1>\n<p>[\/et_pb_text][\/et_pb_column][\/et_pb_row][\/et_pb_section][et_pb_section fb_built=&#8220;1&#8243; _builder_version=&#8220;4.23.1&#8243; background_color=&#8220;RGBA(255,255,255,0)&#8220; custom_margin=&#8220;||||false|false&#8220; custom_padding=&#8220;0px||0px||false|false&#8220; global_colors_info=&#8220;{}&#8220;][et_pb_row _builder_version=&#8220;4.23.1&#8243; background_enable_color=&#8220;off&#8220; width=&#8220;100%&#8220; custom_margin=&#8220;30px||||false|false&#8220; custom_padding=&#8220;|30px|30px|30px|false|true&#8220; global_colors_info=&#8220;{}&#8220;][et_pb_column type=&#8220;4_4&#8243; _builder_version=&#8220;4.16&#8243; global_colors_info=&#8220;{}&#8220;][et_pb_text admin_label=&#8220;Text&#8220; _builder_version=&#8220;4.20.4&#8243; header_2_font=&#8220;|700|||||||&#8220; module_alignment=&#8220;center&#8220; custom_margin=&#8220;20px||||false|false&#8220; custom_margin_tablet=&#8220;0px||0px||false|false&#8220; custom_margin_last_edited=&#8220;off|desktop&#8220; custom_padding=&#8220;||||false|false&#8220; text_text_align=&#8220;left&#8220; global_colors_info=&#8220;{}&#8220;]<\/p>\n<h1><strong>Bei Wind und Wetter<br \/><\/strong><\/h1>\n<p><span style=\"color: #f3a713;\">December 2022 | Pel &amp; Aafke<br \/><\/span><\/p>\n<p>Wir haben unseren Ventje nun schon seit \u00fcber einem Jahr. Jeden Monat sind wir unterwegs \u2013 egal bei welchem Wetter. Vom Wochenendausflug bis hin zu mehreren Wochen Urlaub. Jedes Mal machen wir eine neue Entdeckung. Inzwischen sind wir schon durch viele Teile Europas gefahren. Gerade erst sind wir zum Beispiel von einem Wanderurlaub durch Nordspanien zur\u00fcck.<\/p>\n<p>\u00dcberall, wo wir hinkommen, werden wir gefragt, ob wir unseren praktischen Ventje selbst gebaut haben. Naja nein, wir erz\u00e4hlen ihnen dann begeistert von Franks fantastischem Konzept. Nach 50 Jahren Camping mit einem Zelt passt unser Ventje perfekt zu unseren Bed\u00fcrfnissen. Viel drau\u00dfen sein und wenig dabeihaben. Drau\u00dfen kochen unter der Heckklappe oder von drinnen, wenn es kalt ist. Wir schlafen auch immer oben im Dachzelt. Das gibt uns das Gef\u00fchl, drau\u00dfen zu schlafen.<\/p>\n<p>Zur\u00fcck in ein Zelt? Nein, wir bleiben bei unserem Ventje!<\/p>\n<p style=\"text-align: justify;\">\n<p>[\/et_pb_text][\/et_pb_column][\/et_pb_row][\/et_pb_section][et_pb_section fb_built=&#8220;1&#8243; _builder_version=&#8220;4.23.1&#8243; background_color=&#8220;RGBA(255,255,255,0)&#8220; custom_margin=&#8220;30px||||false|false&#8220; custom_padding=&#8220;||||false|false&#8220; global_colors_info=&#8220;{}&#8220;][et_pb_row _builder_version=&#8220;4.22.1&#8243; _dynamic_attributes=&#8220;link_option_url&#8220; background_image=&#8220;https:\/\/ventje.com\/wp-content\/uploads\/2023\/08\/ventje-in-de-sneeuw.webp&#8220; background_position=&#8220;top_right&#8220; background_vertical_offset=&#8220;84%&#8220; width=&#8220;100%&#8220; width_tablet=&#8220;100%&#8220; width_phone=&#8220;100%&#8220; width_last_edited=&#8220;on|tablet&#8220; height=&#8220;550px&#8220; height_tablet=&#8220;450px&#8220; height_phone=&#8220;350px&#8220; height_last_edited=&#8220;on|desktop&#8220; link_option_url=&#8220;@ET-DC@eyJkeW5hbWljIjp0cnVlLCJjb250ZW50IjoicG9zdF9saW5rX3VybF9wYWdlIiwic2V0dGluZ3MiOnsicG9zdF9pZCI6IjExOTA2In19@&#8220; global_colors_info=&#8220;{}&#8220;][et_pb_column type=&#8220;4_4&#8243; _builder_version=&#8220;4.22.1&#8243; global_colors_info=&#8220;{}&#8220;][\/et_pb_column][\/et_pb_row][\/et_pb_section][et_pb_section fb_built=&#8220;1&#8243; _builder_version=&#8220;4.23.1&#8243; background_color=&#8220;RGBA(255,255,255,0)&#8220; custom_margin=&#8220;30px||||false|false&#8220; custom_margin_tablet=&#8220;-30px||15px||false|false&#8220; custom_margin_phone=&#8220;-30px||-15px||false|false&#8220; custom_margin_last_edited=&#8220;off|desktop&#8220; custom_padding=&#8220;0px||0px|||&#8220; global_colors_info=&#8220;{}&#8220;][et_pb_row _builder_version=&#8220;4.18.0&#8243; background_enable_color=&#8220;off&#8220; custom_margin=&#8220;|auto||auto|false|false&#8220; global_colors_info=&#8220;{}&#8220;][et_pb_column type=&#8220;4_4&#8243; _builder_version=&#8220;4.16&#8243; global_colors_info=&#8220;{}&#8220;][et_pb_button button_url=&#8220;@ET-DC@eyJkeW5hbWljIjp0cnVlLCJjb250ZW50IjoicG9zdF9saW5rX3VybF9wYWdlIiwic2V0dGluZ3MiOnsicG9zdF9pZCI6IjE5MDgifX0=@&#8220; button_text=&#8220;Zur\u00fcck zu Erfahrungen&#8220; button_alignment=&#8220;center&#8220; button_alignment_tablet=&#8220;&#8220; button_alignment_phone=&#8220;&#8220; button_alignment_last_edited=&#8220;on|desktop&#8220; module_class=&#8220;bottom-button&#8220; _builder_version=&#8220;4.20.4&#8243; _dynamic_attributes=&#8220;button_url&#8220; custom_button=&#8220;on&#8220; button_icon=&#8220;&#x44;||divi||400&#8243; button_icon_placement=&#8220;left&#8220; custom_padding=&#8220;||||false|false&#8220; custom_padding_tablet=&#8220;||||false|false&#8220; custom_padding_phone=&#8220;||||false|false&#8220; custom_padding_last_edited=&#8220;on|desktop&#8220; hover_transition_speed_curve=&#8220;ease-in-out&#8220; custom_css_before=&#8220;||&#8220; custom_css_after=&#8220;||&#8220; global_colors_info=&#8220;{}&#8220;][\/et_pb_button][\/et_pb_column][\/et_pb_row][\/et_pb_section]<\/p>\n","protected":false},"excerpt":{"rendered":"<p>&#8222;Wir schlafen immer oben, um das Gef\u00fchl des Drau\u00dfenschlafens zu bewahren!Bei Wind und Wetter December 2022 | Pel &amp; Aafke Wir haben unseren Ventje nun schon seit \u00fcber einem Jahr. Jeden Monat sind wir unterwegs \u2013 egal bei welchem Wetter. Vom Wochenendausflug bis hin zu mehreren Wochen Urlaub. Jedes Mal machen wir eine neue Entdeckung. [&hellip;]<\/p>\n","protected":false},"author":7,"featured_media":0,"parent":42805,"menu_order":2,"comment_status":"closed","ping_status":"closed","template":"","meta":{"_acf_changed":false,"_et_pb_use_builder":"on","_et_pb_old_content":"","_et_gb_content_width":"","footnotes":""},"class_list":["post-33839","page","type-page","status-publish","hentry"],"acf":[],"yoast_head":"<!-- This site is optimized with the Yoast SEO plugin v27.5 - https:\/\/yoast.com\/product\/yoast-seo-wordpress\/ -->\n<title>Bei Wind und Wetter - Ventje<\/title>\n<meta name=\"robots\" content=\"index, follow, max-snippet:-1, max-image-preview:large, max-video-preview:-1\" \/>\n<link rel=\"canonical\" href=\"https:\/\/ventje.com\/de\/erfahrungen\/bei-wind-und-wetter\/\" \/>\n<meta property=\"og:locale\" content=\"de_DE\" \/>\n<meta property=\"og:type\" content=\"article\" \/>\n<meta property=\"og:title\" content=\"Bei Wind und Wetter - Ventje\" \/>\n<meta property=\"og:description\" content=\"&quot;Wir schlafen immer oben, um das Gef\u00fchl des Drau\u00dfenschlafens zu bewahren!Bei Wind und Wetter December 2022 | Pel &amp; Aafke Wir haben unseren Ventje nun schon seit \u00fcber einem Jahr. Jeden Monat sind wir unterwegs \u2013 egal bei welchem Wetter. Vom Wochenendausflug bis hin zu mehreren Wochen Urlaub. Jedes Mal machen wir eine neue Entdeckung. [&hellip;]\" \/>\n<meta property=\"og:url\" content=\"https:\/\/ventje.com\/de\/erfahrungen\/bei-wind-und-wetter\/\" \/>\n<meta property=\"og:site_name\" content=\"Ventje\" \/>\n<meta property=\"article:publisher\" content=\"https:\/\/www.facebook.com\/ventjecamper\/\" \/>\n<meta property=\"article:modified_time\" content=\"2024-04-08T09:44:10+00:00\" \/>\n<script type=\"application\/ld+json\" class=\"yoast-schema-graph\">{\"@context\":\"https:\\\/\\\/schema.org\",\"@graph\":[{\"@type\":\"WebPage\",\"@id\":\"https:\\\/\\\/ventje.com\\\/de\\\/erfahrungen\\\/bei-wind-und-wetter\\\/\",\"url\":\"https:\\\/\\\/ventje.com\\\/de\\\/erfahrungen\\\/bei-wind-und-wetter\\\/\",\"name\":\"Bei Wind und Wetter - Ventje\",\"isPartOf\":{\"@id\":\"https:\\\/\\\/ventje.com\\\/de\\\/#website\"},\"datePublished\":\"2023-01-03T10:46:31+00:00\",\"dateModified\":\"2024-04-08T09:44:10+00:00\",\"breadcrumb\":{\"@id\":\"https:\\\/\\\/ventje.com\\\/de\\\/erfahrungen\\\/bei-wind-und-wetter\\\/#breadcrumb\"},\"inLanguage\":\"de\",\"potentialAction\":[{\"@type\":\"ReadAction\",\"target\":[\"https:\\\/\\\/ventje.com\\\/de\\\/erfahrungen\\\/bei-wind-und-wetter\\\/\"]}]},{\"@type\":\"BreadcrumbList\",\"@id\":\"https:\\\/\\\/ventje.com\\\/de\\\/erfahrungen\\\/bei-wind-und-wetter\\\/#breadcrumb\",\"itemListElement\":[{\"@type\":\"ListItem\",\"position\":1,\"name\":\"Home\",\"item\":\"https:\\\/\\\/ventje.com\\\/de\\\/\"},{\"@type\":\"ListItem\",\"position\":2,\"name\":\"Erfahrungen\",\"item\":\"https:\\\/\\\/ventje.com\\\/de\\\/erfahrungen\\\/\"},{\"@type\":\"ListItem\",\"position\":3,\"name\":\"Bei Wind und Wetter\"}]},{\"@type\":\"WebSite\",\"@id\":\"https:\\\/\\\/ventje.com\\\/de\\\/#website\",\"url\":\"https:\\\/\\\/ventje.com\\\/de\\\/\",\"name\":\"Ventje\",\"description\":\"Ultieme vrijheid staat voor de deur.\",\"publisher\":{\"@id\":\"https:\\\/\\\/ventje.com\\\/de\\\/#organization\"},\"potentialAction\":[{\"@type\":\"SearchAction\",\"target\":{\"@type\":\"EntryPoint\",\"urlTemplate\":\"https:\\\/\\\/ventje.com\\\/de\\\/?s={search_term_string}\"},\"query-input\":{\"@type\":\"PropertyValueSpecification\",\"valueRequired\":true,\"valueName\":\"search_term_string\"}}],\"inLanguage\":\"de\"},{\"@type\":\"Organization\",\"@id\":\"https:\\\/\\\/ventje.com\\\/de\\\/#organization\",\"name\":\"Ventje\",\"url\":\"https:\\\/\\\/ventje.com\\\/de\\\/\",\"logo\":{\"@type\":\"ImageObject\",\"inLanguage\":\"de\",\"@id\":\"https:\\\/\\\/ventje.com\\\/de\\\/#\\\/schema\\\/logo\\\/image\\\/\",\"url\":\"\",\"contentUrl\":\"\",\"caption\":\"Ventje\"},\"image\":{\"@id\":\"https:\\\/\\\/ventje.com\\\/de\\\/#\\\/schema\\\/logo\\\/image\\\/\"},\"sameAs\":[\"https:\\\/\\\/www.facebook.com\\\/ventjecamper\\\/\",\"https:\\\/\\\/www.instagram.com\\\/ventje_camper\\\/\"]}]}<\/script>\n<!-- \/ Yoast SEO plugin. -->","yoast_head_json":{"title":"Bei Wind und Wetter - Ventje","robots":{"index":"index","follow":"follow","max-snippet":"max-snippet:-1","max-image-preview":"max-image-preview:large","max-video-preview":"max-video-preview:-1"},"canonical":"https:\/\/ventje.com\/de\/erfahrungen\/bei-wind-und-wetter\/","og_locale":"de_DE","og_type":"article","og_title":"Bei Wind und Wetter - Ventje","og_description":"\"Wir schlafen immer oben, um das Gef\u00fchl des Drau\u00dfenschlafens zu bewahren!Bei Wind und Wetter December 2022 | Pel &amp; Aafke Wir haben unseren Ventje nun schon seit \u00fcber einem Jahr. Jeden Monat sind wir unterwegs \u2013 egal bei welchem Wetter. Vom Wochenendausflug bis hin zu mehreren Wochen Urlaub. Jedes Mal machen wir eine neue Entdeckung. [&hellip;]","og_url":"https:\/\/ventje.com\/de\/erfahrungen\/bei-wind-und-wetter\/","og_site_name":"Ventje","article_publisher":"https:\/\/www.facebook.com\/ventjecamper\/","article_modified_time":"2024-04-08T09:44:10+00:00","schema":{"@context":"https:\/\/schema.org","@graph":[{"@type":"WebPage","@id":"https:\/\/ventje.com\/de\/erfahrungen\/bei-wind-und-wetter\/","url":"https:\/\/ventje.com\/de\/erfahrungen\/bei-wind-und-wetter\/","name":"Bei Wind und Wetter - Ventje","isPartOf":{"@id":"https:\/\/ventje.com\/de\/#website"},"datePublished":"2023-01-03T10:46:31+00:00","dateModified":"2024-04-08T09:44:10+00:00","breadcrumb":{"@id":"https:\/\/ventje.com\/de\/erfahrungen\/bei-wind-und-wetter\/#breadcrumb"},"inLanguage":"de","potentialAction":[{"@type":"ReadAction","target":["https:\/\/ventje.com\/de\/erfahrungen\/bei-wind-und-wetter\/"]}]},{"@type":"BreadcrumbList","@id":"https:\/\/ventje.com\/de\/erfahrungen\/bei-wind-und-wetter\/#breadcrumb","itemListElement":[{"@type":"ListItem","position":1,"name":"Home","item":"https:\/\/ventje.com\/de\/"},{"@type":"ListItem","position":2,"name":"Erfahrungen","item":"https:\/\/ventje.com\/de\/erfahrungen\/"},{"@type":"ListItem","position":3,"name":"Bei Wind und Wetter"}]},{"@type":"WebSite","@id":"https:\/\/ventje.com\/de\/#website","url":"https:\/\/ventje.com\/de\/","name":"Ventje","description":"Ultieme vrijheid staat voor de deur.","publisher":{"@id":"https:\/\/ventje.com\/de\/#organization"},"potentialAction":[{"@type":"SearchAction","target":{"@type":"EntryPoint","urlTemplate":"https:\/\/ventje.com\/de\/?s={search_term_string}"},"query-input":{"@type":"PropertyValueSpecification","valueRequired":true,"valueName":"search_term_string"}}],"inLanguage":"de"},{"@type":"Organization","@id":"https:\/\/ventje.com\/de\/#organization","name":"Ventje","url":"https:\/\/ventje.com\/de\/","logo":{"@type":"ImageObject","inLanguage":"de","@id":"https:\/\/ventje.com\/de\/#\/schema\/logo\/image\/","url":"","contentUrl":"","caption":"Ventje"},"image":{"@id":"https:\/\/ventje.com\/de\/#\/schema\/logo\/image\/"},"sameAs":["https:\/\/www.facebook.com\/ventjecamper\/","https:\/\/www.instagram.com\/ventje_camper\/"]}]}},"_links":{"self":[{"href":"https:\/\/ventje.com\/de\/wp-json\/wp\/v2\/pages\/33839","targetHints":{"allow":["GET"]}}],"collection":[{"href":"https:\/\/ventje.com\/de\/wp-json\/wp\/v2\/pages"}],"about":[{"href":"https:\/\/ventje.com\/de\/wp-json\/wp\/v2\/types\/page"}],"author":[{"embeddable":true,"href":"https:\/\/ventje.com\/de\/wp-json\/wp\/v2\/users\/7"}],"replies":[{"embeddable":true,"href":"https:\/\/ventje.com\/de\/wp-json\/wp\/v2\/comments?post=33839"}],"version-history":[{"count":5,"href":"https:\/\/ventje.com\/de\/wp-json\/wp\/v2\/pages\/33839\/revisions"}],"predecessor-version":[{"id":286373,"href":"https:\/\/ventje.com\/de\/wp-json\/wp\/v2\/pages\/33839\/revisions\/286373"}],"up":[{"embeddable":true,"href":"https:\/\/ventje.com\/de\/wp-json\/wp\/v2\/pages\/42805"}],"wp:attachment":[{"href":"https:\/\/ventje.com\/de\/wp-json\/wp\/v2\/media?parent=33839"}],"curies":[{"name":"wp","href":"https:\/\/api.w.org\/{rel}","templated":true}]}}