{"id":33845,"date":"2020-06-17T07:48:30","date_gmt":"2020-06-17T05:48:30","guid":{"rendered":"https:\/\/ventje.com\/geniale-kueche\/"},"modified":"2026-04-24T10:44:51","modified_gmt":"2026-04-24T08:44:51","slug":"geniale-kueche","status":"publish","type":"page","link":"https:\/\/ventje.com\/de\/erfahrungen\/geniale-kueche\/","title":{"rendered":"Geniale K\u00fcche"},"content":{"rendered":"<p>[et_pb_section fb_built=&#8220;1&#8243; _builder_version=&#8220;4.22.1&#8243; background_enable_color=&#8220;off&#8220; background_image=&#8220;https:\/\/ventje.com\/wp-content\/uploads\/2023\/09\/geniale-keuken-in-ventje.webp&#8220; background_position=&#8220;bottom_center&#8220; background_vertical_offset=&#8220;67%&#8220; background_blend=&#8220;multiply&#8220; custom_margin=&#8220;||||false|false&#8220; custom_padding=&#8220;0px||0px||false|false&#8220; global_colors_info=&#8220;{}&#8220;][et_pb_row make_equal=&#8220;on&#8220; _builder_version=&#8220;4.18.0&#8243; background_color=&#8220;rgba(0,0,0,0)&#8220; background_enable_image=&#8220;off&#8220; width=&#8220;100%&#8220; module_alignment=&#8220;center&#8220; min_height_phone=&#8220;300px&#8220; min_height_last_edited=&#8220;off|tablet&#8220; height=&#8220;450px&#8220; height_tablet=&#8220;300px&#8220; height_phone=&#8220;200px&#8220; height_last_edited=&#8220;off|desktop&#8220; custom_margin=&#8220;||||false|false&#8220; custom_padding=&#8220;||||false|false&#8220; global_colors_info=&#8220;{}&#8220;][et_pb_column type=&#8220;4_4&#8243; _builder_version=&#8220;4.16&#8243; global_colors_info=&#8220;{}&#8220;][et_pb_text content_tablet=&#8220;<\/p>\n<h1 style=%22text-align: center;%22><span style=%22color: #ffffff; font-size: 40px;%22>\u201eWarum bin ich da nicht drauf gekommen?\u201c<\/span><\/h1>\n<p>&#8220; content_phone=&#8220;<\/p>\n<h1 style=%22text-align: center;%22><span style=%22color: #ffffff; font-size: 30px;%22>\u201eWarum bin ich da nicht drauf gekommen?\u201c<\/span><\/h1>\n<p>&#8220; content_last_edited=&#8220;off|desktop&#8220; _builder_version=&#8220;4.23.1&#8243; text_font=&#8220;Futura book|700|||||||&#8220; text_line_height=&#8220;0em&#8220; header_font=&#8220;Futura book|700|||||||&#8220; header_text_align=&#8220;center&#8220; header_2_font=&#8220;|300|||||||&#8220; header_2_font_size=&#8220;50px&#8220; positioning=&#8220;relative&#8220; vertical_offset=&#8220;-107px&#8220; text_orientation=&#8220;center&#8220; background_layout=&#8220;dark&#8220; max_width=&#8220;70%&#8220; max_width_tablet=&#8220;75%&#8220; max_width_phone=&#8220;80%&#8220; max_width_last_edited=&#8220;on|desktop&#8220; module_alignment=&#8220;center&#8220; custom_margin=&#8220;284px||||false|false&#8220; custom_margin_tablet=&#8220;268px||||false|false&#8220; custom_margin_phone=&#8220;284px||||false|false&#8220; custom_margin_last_edited=&#8220;on|desktop&#8220; custom_padding=&#8220;||||false|false&#8220; hover_enabled=&#8220;0&#8243; header_font_size_tablet=&#8220;&#8220; header_font_size_phone=&#8220;25px&#8220; header_font_size_last_edited=&#8220;on|phone&#8220; header_2_font_size_tablet=&#8220;50px&#8220; header_2_font_size_phone=&#8220;35px&#8220; header_2_font_size_last_edited=&#8220;on|phone&#8220; text_text_shadow_style=&#8220;preset3&#8243; text_text_shadow_blur_strength=&#8220;1.34em&#8220; header_text_shadow_style=&#8220;preset3&#8243; header_text_shadow_color=&#8220;rgba(0,0,0,0.42)&#8220; text_text_align=&#8220;center&#8220; global_colors_info=&#8220;{}&#8220; custom_margin__hover_enabled=&#8220;off|desktop&#8220; custom_padding__hover_enabled=&#8220;on|desktop&#8220; custom_padding__hover=&#8220;|0px|0px|0px|false|false&#8220; header_font_size=&#8220;50px&#8220; sticky_enabled=&#8220;0&#8243;]<\/p>\n<h1>\u201eWarum bin ich da nicht drauf gekommen?\u201c<\/h1>\n<p>[\/et_pb_text][\/et_pb_column][\/et_pb_row][\/et_pb_section][et_pb_section fb_built=&#8220;1&#8243; _builder_version=&#8220;4.23.1&#8243; custom_margin=&#8220;||||false|false&#8220; custom_padding=&#8220;0px||0px||false|false&#8220; hover_enabled=&#8220;0&#8243; global_colors_info=&#8220;{}&#8220; background_color=&#8220;RGBA(255,255,255,0)&#8220; sticky_enabled=&#8220;0&#8243;][et_pb_row _builder_version=&#8220;4.23.1&#8243; width=&#8220;100%&#8220; custom_margin=&#8220;30px||||false|false&#8220; custom_padding=&#8220;|30px|30px|30px|false|true&#8220; hover_enabled=&#8220;0&#8243; global_colors_info=&#8220;{}&#8220; background_enable_color=&#8220;off&#8220; sticky_enabled=&#8220;0&#8243;][et_pb_column type=&#8220;4_4&#8243; _builder_version=&#8220;4.16&#8243; global_colors_info=&#8220;{}&#8220;][et_pb_text admin_label=&#8220;Text&#8220; _builder_version=&#8220;4.21.2&#8243; header_2_font=&#8220;|700|||||||&#8220; module_alignment=&#8220;center&#8220; custom_margin=&#8220;20px||||false|false&#8220; custom_margin_tablet=&#8220;-3px||||false|false&#8220; custom_margin_last_edited=&#8220;off|desktop&#8220; custom_padding=&#8220;||0px||false|false&#8220; text_text_align=&#8220;left&#8220; global_colors_info=&#8220;{}&#8220;]<\/p>\n<h1><span style=\"text-align: justify;\"><b>Geniale K\u00fcche<br \/><\/b><\/span><\/h1>\n<p><span style=\"color: #f3a713; font-size: 17px; text-align: justify;\">Juni 2020 | Rob &amp; Annette<br \/><\/span><br \/>Beim Surfen im Internet, ich glaube es war Facebook, ist mir ein Foto aufgefallen. Ein Foto eines VW-Busses mit offener Heckklappe, darin ein M\u00f6belst\u00fcck aus Holz mit Schubladen und Kisten. Ein Campervan, bei dem die K\u00fcche im Heck untergebracht ist. Ventje!<\/p>\n<p><strong>Gro\u00dfe Familie<\/strong><br \/>Wir haben bereits einige Reise-Erfahrungen mit VW-Vans gemacht, T3 und T4. Beide T3 waren Campervans und der T4 war ein PKW. Als wir uns dazu entschieden, Pflegekinder aufzunehmen, suchten wir nach einem Transportmittel f\u00fcr eine gro\u00dfe Familie zu relativ geringen Kosten. Das haben wir in Form der Campervans gefunden. Als wir weitere Pflegekinder aufnahmen und eine achtk\u00f6pfige Familie wurden, mussten wir auf den PKW-Bus umsteigen. Aber das Freiheitsgef\u00fchl, das wir mit den Campervans verbanden, hat uns nie ganz losgelassen, obwohl wir seit einigen Jahren auch gerne in Zelten und B&amp;Bs \u00fcbernachten.<\/p>\n<p>Ich habe regelm\u00e4\u00dfig das Internet nach g\u00fcnstigen Campervans durchforstet. Allerdings war alles, was ich gefunden habe, hochpreisig und immer standardm\u00e4\u00dfig mit der K\u00fcche seitlich hinter dem Fahrersitz ausgestattet. Aber an diesem Tag, als ich nicht einmal auf der Suche nach Campern war, fiel mir der Ventje ins Auge. Dar\u00fcber wollte ich mehr wissen.<\/p>\n<p><strong>Geniale K\u00fcche<\/strong><br \/>Im Ventje ist die K\u00fcche hinten. Genial! Sie l\u00e4sst sich sowohl von drinnen als auch von drau\u00dfen bedienen! Meine Frau und ich waren sofort begeistert und fragten \u00fcber die Website weitere Informationen zum Mieten und Kaufen an. Noch am selben Wochenende sind wir mit unserem Enkel nach Utrecht gefahren, um Ventje \u201elive\u201c zu sehen. Die gesamte Innenausstattung ist gut durchdacht. Sch\u00f6n verarbeitet und die K\u00fcche ist wirklich top. Wenn man drau\u00dfen unter der Heckklappe kocht, hat sie die perfekte H\u00f6he. Gleichzeitig ist die K\u00fcche von drinnen im Sitzen bedienbar.<\/p>\n<p><strong>Flexible Einrichtung<\/strong><br \/>Auch die flexible Aufteilung der Sitzfl\u00e4chen ist ein tolles Konzept. Buchst\u00e4blich im Handumdrehen ver\u00e4nderbar. Und dann die separaten Untergestelle, um die Sofateile auch drau\u00dfen nutzen zu k\u00f6nnen. Was will man mehr? Was ich mich bei der Besichtigung immer wieder gefragt habe, war: \u201eWarum bin ich da nicht drauf gekommen?\u201c<\/p>\n<p>[\/et_pb_text][\/et_pb_column][\/et_pb_row][\/et_pb_section][et_pb_section fb_built=&#8220;1&#8243; _builder_version=&#8220;4.23.1&#8243; custom_margin=&#8220;30px||15px||false|false&#8220; custom_padding=&#8220;30px||0px||false|false&#8220; hover_enabled=&#8220;0&#8243; global_colors_info=&#8220;{}&#8220; background_color=&#8220;RGBA(255,255,255,0)&#8220; sticky_enabled=&#8220;0&#8243;][et_pb_row make_equal=&#8220;on&#8220; _builder_version=&#8220;4.21.2&#8243; _dynamic_attributes=&#8220;link_option_url&#8220; background_enable_color=&#8220;off&#8220; background_image=&#8220;https:\/\/ventje.com\/wp-content\/uploads\/2023\/08\/reizen-met-de-familie.webp&#8220; width=&#8220;100%&#8220; module_alignment=&#8220;center&#8220; height=&#8220;550px&#8220; height_tablet=&#8220;400px&#8220; height_phone=&#8220;400px&#8220; height_last_edited=&#8220;on|tablet&#8220; custom_margin=&#8220;-31px|420px||auto|false|false&#8220; custom_padding=&#8220;0px||0px|0px|false|false&#8220; link_option_url=&#8220;@ET-DC@eyJkeW5hbWljIjp0cnVlLCJjb250ZW50IjoicG9zdF9saW5rX3VybF9wYWdlIiwic2V0dGluZ3MiOnsicG9zdF9pZCI6IjE2NTQifX0=@&#8220; global_colors_info=&#8220;{}&#8220;][et_pb_column type=&#8220;4_4&#8243; _builder_version=&#8220;4.16&#8243; global_colors_info=&#8220;{}&#8220;][\/et_pb_column][\/et_pb_row][\/et_pb_section][et_pb_section fb_built=&#8220;1&#8243; _builder_version=&#8220;4.23.1&#8243; custom_margin=&#8220;30px||||false|false&#8220; custom_margin_tablet=&#8220;||-15px||false|false&#8220; custom_margin_phone=&#8220;||-45px||false|false&#8220; custom_margin_last_edited=&#8220;off|desktop&#8220; custom_padding=&#8220;0px||||false|false&#8220; hover_enabled=&#8220;0&#8243; global_colors_info=&#8220;{}&#8220; background_color=&#8220;RGBA(255,255,255,0)&#8220; sticky_enabled=&#8220;0&#8243;][et_pb_row _builder_version=&#8220;4.18.0&#8243; background_enable_color=&#8220;off&#8220; custom_margin=&#8220;|auto||auto|false|false&#8220; global_colors_info=&#8220;{}&#8220;][et_pb_column type=&#8220;4_4&#8243; _builder_version=&#8220;4.16&#8243; global_colors_info=&#8220;{}&#8220;][et_pb_button button_url=&#8220;@ET-DC@eyJkeW5hbWljIjp0cnVlLCJjb250ZW50IjoicG9zdF9saW5rX3VybF9wYWdlIiwic2V0dGluZ3MiOnsicG9zdF9pZCI6IjE5MDgifX0=@&#8220; button_text=&#8220;Zur\u00fcck zu Erfahrungen&#8220; button_alignment=&#8220;center&#8220; button_alignment_tablet=&#8220;&#8220; button_alignment_phone=&#8220;&#8220; button_alignment_last_edited=&#8220;on|desktop&#8220; module_class=&#8220;bottom-button&#8220; _builder_version=&#8220;4.20.4&#8243; _dynamic_attributes=&#8220;button_url&#8220; custom_button=&#8220;on&#8220; button_icon=&#8220;&#x44;||divi||400&#8243; button_icon_placement=&#8220;left&#8220; custom_padding=&#8220;||||false|false&#8220; custom_padding_tablet=&#8220;||||false|false&#8220; custom_padding_phone=&#8220;||||false|false&#8220; custom_padding_last_edited=&#8220;on|desktop&#8220; hover_transition_speed_curve=&#8220;ease-in-out&#8220; custom_css_before=&#8220;||&#8220; custom_css_main_element=&#8220;||&#8220; custom_css_after=&#8220;||&#8220; global_colors_info=&#8220;{}&#8220;][\/et_pb_button][\/et_pb_column][\/et_pb_row][\/et_pb_section]<\/p>\n","protected":false},"excerpt":{"rendered":"<p>\u201eWarum bin ich da nicht drauf gekommen?\u201cGeniale K\u00fcche Juni 2020 | Rob &amp; AnnetteBeim Surfen im Internet, ich glaube es war Facebook, ist mir ein Foto aufgefallen. Ein Foto eines VW-Busses mit offener Heckklappe, darin ein M\u00f6belst\u00fcck aus Holz mit Schubladen und Kisten. Ein Campervan, bei dem die K\u00fcche im Heck untergebracht ist. Ventje! Gro\u00dfe [&hellip;]<\/p>\n","protected":false},"author":3,"featured_media":0,"parent":42805,"menu_order":5,"comment_status":"closed","ping_status":"closed","template":"","meta":{"_acf_changed":false,"_et_pb_use_builder":"on","_et_pb_old_content":"","_et_gb_content_width":"","footnotes":""},"class_list":["post-33845","page","type-page","status-publish","hentry"],"acf":[],"yoast_head":"<!-- This site is optimized with the Yoast SEO plugin v27.5 - https:\/\/yoast.com\/product\/yoast-seo-wordpress\/ -->\n<title>Geniale K\u00fcche - Ventje<\/title>\n<meta name=\"description\" content=\"Rob ist Fan von der K\u00fcche. \u201eDie K\u00fcche im \u201aKofferraum\u2019 \u2013 genial! Kochen von drinnen und drau\u00dfen. Meine Frau und ich waren sofort begeistert.\u201c\" \/>\n<meta name=\"robots\" content=\"index, follow, max-snippet:-1, max-image-preview:large, max-video-preview:-1\" \/>\n<link rel=\"canonical\" href=\"https:\/\/ventje.com\/de\/erfahrungen\/geniale-kueche\/\" \/>\n<meta property=\"og:locale\" content=\"de_DE\" \/>\n<meta property=\"og:type\" content=\"article\" \/>\n<meta property=\"og:title\" content=\"Geniale K\u00fcche - Ventje\" \/>\n<meta property=\"og:description\" content=\"Rob ist Fan von der K\u00fcche. \u201eDie K\u00fcche im \u201aKofferraum\u2019 \u2013 genial! Kochen von drinnen und drau\u00dfen. Meine Frau und ich waren sofort begeistert.\u201c\" \/>\n<meta property=\"og:url\" content=\"https:\/\/ventje.com\/de\/erfahrungen\/geniale-kueche\/\" \/>\n<meta property=\"og:site_name\" content=\"Ventje\" \/>\n<meta property=\"article:publisher\" content=\"https:\/\/www.facebook.com\/ventjecamper\/\" \/>\n<meta property=\"article:modified_time\" content=\"2026-04-24T08:44:51+00:00\" \/>\n<script type=\"application\/ld+json\" class=\"yoast-schema-graph\">{\"@context\":\"https:\\\/\\\/schema.org\",\"@graph\":[{\"@type\":\"WebPage\",\"@id\":\"https:\\\/\\\/ventje.com\\\/de\\\/erfahrungen\\\/geniale-kueche\\\/\",\"url\":\"https:\\\/\\\/ventje.com\\\/de\\\/erfahrungen\\\/geniale-kueche\\\/\",\"name\":\"Geniale K\u00fcche - Ventje\",\"isPartOf\":{\"@id\":\"https:\\\/\\\/ventje.com\\\/de\\\/#website\"},\"datePublished\":\"2020-06-17T05:48:30+00:00\",\"dateModified\":\"2026-04-24T08:44:51+00:00\",\"description\":\"Rob ist Fan von der K\u00fcche. \u201eDie K\u00fcche im \u201aKofferraum\u2019 \u2013 genial! Kochen von drinnen und drau\u00dfen. Meine Frau und ich waren sofort begeistert.\u201c\",\"breadcrumb\":{\"@id\":\"https:\\\/\\\/ventje.com\\\/de\\\/erfahrungen\\\/geniale-kueche\\\/#breadcrumb\"},\"inLanguage\":\"de\",\"potentialAction\":[{\"@type\":\"ReadAction\",\"target\":[\"https:\\\/\\\/ventje.com\\\/de\\\/erfahrungen\\\/geniale-kueche\\\/\"]}]},{\"@type\":\"BreadcrumbList\",\"@id\":\"https:\\\/\\\/ventje.com\\\/de\\\/erfahrungen\\\/geniale-kueche\\\/#breadcrumb\",\"itemListElement\":[{\"@type\":\"ListItem\",\"position\":1,\"name\":\"Home\",\"item\":\"https:\\\/\\\/ventje.com\\\/de\\\/\"},{\"@type\":\"ListItem\",\"position\":2,\"name\":\"Erfahrungen\",\"item\":\"https:\\\/\\\/ventje.com\\\/de\\\/erfahrungen\\\/\"},{\"@type\":\"ListItem\",\"position\":3,\"name\":\"Geniale K\u00fcche\"}]},{\"@type\":\"WebSite\",\"@id\":\"https:\\\/\\\/ventje.com\\\/de\\\/#website\",\"url\":\"https:\\\/\\\/ventje.com\\\/de\\\/\",\"name\":\"Ventje\",\"description\":\"Ultieme vrijheid staat voor de deur.\",\"publisher\":{\"@id\":\"https:\\\/\\\/ventje.com\\\/de\\\/#organization\"},\"potentialAction\":[{\"@type\":\"SearchAction\",\"target\":{\"@type\":\"EntryPoint\",\"urlTemplate\":\"https:\\\/\\\/ventje.com\\\/de\\\/?s={search_term_string}\"},\"query-input\":{\"@type\":\"PropertyValueSpecification\",\"valueRequired\":true,\"valueName\":\"search_term_string\"}}],\"inLanguage\":\"de\"},{\"@type\":\"Organization\",\"@id\":\"https:\\\/\\\/ventje.com\\\/de\\\/#organization\",\"name\":\"Ventje\",\"url\":\"https:\\\/\\\/ventje.com\\\/de\\\/\",\"logo\":{\"@type\":\"ImageObject\",\"inLanguage\":\"de\",\"@id\":\"https:\\\/\\\/ventje.com\\\/de\\\/#\\\/schema\\\/logo\\\/image\\\/\",\"url\":\"\",\"contentUrl\":\"\",\"caption\":\"Ventje\"},\"image\":{\"@id\":\"https:\\\/\\\/ventje.com\\\/de\\\/#\\\/schema\\\/logo\\\/image\\\/\"},\"sameAs\":[\"https:\\\/\\\/www.facebook.com\\\/ventjecamper\\\/\",\"https:\\\/\\\/www.instagram.com\\\/ventje_camper\\\/\"]}]}<\/script>\n<!-- \/ Yoast SEO plugin. -->","yoast_head_json":{"title":"Geniale K\u00fcche - Ventje","description":"Rob ist Fan von der K\u00fcche. \u201eDie K\u00fcche im \u201aKofferraum\u2019 \u2013 genial! Kochen von drinnen und drau\u00dfen. Meine Frau und ich waren sofort begeistert.\u201c","robots":{"index":"index","follow":"follow","max-snippet":"max-snippet:-1","max-image-preview":"max-image-preview:large","max-video-preview":"max-video-preview:-1"},"canonical":"https:\/\/ventje.com\/de\/erfahrungen\/geniale-kueche\/","og_locale":"de_DE","og_type":"article","og_title":"Geniale K\u00fcche - Ventje","og_description":"Rob ist Fan von der K\u00fcche. \u201eDie K\u00fcche im \u201aKofferraum\u2019 \u2013 genial! Kochen von drinnen und drau\u00dfen. Meine Frau und ich waren sofort begeistert.\u201c","og_url":"https:\/\/ventje.com\/de\/erfahrungen\/geniale-kueche\/","og_site_name":"Ventje","article_publisher":"https:\/\/www.facebook.com\/ventjecamper\/","article_modified_time":"2026-04-24T08:44:51+00:00","schema":{"@context":"https:\/\/schema.org","@graph":[{"@type":"WebPage","@id":"https:\/\/ventje.com\/de\/erfahrungen\/geniale-kueche\/","url":"https:\/\/ventje.com\/de\/erfahrungen\/geniale-kueche\/","name":"Geniale K\u00fcche - Ventje","isPartOf":{"@id":"https:\/\/ventje.com\/de\/#website"},"datePublished":"2020-06-17T05:48:30+00:00","dateModified":"2026-04-24T08:44:51+00:00","description":"Rob ist Fan von der K\u00fcche. \u201eDie K\u00fcche im \u201aKofferraum\u2019 \u2013 genial! Kochen von drinnen und drau\u00dfen. Meine Frau und ich waren sofort begeistert.\u201c","breadcrumb":{"@id":"https:\/\/ventje.com\/de\/erfahrungen\/geniale-kueche\/#breadcrumb"},"inLanguage":"de","potentialAction":[{"@type":"ReadAction","target":["https:\/\/ventje.com\/de\/erfahrungen\/geniale-kueche\/"]}]},{"@type":"BreadcrumbList","@id":"https:\/\/ventje.com\/de\/erfahrungen\/geniale-kueche\/#breadcrumb","itemListElement":[{"@type":"ListItem","position":1,"name":"Home","item":"https:\/\/ventje.com\/de\/"},{"@type":"ListItem","position":2,"name":"Erfahrungen","item":"https:\/\/ventje.com\/de\/erfahrungen\/"},{"@type":"ListItem","position":3,"name":"Geniale K\u00fcche"}]},{"@type":"WebSite","@id":"https:\/\/ventje.com\/de\/#website","url":"https:\/\/ventje.com\/de\/","name":"Ventje","description":"Ultieme vrijheid staat voor de deur.","publisher":{"@id":"https:\/\/ventje.com\/de\/#organization"},"potentialAction":[{"@type":"SearchAction","target":{"@type":"EntryPoint","urlTemplate":"https:\/\/ventje.com\/de\/?s={search_term_string}"},"query-input":{"@type":"PropertyValueSpecification","valueRequired":true,"valueName":"search_term_string"}}],"inLanguage":"de"},{"@type":"Organization","@id":"https:\/\/ventje.com\/de\/#organization","name":"Ventje","url":"https:\/\/ventje.com\/de\/","logo":{"@type":"ImageObject","inLanguage":"de","@id":"https:\/\/ventje.com\/de\/#\/schema\/logo\/image\/","url":"","contentUrl":"","caption":"Ventje"},"image":{"@id":"https:\/\/ventje.com\/de\/#\/schema\/logo\/image\/"},"sameAs":["https:\/\/www.facebook.com\/ventjecamper\/","https:\/\/www.instagram.com\/ventje_camper\/"]}]}},"_links":{"self":[{"href":"https:\/\/ventje.com\/de\/wp-json\/wp\/v2\/pages\/33845","targetHints":{"allow":["GET"]}}],"collection":[{"href":"https:\/\/ventje.com\/de\/wp-json\/wp\/v2\/pages"}],"about":[{"href":"https:\/\/ventje.com\/de\/wp-json\/wp\/v2\/types\/page"}],"author":[{"embeddable":true,"href":"https:\/\/ventje.com\/de\/wp-json\/wp\/v2\/users\/3"}],"replies":[{"embeddable":true,"href":"https:\/\/ventje.com\/de\/wp-json\/wp\/v2\/comments?post=33845"}],"version-history":[{"count":13,"href":"https:\/\/ventje.com\/de\/wp-json\/wp\/v2\/pages\/33845\/revisions"}],"predecessor-version":[{"id":305468,"href":"https:\/\/ventje.com\/de\/wp-json\/wp\/v2\/pages\/33845\/revisions\/305468"}],"up":[{"embeddable":true,"href":"https:\/\/ventje.com\/de\/wp-json\/wp\/v2\/pages\/42805"}],"wp:attachment":[{"href":"https:\/\/ventje.com\/de\/wp-json\/wp\/v2\/media?parent=33845"}],"curies":[{"name":"wp","href":"https:\/\/api.w.org\/{rel}","templated":true}]}}